{"id":4296,"date":"2019-12-19T18:05:06","date_gmt":"2019-12-19T18:05:06","guid":{"rendered":"https:\/\/www.thefinitive.com\/?post_type=product&#038;p=4296"},"modified":"2023-03-20T15:49:41","modified_gmt":"2023-03-20T14:49:41","slug":"berretto-generale-corpo-armata-mod-34-regio-esercito","status":"publish","type":"product","link":"https:\/\/thefinitive.com\/en\/prodotto\/berretto-generale-corpo-armata-mod-34-regio-esercito\/","title":{"rendered":"\u274c\ud83d\ude41Berretto Generale Corpo Armata &#8211; Mod.34 Regio Esercito"},"content":{"rendered":"<p>Berretto grigio verde per <strong>Generale<\/strong> di\u00a0 Corpo d&#8217;Armata o Designata di Armata, del <strong>Regio Esercito<\/strong>, per uniforme di servizio<strong>, <\/strong>regolamento\/modello 34 . Produttore <strong>UNIONE MILITARE.<\/strong>\u00a0 In ottimo stato, senza danni da tarma, il berretto \u00e8 assolutamente originale dell&#8217;epoca (anni &#8217;30 del secolo scorso), completo dei peculiari bottoncini laterali ferma soggolo, in metallo argentato. La greca ed i due galloncini di grado realizzati in canutiglia argentata, con patina del tempo. Il fregio frontale in ottimo stato, porta\u00a0 una magnifica Aquila realizzata in canutiglia dorata, peculiarit\u00e0 del grado di Generale di Corpo d&#8217;Armata o designata d&#8217;Armata, montata su sottopanno rosso. Taglia approssimativa 60\/62.<\/p>\n<p>Come si evidenzia nello schema seguente, la greca seguita da due galloncini era per il grado di Generale di Divisione, ma l&#8217;aquila in colore argentato viene sostituita da un&#8217;aquila in colore dorato dal grado di Generale di Corpo d&#8217;Armata in poi.<\/p>\n<p><a href=\"https:\/\/www.thefinitive.com\/regioesercito2\/\" rel=\"attachment wp-att-4005\"><img loading=\"lazy\" decoding=\"async\" class=\"alignnone size-full wp-image-4005\" src=\"https:\/\/www.thefinitive.com\/wp-content\/uploads\/2019\/11\/RegioEsercito2.jpg\" alt=\"\" width=\"520\" height=\"370\" srcset=\"https:\/\/thefinitive.com\/wp-content\/uploads\/2019\/11\/RegioEsercito2.jpg 520w, https:\/\/thefinitive.com\/wp-content\/uploads\/2019\/11\/RegioEsercito2-64x46.jpg 64w, https:\/\/thefinitive.com\/wp-content\/uploads\/2019\/11\/RegioEsercito2-300x213.jpg 300w\" sizes=\"(max-width: 520px) 100vw, 520px\" \/>\u00a0\u00a0\u00a0<\/a><\/p>\n<p>&nbsp;<\/p>\n<p>&nbsp;<\/p>\n<p>Il berretto \u00e8 fornito anche della sua scatola originale, marcata anch&#8217;essa UNIONE MILITARE, con l&#8217;elenco delle varie filiali presenti in Italia all&#8217;epoca. La scatola \u00e8 in buone condizioni, ha un evidente strappo, ma completa di coperchio e laccio di chiusura\/trasporto.<\/p>\n<p>&nbsp;<\/p>\n<h2>Notizie<\/h2>\n<h2><span id=\"Tabella_dei_gradi_delle_forze_armate_del_Regno_d'Italia_1933-1946\" class=\"mw-headline\">Ufficiali Generali delle forze armate del Regno d&#8217;Italia 1933-1946<\/span><\/h2>\n<p>&nbsp;<\/p>\n<p><a class=\"image\" href=\"https:\/\/it.wikipedia.org\/wiki\/File:Flag_of_Italy_(1860).svg\"><img loading=\"lazy\" decoding=\"async\" class=\"noviewer aligncenter\" src=\"https:\/\/upload.wikimedia.org\/wikipedia\/commons\/thumb\/b\/b2\/Flag_of_Italy_%281860%29.svg\/40px-Flag_of_Italy_%281860%29.svg.png\" srcset=\"\/\/upload.wikimedia.org\/wikipedia\/commons\/thumb\/b\/b2\/Flag_of_Italy_%281860%29.svg\/60px-Flag_of_Italy_%281860%29.svg.png 1.5x, \/\/upload.wikimedia.org\/wikipedia\/commons\/thumb\/b\/b2\/Flag_of_Italy_%281860%29.svg\/80px-Flag_of_Italy_%281860%29.svg.png 2x\" alt=\"Flag of Italy (1860).svg\" width=\"40\" height=\"40\" data-file-width=\"1214\" data-file-height=\"1214\" \/><\/a><\/p>\n<p style=\"text-align: center;\">\u00a0 \u00a0Regio Esercito<\/p>\n<p style=\"text-align: center;\">\u00a0 \u00a0 \u00a0 \u00a0 \u00a0 \u00a0 \u00a0 \u00a0 \u00a0 \u00a0<img loading=\"lazy\" decoding=\"async\" class=\"noviewer aligncenter\" src=\"https:\/\/upload.wikimedia.org\/wikipedia\/commons\/thumb\/3\/32\/Rank_insignia_of_primo_maresciallo_dell%27impero_of_the_Italian_Army_%281940%29.png\/40px-Rank_insignia_of_primo_maresciallo_dell%27impero_of_the_Italian_Army_%281940%29.png\" srcset=\"\/\/upload.wikimedia.org\/wikipedia\/commons\/thumb\/3\/32\/Rank_insignia_of_primo_maresciallo_dell%27impero_of_the_Italian_Army_%281940%29.png\/60px-Rank_insignia_of_primo_maresciallo_dell%27impero_of_the_Italian_Army_%281940%29.png 1.5x, \/\/upload.wikimedia.org\/wikipedia\/commons\/thumb\/3\/32\/Rank_insignia_of_primo_maresciallo_dell%27impero_of_the_Italian_Army_%281940%29.png\/80px-Rank_insignia_of_primo_maresciallo_dell%27impero_of_the_Italian_Army_%281940%29.png 2x\" alt=\"Rank insignia of primo maresciallo dell'impero of the Italian Army (1940).png\" width=\"40\" height=\"67\" data-file-width=\"1200\" data-file-height=\"2000\" \/><br \/>\nprimo maresciallo dell&#8217;Impero<\/p>\n<p style=\"text-align: center;\">\u00a0 \u00a0 \u00a0 \u00a0 \u00a0 \u00a0 \u00a0 \u00a0 \u00a0 <img loading=\"lazy\" decoding=\"async\" class=\"noviewer aligncenter\" src=\"https:\/\/upload.wikimedia.org\/wikipedia\/commons\/thumb\/c\/c6\/Rank_insignia_of_generale_d%27armata_of_the_Italian_Army_%281940%29.png\/40px-Rank_insignia_of_generale_d%27armata_of_the_Italian_Army_%281940%29.png\" srcset=\"\/\/upload.wikimedia.org\/wikipedia\/commons\/thumb\/c\/c6\/Rank_insignia_of_generale_d%27armata_of_the_Italian_Army_%281940%29.png\/60px-Rank_insignia_of_generale_d%27armata_of_the_Italian_Army_%281940%29.png 1.5x, \/\/upload.wikimedia.org\/wikipedia\/commons\/thumb\/c\/c6\/Rank_insignia_of_generale_d%27armata_of_the_Italian_Army_%281940%29.png\/80px-Rank_insignia_of_generale_d%27armata_of_the_Italian_Army_%281940%29.png 2x\" alt=\"Rank insignia of generale d'armata of the Italian Army (1940).png\" width=\"40\" height=\"67\" data-file-width=\"1200\" data-file-height=\"2000\" \/><br \/>\ngenerale d&#8217;armata<\/p>\n<p style=\"text-align: center;\"><img loading=\"lazy\" decoding=\"async\" class=\"noviewer aligncenter\" src=\"https:\/\/upload.wikimedia.org\/wikipedia\/commons\/thumb\/1\/1b\/Rank_insignia_of_generale_designato_d%27armata_of_the_Italian_Army_%281940%29.png\/40px-Rank_insignia_of_generale_designato_d%27armata_of_the_Italian_Army_%281940%29.png\" srcset=\"\/\/upload.wikimedia.org\/wikipedia\/commons\/thumb\/1\/1b\/Rank_insignia_of_generale_designato_d%27armata_of_the_Italian_Army_%281940%29.png\/60px-Rank_insignia_of_generale_designato_d%27armata_of_the_Italian_Army_%281940%29.png 1.5x, \/\/upload.wikimedia.org\/wikipedia\/commons\/thumb\/1\/1b\/Rank_insignia_of_generale_designato_d%27armata_of_the_Italian_Army_%281940%29.png\/80px-Rank_insignia_of_generale_designato_d%27armata_of_the_Italian_Army_%281940%29.png 2x\" alt=\"Rank insignia of generale designato d'armata of the Italian Army (1940).png\" width=\"40\" height=\"67\" data-file-width=\"1200\" data-file-height=\"2000\" \/><br \/>\ngenerale designato d&#8217;armata<\/p>\n<p style=\"text-align: center;\"><img loading=\"lazy\" decoding=\"async\" class=\"noviewer aligncenter\" src=\"https:\/\/upload.wikimedia.org\/wikipedia\/commons\/thumb\/e\/e0\/Rank_insignia_of_generale_di_corpo_d%27armata_of_the_Italian_Army_%281940%29.png\/40px-Rank_insignia_of_generale_di_corpo_d%27armata_of_the_Italian_Army_%281940%29.png\" srcset=\"\/\/upload.wikimedia.org\/wikipedia\/commons\/thumb\/e\/e0\/Rank_insignia_of_generale_di_corpo_d%27armata_of_the_Italian_Army_%281940%29.png\/60px-Rank_insignia_of_generale_di_corpo_d%27armata_of_the_Italian_Army_%281940%29.png 1.5x, \/\/upload.wikimedia.org\/wikipedia\/commons\/thumb\/e\/e0\/Rank_insignia_of_generale_di_corpo_d%27armata_of_the_Italian_Army_%281940%29.png\/80px-Rank_insignia_of_generale_di_corpo_d%27armata_of_the_Italian_Army_%281940%29.png 2x\" alt=\"Rank insignia of generale di corpo d'armata of the Italian Army (1940).png\" width=\"40\" height=\"67\" data-file-width=\"1200\" data-file-height=\"2000\" \/><br \/>\ngenerale di corpo d&#8217;armata<br \/>\ntenente generale<\/p>\n<p style=\"text-align: center;\"><img loading=\"lazy\" decoding=\"async\" class=\"noviewer aligncenter\" src=\"https:\/\/upload.wikimedia.org\/wikipedia\/commons\/thumb\/a\/a4\/Rank_insignia_of_generale_di_divisione_of_the_Italian_Army_%281940%29.png\/40px-Rank_insignia_of_generale_di_divisione_of_the_Italian_Army_%281940%29.png\" srcset=\"\/\/upload.wikimedia.org\/wikipedia\/commons\/thumb\/a\/a4\/Rank_insignia_of_generale_di_divisione_of_the_Italian_Army_%281940%29.png\/60px-Rank_insignia_of_generale_di_divisione_of_the_Italian_Army_%281940%29.png 1.5x, \/\/upload.wikimedia.org\/wikipedia\/commons\/thumb\/a\/a4\/Rank_insignia_of_generale_di_divisione_of_the_Italian_Army_%281940%29.png\/80px-Rank_insignia_of_generale_di_divisione_of_the_Italian_Army_%281940%29.png 2x\" alt=\"Rank insignia of generale di divisione of the Italian Army (1940).png\" width=\"40\" height=\"67\" data-file-width=\"1200\" data-file-height=\"2000\" \/><br \/>\ngenerale di divisione<br \/>\nmaggior generale<\/p>\n<p>(a cui corrisponde il grado del berretto nero da generale di divisione, qui proposto in vendita)<\/p>\n<p>&nbsp;<\/p>\n<p style=\"text-align: center;\"><img loading=\"lazy\" decoding=\"async\" class=\"noviewer aligncenter\" src=\"https:\/\/upload.wikimedia.org\/wikipedia\/commons\/thumb\/6\/67\/Rank_insignia_of_generale_di_brigata_of_the_Italian_Army_%281940%29.png\/40px-Rank_insignia_of_generale_di_brigata_of_the_Italian_Army_%281940%29.png\" srcset=\"\/\/upload.wikimedia.org\/wikipedia\/commons\/thumb\/6\/67\/Rank_insignia_of_generale_di_brigata_of_the_Italian_Army_%281940%29.png\/60px-Rank_insignia_of_generale_di_brigata_of_the_Italian_Army_%281940%29.png 1.5x, \/\/upload.wikimedia.org\/wikipedia\/commons\/thumb\/6\/67\/Rank_insignia_of_generale_di_brigata_of_the_Italian_Army_%281940%29.png\/80px-Rank_insignia_of_generale_di_brigata_of_the_Italian_Army_%281940%29.png 2x\" alt=\"Rank insignia of generale di brigata of the Italian Army (1940).png\" width=\"40\" height=\"67\" data-file-width=\"1200\" data-file-height=\"2000\" \/><br \/>\nGenerale di brigata<br \/>\nbrigadier generale<\/p>\n<p>&nbsp;<\/p>\n<p>Nel luglio 1933 Mussolini assunse anche il Ministero della Guerra, e Baistrocchi assunse l&#8217;incarico di Sottosegretario di Stato, con l&#8217;obiettivo di iniziare un &#8220;programma di ammodernamento delle Forze armate&#8221; che prevedeva: l&#8217;istituzione del premilitare e postmilitare, ammodernamento e meccanizzazione, la creazione delle divisioni celeri e dei reparti autotrasportati, l&#8217;ammodernamento delle artiglierie e delle armi individuali. Tuttavia questo programma, forse troppo ambizioso, fu attuato solo in parte. Il 14 novembre 1933 eman\u00f2 la cosiddetta &#8220;Riforma Baistrocchi&#8221;, su uniformi, gradi ed equipaggiamento del Regio Esercito, della Milizia e dei Reali Carabinieri. Durante la guerra d&#8217;Etiopia favor\u00ec la costituzione di divisioni di camicie nere, comandate per\u00f2 da ufficiali dell&#8217;esercito. Ricopr\u00ec l&#8217;incarico di Sottosegretario di stato fino all&#8217;ottobre 1936.Dalla riforma Baistrocchi, voluta dal generale <strong>Federico Baistrocchi<\/strong>\u00a0 (Napoli,\u00a09 giugno\u00a01871\u00a0\u2013\u00a0Roma,\u00a031 maggio\u00a01947), di cui evidenziamo alcuni fatti : nell&#8217;ottobre 1922, in prossimit\u00e0 della marcia su Roma, assicur\u00f2 a Mussolini che la piazza di Napoli, del quale era comandante, non sarebbe intervenuta contro di lui durante l&#8217;adunata fascista nella citt\u00e0 partenopea. Nel 1924 venne eletto alla Camera dei deputati nella XXVII legislatura per il PNF (primo eletto) in Campania, e confermato nel 1929 nella XXVIII legislatura e nel 1934 nella XXIX. Nel\u00a01926\u00a0fu promosso\u00a0generale di divisione\u00a0e quando nel\u00a01931\u00a0divenne\u00a0generale di corpo d&#8217;armata, fu inviato a Verona per assumere il comando del\u00a0Corpo d&#8217;armata\u00a0ivi stanziato.<\/p>\n<p>Gi\u00e0 Segretario dell&#8217;Ordine militare di Savoia, fu anche\u00a0Capo di Stato Maggiore del Regio Esercito\u00a0dal 1\u00ba ottobre\u00a01934\u00a0al 7 ottobre\u00a01936. Il 23 maggio 1936 raggiunse il grado di\u00a0generale d&#8217;armata. Il 7 ottobre 1937 gli fu concesso con Regio Decreto il titolo di &#8220;Conte&#8221;.<\/p>\n<p>Il 25 marzo\u00a01939\u00a0fu nominato\u00a0senatore del Regno d&#8217;Italia. Nel\u00a01944\u00a0fu collocato in riserva per raggiunti limiti d&#8217;et\u00e0. Il 18 aprile\u00a01945\u00a0fu arrestato con l&#8217;accusa di fascistizzazione dell&#8217;esercito per l&#8217;inserimento della\u00a0Milizia Fascista: processato al\u00a0tribunale militare\u00a0di Roma, fu assolto con formula piena nel settembre\u00a01946. Mor\u00ec il 31 maggio dell&#8217;anno successivo.<\/p>\n<p>&nbsp;<\/p>\n<p>Per approfondimenti\u00a0 , fonti Wikipedia<\/p>\n<p>&nbsp;<\/p>\n<p>9.19<\/p>\n","protected":false},"excerpt":{"rendered":"<p style=\"text-align: center;\">Berretto grigio verde per <strong>Generale<\/strong> di\u00a0 Corpo d&#8217;Armata o Designata di Armata, del <strong>Regio Esercito<\/strong>, per uniforme di servizio<strong>, <\/strong>regolamento\/modello 34 . Produttore <strong>UNIONE MILITARE.<\/strong>\u00a0 In ottimo stato, senza danni da tarma, berretto assolutamente originale dell&#8217;epoca (anni &#8217;30 del secolo scorso). Completo di scatola originale marcata UNIONE MILITARE.<\/p>\n<p style=\"text-align: center;\">Taglia approssimativa 60\/62.<\/p>\n<p>&nbsp;<\/p>\n<p style=\"text-align: center;\"><strong><em>(Scorri la pagina in basso per ulteriori dettagli e informazioni)<\/em><\/strong><\/p>\n","protected":false},"featured_media":3988,"comment_status":"open","ping_status":"closed","template":"","meta":[],"product_cat":[586],"product_tag":[155,161,228,305,195],"yoast_head":"<!-- This site is optimized with the Yoast SEO plugin v21.9.1 - https:\/\/yoast.com\/wordpress\/plugins\/seo\/ -->\n<title>\u274c\ud83d\ude41Berretto Generale Corpo Armata - Mod.34 Regio Esercito - Thefinitive<\/title>\n<meta name=\"description\" content=\"Berretto per Generale di Corpo d&#039;Armata o designato d&#039;Armata del Regio Esercito - mod.34 uniforme di servizio - italians Royal Army general visor hat WWII\" \/>\n<meta name=\"robots\" content=\"index, follow, max-snippet:-1, max-image-preview:large, max-video-preview:-1\" \/>\n<link rel=\"canonical\" href=\"https:\/\/thefinitive.com\/en\/prodotto\/berretto-generale-corpo-armata-mod-34-regio-esercito\/\" \/>\n<meta property=\"og:locale\" content=\"en_US\" \/>\n<meta property=\"og:type\" content=\"article\" \/>\n<meta property=\"og:title\" content=\"\u274c\ud83d\ude41Berretto Generale Corpo Armata - Mod.34 Regio Esercito - Thefinitive\" \/>\n<meta property=\"og:description\" content=\"Berretto per Generale di Corpo d&#039;Armata o designato d&#039;Armata del Regio Esercito - mod.34 uniforme di servizio - italians Royal Army general visor hat WWII\" \/>\n<meta property=\"og:url\" content=\"https:\/\/thefinitive.com\/en\/prodotto\/berretto-generale-corpo-armata-mod-34-regio-esercito\/\" \/>\n<meta property=\"og:site_name\" content=\"Thefinitive\" \/>\n<meta property=\"article:publisher\" content=\"https:\/\/business.facebook.com\/Thefinitive-111771813534320\/\" \/>\n<meta property=\"article:modified_time\" content=\"2023-03-20T14:49:41+00:00\" \/>\n<meta property=\"og:image\" content=\"https:\/\/thefinitive.com\/wp-content\/uploads\/2019\/11\/20191106_181330.jpg\" \/>\n\t<meta property=\"og:image:width\" content=\"2160\" \/>\n\t<meta property=\"og:image:height\" content=\"2160\" \/>\n\t<meta property=\"og:image:type\" content=\"image\/jpeg\" \/>\n<meta name=\"twitter:card\" content=\"summary_large_image\" \/>\n<meta name=\"twitter:label1\" content=\"Est. reading time\" \/>\n\t<meta name=\"twitter:data1\" content=\"3 minutes\" \/>\n<script type=\"application\/ld+json\" class=\"yoast-schema-graph\">{\"@context\":\"https:\/\/schema.org\",\"@graph\":[{\"@type\":\"WebPage\",\"@id\":\"https:\/\/thefinitive.com\/en\/prodotto\/berretto-generale-corpo-armata-mod-34-regio-esercito\/\",\"url\":\"https:\/\/thefinitive.com\/en\/prodotto\/berretto-generale-corpo-armata-mod-34-regio-esercito\/\",\"name\":\"\u274c\ud83d\ude41Berretto Generale Corpo Armata - Mod.34 Regio Esercito - Thefinitive\",\"isPartOf\":{\"@id\":\"https:\/\/thefinitive.com\/en\/#website\"},\"datePublished\":\"2019-12-19T18:05:06+00:00\",\"dateModified\":\"2023-03-20T14:49:41+00:00\",\"description\":\"Berretto per Generale di Corpo d'Armata o designato d'Armata del Regio Esercito - mod.34 uniforme di servizio - italians Royal Army general visor hat WWII\",\"breadcrumb\":{\"@id\":\"https:\/\/thefinitive.com\/en\/prodotto\/berretto-generale-corpo-armata-mod-34-regio-esercito\/#breadcrumb\"},\"inLanguage\":\"en-US\",\"potentialAction\":[{\"@type\":\"ReadAction\",\"target\":[\"https:\/\/thefinitive.com\/en\/prodotto\/berretto-generale-corpo-armata-mod-34-regio-esercito\/\"]}]},{\"@type\":\"BreadcrumbList\",\"@id\":\"https:\/\/thefinitive.com\/en\/prodotto\/berretto-generale-corpo-armata-mod-34-regio-esercito\/#breadcrumb\",\"itemListElement\":[{\"@type\":\"ListItem\",\"position\":1,\"name\":\"Home\",\"item\":\"https:\/\/thefinitive.com\/en\/\"},{\"@type\":\"ListItem\",\"position\":2,\"name\":\"Shop\",\"item\":\"https:\/\/thefinitive.com\/en\/shop-2\/\"},{\"@type\":\"ListItem\",\"position\":3,\"name\":\"\u274c\ud83d\ude41Berretto Generale Corpo Armata &#8211; Mod.34 Regio Esercito\"}]},{\"@type\":\"WebSite\",\"@id\":\"https:\/\/thefinitive.com\/en\/#website\",\"url\":\"https:\/\/thefinitive.com\/en\/\",\"name\":\"Thefinitive\",\"description\":\"Antiquariato Online\",\"publisher\":{\"@id\":\"https:\/\/thefinitive.com\/en\/#organization\"},\"potentialAction\":[{\"@type\":\"SearchAction\",\"target\":{\"@type\":\"EntryPoint\",\"urlTemplate\":\"https:\/\/thefinitive.com\/en\/?s={search_term_string}\"},\"query-input\":\"required name=search_term_string\"}],\"inLanguage\":\"en-US\"},{\"@type\":\"Organization\",\"@id\":\"https:\/\/thefinitive.com\/en\/#organization\",\"name\":\"Thefinitive\",\"url\":\"https:\/\/thefinitive.com\/en\/\",\"logo\":{\"@type\":\"ImageObject\",\"inLanguage\":\"en-US\",\"@id\":\"https:\/\/thefinitive.com\/en\/#\/schema\/logo\/image\/\",\"url\":\"https:\/\/thefinitive.com\/wp-content\/uploads\/2019\/07\/logo4vett.svg\",\"contentUrl\":\"https:\/\/thefinitive.com\/wp-content\/uploads\/2019\/07\/logo4vett.svg\",\"width\":500,\"height\":100,\"caption\":\"Thefinitive\"},\"image\":{\"@id\":\"https:\/\/thefinitive.com\/en\/#\/schema\/logo\/image\/\"},\"sameAs\":[\"https:\/\/business.facebook.com\/Thefinitive-111771813534320\/\",\"https:\/\/www.instagram.com\/_thefinitive_\/\"]}]}<\/script>\n<!-- \/ Yoast SEO plugin. -->","yoast_head_json":{"title":"\u274c\ud83d\ude41Berretto Generale Corpo Armata - Mod.34 Regio Esercito - Thefinitive","description":"Berretto per Generale di Corpo d'Armata o designato d'Armata del Regio Esercito - mod.34 uniforme di servizio - italians Royal Army general visor hat WWII","robots":{"index":"index","follow":"follow","max-snippet":"max-snippet:-1","max-image-preview":"max-image-preview:large","max-video-preview":"max-video-preview:-1"},"canonical":"https:\/\/thefinitive.com\/en\/prodotto\/berretto-generale-corpo-armata-mod-34-regio-esercito\/","og_locale":"en_US","og_type":"article","og_title":"\u274c\ud83d\ude41Berretto Generale Corpo Armata - Mod.34 Regio Esercito - Thefinitive","og_description":"Berretto per Generale di Corpo d'Armata o designato d'Armata del Regio Esercito - mod.34 uniforme di servizio - italians Royal Army general visor hat WWII","og_url":"https:\/\/thefinitive.com\/en\/prodotto\/berretto-generale-corpo-armata-mod-34-regio-esercito\/","og_site_name":"Thefinitive","article_publisher":"https:\/\/business.facebook.com\/Thefinitive-111771813534320\/","article_modified_time":"2023-03-20T14:49:41+00:00","og_image":[{"width":2160,"height":2160,"url":"https:\/\/thefinitive.com\/wp-content\/uploads\/2019\/11\/20191106_181330.jpg","type":"image\/jpeg"}],"twitter_card":"summary_large_image","twitter_misc":{"Est. reading time":"3 minutes"},"schema":{"@context":"https:\/\/schema.org","@graph":[{"@type":"WebPage","@id":"https:\/\/thefinitive.com\/en\/prodotto\/berretto-generale-corpo-armata-mod-34-regio-esercito\/","url":"https:\/\/thefinitive.com\/en\/prodotto\/berretto-generale-corpo-armata-mod-34-regio-esercito\/","name":"\u274c\ud83d\ude41Berretto Generale Corpo Armata - Mod.34 Regio Esercito - Thefinitive","isPartOf":{"@id":"https:\/\/thefinitive.com\/en\/#website"},"datePublished":"2019-12-19T18:05:06+00:00","dateModified":"2023-03-20T14:49:41+00:00","description":"Berretto per Generale di Corpo d'Armata o designato d'Armata del Regio Esercito - mod.34 uniforme di servizio - italians Royal Army general visor hat WWII","breadcrumb":{"@id":"https:\/\/thefinitive.com\/en\/prodotto\/berretto-generale-corpo-armata-mod-34-regio-esercito\/#breadcrumb"},"inLanguage":"en-US","potentialAction":[{"@type":"ReadAction","target":["https:\/\/thefinitive.com\/en\/prodotto\/berretto-generale-corpo-armata-mod-34-regio-esercito\/"]}]},{"@type":"BreadcrumbList","@id":"https:\/\/thefinitive.com\/en\/prodotto\/berretto-generale-corpo-armata-mod-34-regio-esercito\/#breadcrumb","itemListElement":[{"@type":"ListItem","position":1,"name":"Home","item":"https:\/\/thefinitive.com\/en\/"},{"@type":"ListItem","position":2,"name":"Shop","item":"https:\/\/thefinitive.com\/en\/shop-2\/"},{"@type":"ListItem","position":3,"name":"\u274c\ud83d\ude41Berretto Generale Corpo Armata &#8211; Mod.34 Regio Esercito"}]},{"@type":"WebSite","@id":"https:\/\/thefinitive.com\/en\/#website","url":"https:\/\/thefinitive.com\/en\/","name":"Thefinitive","description":"Antiquariato Online","publisher":{"@id":"https:\/\/thefinitive.com\/en\/#organization"},"potentialAction":[{"@type":"SearchAction","target":{"@type":"EntryPoint","urlTemplate":"https:\/\/thefinitive.com\/en\/?s={search_term_string}"},"query-input":"required name=search_term_string"}],"inLanguage":"en-US"},{"@type":"Organization","@id":"https:\/\/thefinitive.com\/en\/#organization","name":"Thefinitive","url":"https:\/\/thefinitive.com\/en\/","logo":{"@type":"ImageObject","inLanguage":"en-US","@id":"https:\/\/thefinitive.com\/en\/#\/schema\/logo\/image\/","url":"https:\/\/thefinitive.com\/wp-content\/uploads\/2019\/07\/logo4vett.svg","contentUrl":"https:\/\/thefinitive.com\/wp-content\/uploads\/2019\/07\/logo4vett.svg","width":500,"height":100,"caption":"Thefinitive"},"image":{"@id":"https:\/\/thefinitive.com\/en\/#\/schema\/logo\/image\/"},"sameAs":["https:\/\/business.facebook.com\/Thefinitive-111771813534320\/","https:\/\/www.instagram.com\/_thefinitive_\/"]}]}},"_links":{"self":[{"href":"https:\/\/thefinitive.com\/en\/wp-json\/wp\/v3\/product\/4296"}],"collection":[{"href":"https:\/\/thefinitive.com\/en\/wp-json\/wp\/v3\/product"}],"about":[{"href":"https:\/\/thefinitive.com\/en\/wp-json\/wp\/v2\/types\/product"}],"replies":[{"embeddable":true,"href":"https:\/\/thefinitive.com\/en\/wp-json\/wp\/v2\/comments?post=4296"}],"version-history":[{"count":1,"href":"https:\/\/thefinitive.com\/en\/wp-json\/wp\/v3\/product\/4296\/revisions"}],"predecessor-version":[{"id":14837,"href":"https:\/\/thefinitive.com\/en\/wp-json\/wp\/v3\/product\/4296\/revisions\/14837"}],"wp:featuredmedia":[{"embeddable":true,"href":"https:\/\/thefinitive.com\/en\/wp-json\/wp\/v2\/media\/3988"}],"wp:attachment":[{"href":"https:\/\/thefinitive.com\/en\/wp-json\/wp\/v2\/media?parent=4296"}],"wp:term":[{"taxonomy":"product_cat","embeddable":true,"href":"https:\/\/thefinitive.com\/en\/wp-json\/wp\/v2\/product_cat?post=4296"},{"taxonomy":"product_tag","embeddable":true,"href":"https:\/\/thefinitive.com\/en\/wp-json\/wp\/v2\/product_tag?post=4296"}],"curies":[{"name":"wp","href":"https:\/\/api.w.org\/{rel}","templated":true}]}}