{"id":4232,"date":"2019-12-10T19:26:08","date_gmt":"2019-12-10T19:26:08","guid":{"rendered":"https:\/\/www.thefinitive.com\/?post_type=product&#038;p=4232"},"modified":"2023-03-20T15:49:50","modified_gmt":"2023-03-20T14:49:50","slug":"battaglione-muti-bersaglieri-rsi-fregio-berretto-firenze","status":"publish","type":"product","link":"https:\/\/thefinitive.com\/en\/prodotto\/battaglione-muti-bersaglieri-rsi-fregio-berretto-firenze\/","title":{"rendered":"\u274c\ud83d\ude41Battaglione MUTI Bersaglieri RSI &#8211; Fregio berretto &#8211; Firenze"},"content":{"rendered":"<p><em><strong>Fregio<\/strong> <\/em>per berretto da campo , del <em><strong>Battaglione di Combattimento Volontari Italiani<\/strong><\/em>\u00a0 ( bersaglieri )\u00a0 intitolato\u00a0 &#8220;<strong>Ettore Muti<\/strong>&#8221; <b>,<\/b> operativo nella\u00a0 <strong>RSI<\/strong>\u00a0 Repubblica Sociale Italiana, costituitosi a Firenze il 14 Settembre 1943. Il fregio \u00e8 originale, ricamato a mano con filo di lana gialla , su dima , sottopannato con stoffa da combattimento grigio verde. Le condizioni sono buone, il fregio \u00e8 stato probabilmente portato e successivamente smontato dal berretto sul quale si trovava; presenta delle mancanze al ricamo , ma \u00e8 un giusto compromesso da accettare data la rarit\u00e0 . Usato sui berretti da campo, in panno grigio verde modello &#8217;42, come si pu\u00f2 verificare dalla foto allegata.<\/p>\n<p><img loading=\"lazy\" decoding=\"async\" class=\"alignnone wp-image-2629\" src=\"https:\/\/www.thefinitive.com\/wp-content\/uploads\/2019\/08\/muti1.jpg\" alt=\"battaglione ettore muti rsi\" width=\"391\" height=\"303\" srcset=\"https:\/\/thefinitive.com\/wp-content\/uploads\/2019\/08\/muti1.jpg 600w, https:\/\/thefinitive.com\/wp-content\/uploads\/2019\/08\/muti1-64x50.jpg 64w, https:\/\/thefinitive.com\/wp-content\/uploads\/2019\/08\/muti1-300x233.jpg 300w\" sizes=\"(max-width: 391px) 100vw, 391px\" \/> <img loading=\"lazy\" decoding=\"async\" class=\"alignnone size-full wp-image-2630\" src=\"https:\/\/www.thefinitive.com\/wp-content\/uploads\/2019\/08\/muti1-2.jpg\" alt=\"battaglione muti rsi bersaglieri\" width=\"143\" height=\"174\" srcset=\"https:\/\/thefinitive.com\/wp-content\/uploads\/2019\/08\/muti1-2.jpg 143w, https:\/\/thefinitive.com\/wp-content\/uploads\/2019\/08\/muti1-2-64x78.jpg 64w\" sizes=\"(max-width: 143px) 100vw, 143px\" \/><\/p>\n<p>&nbsp;<\/p>\n<p><strong>MATERIALE\u00a0 \u00a0 \u00a0:\u00a0<\/strong> Stoffa, filo di lana<\/p>\n<p><strong>MISURE\u00a0 \u00a0 \u00a0 \u00a0 \u00a0 \u00a0 \u00a0:<\/strong>\u00a0 mm.50 altezza, mm.50 e mm.45 di larghezza nei due punti di estensione<\/p>\n<p><strong>MARCHIO\u00a0 \u00a0 \u00a0 \u00a0 \u00a0:<\/strong>\u00a0 &#8211;<\/p>\n<p>&nbsp;<\/p>\n<h2 style=\"text-align: left;\">NOTIZIE<\/h2>\n<ul>\n<li style=\"list-style-type: none;\"><\/li>\n<\/ul>\n<p>Il\u00a0<strong>1\u00b0 Battaglione di Combattimento Volontari Italiani &#8220;<a href=\"https:\/\/it.wikipedia.org\/wiki\/Ettore_Muti\">Ettore Muti<\/a>&#8221; <\/strong>si costitui&#8217; presso la ex sede della <strong>GIL<\/strong> di Piazza Beccaria a <strong>Firenze<\/strong> il <strong>14 settembre 1943<\/strong>, con elementi volontari provenienti dai <strong>bersaglieri<\/strong>. I volontari, suddivisi in due compagnie, furono dapprima adibiti al recupero di armi, materiali, automezzi dell&#8217;esercito regio abbandonati nella citta&#8217; e dintorni. Nell&#8217;ottobre 1943, pieno periodo RSI, il battaglione di bersaglieri ETTORE MUTI , unitamente a reparti di carabinieri e della milizia partecipo&#8217; ad operazioni di grande polizia che proseguirono anche nei mesi di novembre e dicembre specialmente su <strong>monte<\/strong> <strong>Morello<\/strong>.<\/p>\n<p>Qui erano acquartierati gli uomini di due comandanti partigiani: <strong>Giulio Bruschi<\/strong> (originario di Campi Bisenzio) e <strong>Lanciotto Ballerini<\/strong>. Presto il gruppo &#8220;<strong>Lupi Neri<\/strong>&#8221; di Ballerini si un\u00ec ai combattenti del <strong>Partito d&#8217;Azione<\/strong> nella zona fra Pistoia e Lucca. Partirono dal Vecciolino su Monte Morello il 26 dicembre 1943 e la voce della loro presenza sui monti della Calvana, nel piccolo borgo medievale di Valibona, si sparse rapidamente. La squadra\u00a0 guidata dal russo <strong>Vladimir<\/strong>, ebbe uno scontro a fuoco con alcuni fascisti in localit\u00e0 Cornocchio e a Prato e Firenze si inizi\u00f2 a parlare di un gruppo di comunisti guidati da un sovietico.<\/p>\n<p>Un reparto del\u00a0<strong>Battaglione Muti<\/strong> comandato da <strong>Duilio Sanesi<\/strong>, un gruppo di 150 elementi tra <strong>camicie nere<\/strong> e <strong>carabinieri<\/strong> di <strong>Calenzano<\/strong> salirono a Valibona la notte fra il 2 e il 3 gennaio, attaccando il gruppo di Lanciotto Ballerini. Dopo tre ore di battaglia e aver subito importanti perdite ( il capomanipolo Pietro Incalza viene ucciso, il capo spedizione Duilio Sanesi, nove legionari e un carabiniere moriranno successivamente per le ferite riportate), <strong>Lanciotto Ballerini<\/strong> viene colpito alla testa e muore sul colpo. Dei 17 <strong>Lupi Neri<\/strong> cadono, oltre a Lanciotto, Vladimir Andrej e Luigi Giuseppe Ventroni. Alcuni vengono catturati e tradotti nelle carceri di Firenze mentre pochi riescono a darsi alla fuga. Questa azione condotta dal Battaglione Muti \u00e8 ricordata, da una parte e dall&#8217;altra, come la <strong>&#8220;Battaglia di Valibona&#8221;<\/strong>.<\/p>\n<p>Nella primavera seguente si susseguirono altri scontri , a Casette di Chiara nell&#8217;aprile caddero il comandante della 2\u00b0 compagnia, capitano Pierluigi Calamai, e un soldato. Nel maggio a Calenzano rimasero uccisi due sottufficiali e due soldati.<br \/>\nNell&#8217;agosto il <em>battaglione lascio&#8217; Firenze e raggiunse Bologna<\/em> dove passo&#8217; alle dipendenze del <strong>202\u00b0 comando militare regionale<\/strong>. Anche in Emilia fu impiegato in numerosi servizi di pattugliamento e di guardia.<br \/>\nA meta&#8217; settembre il battaglione venne trasferito a Schio. Successivamente, mentre il comando e una compagnia vennero dislocati a Verona, l&#8217;altra prese stanza a Garda. Nell&#8217;<strong>aprile<\/strong> del <strong>1945<\/strong>,\u00a0 il battaglione si riuni&#8217; a <strong>Verona<\/strong> dove <em>si sciolse il giorno 28<\/em>. Comandante del battaglione era il capitano <strong>Giuseppe Bindi<\/strong> mentre comandante della 2\u00b0 compagnia erano il capitano Ferdinando Bastianini, aiutante maggiore del battaglione, dall&#8217;inizio e subito dopo il capitano Calamai ( caduto il 14 aprile 1944 ) e quindi il capitano Sterlini.<\/p>\n<p>&nbsp;<\/p>\n<p><em>Fonti varie dal Web\u00a0<\/em><\/p>\n<p>9.19<\/p>\n","protected":false},"excerpt":{"rendered":"<p><em><strong>Fregio<\/strong> <\/em>per berretto da campo del <em><strong>Battaglione di Combattimento Volontari Italiani<\/strong><\/em>\u00a0 ( bersaglieri )\u00a0 intitolato\u00a0 &#8220;<strong>Ettore Muti<\/strong>&#8220;. <strong>RSI<\/strong>\u00a0 Repubblica Sociale Italiana, costituito a Firenze il <strong>14 Settembre 1943<\/strong>. Fregio originale, ricamato a mano con filo di lana gialla su panno da combattimento grigio verde, per berretto da campo modello 42. Condizioni buone. Misure circa mm.50 x (45 \/ 50)<\/p>\n<p style=\"text-align: center;\"><strong><em>(Scorri la pagina in basso per ulteriori dettagli e informazioni)<\/em><\/strong><\/p>\n<p>&nbsp;<\/p>\n<p>&nbsp;<\/p>\n","protected":false},"featured_media":2627,"comment_status":"open","ping_status":"closed","template":"","meta":[],"product_cat":[586],"product_tag":[304,308,310,312,311,309,155,260,305],"yoast_head":"<!-- This site is optimized with the Yoast SEO plugin v21.9.1 - https:\/\/yoast.com\/wordpress\/plugins\/seo\/ -->\n<title>\u274c\ud83d\ude41Battaglione MUTI Bersaglieri RSI - Fregio berretto - Firenze - Thefinitive<\/title>\n<meta name=\"description\" content=\"RSI Fregio berretto BATTAGLIONE MUTI - Bersaglieri - Firenze - 2WW , Guerra Mondiale - Repubblica sociale - cc.nn. fascista\" \/>\n<meta name=\"robots\" content=\"index, follow, max-snippet:-1, max-image-preview:large, max-video-preview:-1\" \/>\n<link rel=\"canonical\" href=\"https:\/\/thefinitive.com\/en\/prodotto\/battaglione-muti-bersaglieri-rsi-fregio-berretto-firenze\/\" \/>\n<meta property=\"og:locale\" content=\"en_US\" \/>\n<meta property=\"og:type\" content=\"article\" \/>\n<meta property=\"og:title\" content=\"\u274c\ud83d\ude41Battaglione MUTI Bersaglieri RSI - Fregio berretto - Firenze - Thefinitive\" \/>\n<meta property=\"og:description\" content=\"RSI Fregio berretto BATTAGLIONE MUTI - Bersaglieri - Firenze - 2WW , Guerra Mondiale - Repubblica sociale - cc.nn. fascista\" \/>\n<meta property=\"og:url\" content=\"https:\/\/thefinitive.com\/en\/prodotto\/battaglione-muti-bersaglieri-rsi-fregio-berretto-firenze\/\" \/>\n<meta property=\"og:site_name\" content=\"Thefinitive\" \/>\n<meta property=\"article:publisher\" content=\"https:\/\/business.facebook.com\/Thefinitive-111771813534320\/\" \/>\n<meta property=\"article:modified_time\" content=\"2023-03-20T14:49:50+00:00\" \/>\n<meta property=\"og:image\" content=\"https:\/\/thefinitive.com\/wp-content\/uploads\/2019\/08\/20190815_134800.jpg\" \/>\n\t<meta property=\"og:image:width\" content=\"2160\" \/>\n\t<meta property=\"og:image:height\" content=\"2160\" \/>\n\t<meta property=\"og:image:type\" content=\"image\/jpeg\" \/>\n<meta name=\"twitter:card\" content=\"summary_large_image\" \/>\n<meta name=\"twitter:label1\" content=\"Est. reading time\" \/>\n\t<meta name=\"twitter:data1\" content=\"3 minutes\" \/>\n<script type=\"application\/ld+json\" class=\"yoast-schema-graph\">{\"@context\":\"https:\/\/schema.org\",\"@graph\":[{\"@type\":\"WebPage\",\"@id\":\"https:\/\/thefinitive.com\/en\/prodotto\/battaglione-muti-bersaglieri-rsi-fregio-berretto-firenze\/\",\"url\":\"https:\/\/thefinitive.com\/en\/prodotto\/battaglione-muti-bersaglieri-rsi-fregio-berretto-firenze\/\",\"name\":\"\u274c\ud83d\ude41Battaglione MUTI Bersaglieri RSI - Fregio berretto - Firenze - Thefinitive\",\"isPartOf\":{\"@id\":\"https:\/\/thefinitive.com\/en\/#website\"},\"datePublished\":\"2019-12-10T19:26:08+00:00\",\"dateModified\":\"2023-03-20T14:49:50+00:00\",\"description\":\"RSI Fregio berretto BATTAGLIONE MUTI - Bersaglieri - Firenze - 2WW , Guerra Mondiale - Repubblica sociale - cc.nn. fascista\",\"breadcrumb\":{\"@id\":\"https:\/\/thefinitive.com\/en\/prodotto\/battaglione-muti-bersaglieri-rsi-fregio-berretto-firenze\/#breadcrumb\"},\"inLanguage\":\"en-US\",\"potentialAction\":[{\"@type\":\"ReadAction\",\"target\":[\"https:\/\/thefinitive.com\/en\/prodotto\/battaglione-muti-bersaglieri-rsi-fregio-berretto-firenze\/\"]}]},{\"@type\":\"BreadcrumbList\",\"@id\":\"https:\/\/thefinitive.com\/en\/prodotto\/battaglione-muti-bersaglieri-rsi-fregio-berretto-firenze\/#breadcrumb\",\"itemListElement\":[{\"@type\":\"ListItem\",\"position\":1,\"name\":\"Home\",\"item\":\"https:\/\/thefinitive.com\/en\/\"},{\"@type\":\"ListItem\",\"position\":2,\"name\":\"Shop\",\"item\":\"https:\/\/thefinitive.com\/en\/shop-2\/\"},{\"@type\":\"ListItem\",\"position\":3,\"name\":\"\u274c\ud83d\ude41Battaglione MUTI Bersaglieri RSI &#8211; Fregio berretto &#8211; Firenze\"}]},{\"@type\":\"WebSite\",\"@id\":\"https:\/\/thefinitive.com\/en\/#website\",\"url\":\"https:\/\/thefinitive.com\/en\/\",\"name\":\"Thefinitive\",\"description\":\"Antiquariato Online\",\"publisher\":{\"@id\":\"https:\/\/thefinitive.com\/en\/#organization\"},\"potentialAction\":[{\"@type\":\"SearchAction\",\"target\":{\"@type\":\"EntryPoint\",\"urlTemplate\":\"https:\/\/thefinitive.com\/en\/?s={search_term_string}\"},\"query-input\":\"required name=search_term_string\"}],\"inLanguage\":\"en-US\"},{\"@type\":\"Organization\",\"@id\":\"https:\/\/thefinitive.com\/en\/#organization\",\"name\":\"Thefinitive\",\"url\":\"https:\/\/thefinitive.com\/en\/\",\"logo\":{\"@type\":\"ImageObject\",\"inLanguage\":\"en-US\",\"@id\":\"https:\/\/thefinitive.com\/en\/#\/schema\/logo\/image\/\",\"url\":\"https:\/\/thefinitive.com\/wp-content\/uploads\/2019\/07\/logo4vett.svg\",\"contentUrl\":\"https:\/\/thefinitive.com\/wp-content\/uploads\/2019\/07\/logo4vett.svg\",\"width\":500,\"height\":100,\"caption\":\"Thefinitive\"},\"image\":{\"@id\":\"https:\/\/thefinitive.com\/en\/#\/schema\/logo\/image\/\"},\"sameAs\":[\"https:\/\/business.facebook.com\/Thefinitive-111771813534320\/\",\"https:\/\/www.instagram.com\/_thefinitive_\/\"]}]}<\/script>\n<!-- \/ Yoast SEO plugin. -->","yoast_head_json":{"title":"\u274c\ud83d\ude41Battaglione MUTI Bersaglieri RSI - Fregio berretto - Firenze - Thefinitive","description":"RSI Fregio berretto BATTAGLIONE MUTI - Bersaglieri - Firenze - 2WW , Guerra Mondiale - Repubblica sociale - cc.nn. fascista","robots":{"index":"index","follow":"follow","max-snippet":"max-snippet:-1","max-image-preview":"max-image-preview:large","max-video-preview":"max-video-preview:-1"},"canonical":"https:\/\/thefinitive.com\/en\/prodotto\/battaglione-muti-bersaglieri-rsi-fregio-berretto-firenze\/","og_locale":"en_US","og_type":"article","og_title":"\u274c\ud83d\ude41Battaglione MUTI Bersaglieri RSI - Fregio berretto - Firenze - Thefinitive","og_description":"RSI Fregio berretto BATTAGLIONE MUTI - Bersaglieri - Firenze - 2WW , Guerra Mondiale - Repubblica sociale - cc.nn. fascista","og_url":"https:\/\/thefinitive.com\/en\/prodotto\/battaglione-muti-bersaglieri-rsi-fregio-berretto-firenze\/","og_site_name":"Thefinitive","article_publisher":"https:\/\/business.facebook.com\/Thefinitive-111771813534320\/","article_modified_time":"2023-03-20T14:49:50+00:00","og_image":[{"width":2160,"height":2160,"url":"https:\/\/thefinitive.com\/wp-content\/uploads\/2019\/08\/20190815_134800.jpg","type":"image\/jpeg"}],"twitter_card":"summary_large_image","twitter_misc":{"Est. reading time":"3 minutes"},"schema":{"@context":"https:\/\/schema.org","@graph":[{"@type":"WebPage","@id":"https:\/\/thefinitive.com\/en\/prodotto\/battaglione-muti-bersaglieri-rsi-fregio-berretto-firenze\/","url":"https:\/\/thefinitive.com\/en\/prodotto\/battaglione-muti-bersaglieri-rsi-fregio-berretto-firenze\/","name":"\u274c\ud83d\ude41Battaglione MUTI Bersaglieri RSI - Fregio berretto - Firenze - Thefinitive","isPartOf":{"@id":"https:\/\/thefinitive.com\/en\/#website"},"datePublished":"2019-12-10T19:26:08+00:00","dateModified":"2023-03-20T14:49:50+00:00","description":"RSI Fregio berretto BATTAGLIONE MUTI - Bersaglieri - Firenze - 2WW , Guerra Mondiale - Repubblica sociale - cc.nn. fascista","breadcrumb":{"@id":"https:\/\/thefinitive.com\/en\/prodotto\/battaglione-muti-bersaglieri-rsi-fregio-berretto-firenze\/#breadcrumb"},"inLanguage":"en-US","potentialAction":[{"@type":"ReadAction","target":["https:\/\/thefinitive.com\/en\/prodotto\/battaglione-muti-bersaglieri-rsi-fregio-berretto-firenze\/"]}]},{"@type":"BreadcrumbList","@id":"https:\/\/thefinitive.com\/en\/prodotto\/battaglione-muti-bersaglieri-rsi-fregio-berretto-firenze\/#breadcrumb","itemListElement":[{"@type":"ListItem","position":1,"name":"Home","item":"https:\/\/thefinitive.com\/en\/"},{"@type":"ListItem","position":2,"name":"Shop","item":"https:\/\/thefinitive.com\/en\/shop-2\/"},{"@type":"ListItem","position":3,"name":"\u274c\ud83d\ude41Battaglione MUTI Bersaglieri RSI &#8211; Fregio berretto &#8211; Firenze"}]},{"@type":"WebSite","@id":"https:\/\/thefinitive.com\/en\/#website","url":"https:\/\/thefinitive.com\/en\/","name":"Thefinitive","description":"Antiquariato Online","publisher":{"@id":"https:\/\/thefinitive.com\/en\/#organization"},"potentialAction":[{"@type":"SearchAction","target":{"@type":"EntryPoint","urlTemplate":"https:\/\/thefinitive.com\/en\/?s={search_term_string}"},"query-input":"required name=search_term_string"}],"inLanguage":"en-US"},{"@type":"Organization","@id":"https:\/\/thefinitive.com\/en\/#organization","name":"Thefinitive","url":"https:\/\/thefinitive.com\/en\/","logo":{"@type":"ImageObject","inLanguage":"en-US","@id":"https:\/\/thefinitive.com\/en\/#\/schema\/logo\/image\/","url":"https:\/\/thefinitive.com\/wp-content\/uploads\/2019\/07\/logo4vett.svg","contentUrl":"https:\/\/thefinitive.com\/wp-content\/uploads\/2019\/07\/logo4vett.svg","width":500,"height":100,"caption":"Thefinitive"},"image":{"@id":"https:\/\/thefinitive.com\/en\/#\/schema\/logo\/image\/"},"sameAs":["https:\/\/business.facebook.com\/Thefinitive-111771813534320\/","https:\/\/www.instagram.com\/_thefinitive_\/"]}]}},"_links":{"self":[{"href":"https:\/\/thefinitive.com\/en\/wp-json\/wp\/v3\/product\/4232"}],"collection":[{"href":"https:\/\/thefinitive.com\/en\/wp-json\/wp\/v3\/product"}],"about":[{"href":"https:\/\/thefinitive.com\/en\/wp-json\/wp\/v2\/types\/product"}],"replies":[{"embeddable":true,"href":"https:\/\/thefinitive.com\/en\/wp-json\/wp\/v2\/comments?post=4232"}],"version-history":[{"count":1,"href":"https:\/\/thefinitive.com\/en\/wp-json\/wp\/v3\/product\/4232\/revisions"}],"predecessor-version":[{"id":14841,"href":"https:\/\/thefinitive.com\/en\/wp-json\/wp\/v3\/product\/4232\/revisions\/14841"}],"wp:featuredmedia":[{"embeddable":true,"href":"https:\/\/thefinitive.com\/en\/wp-json\/wp\/v2\/media\/2627"}],"wp:attachment":[{"href":"https:\/\/thefinitive.com\/en\/wp-json\/wp\/v2\/media?parent=4232"}],"wp:term":[{"taxonomy":"product_cat","embeddable":true,"href":"https:\/\/thefinitive.com\/en\/wp-json\/wp\/v2\/product_cat?post=4232"},{"taxonomy":"product_tag","embeddable":true,"href":"https:\/\/thefinitive.com\/en\/wp-json\/wp\/v2\/product_tag?post=4232"}],"curies":[{"name":"wp","href":"https:\/\/api.w.org\/{rel}","templated":true}]}}