{"id":4223,"date":"2019-12-10T18:35:21","date_gmt":"2019-12-10T18:35:21","guid":{"rendered":"https:\/\/www.thefinitive.com\/?post_type=product&#038;p=4223"},"modified":"2023-03-20T15:49:59","modified_gmt":"2023-03-20T14:49:59","slug":"colonna-celere-marcia-gondar-bronzo-faro-tana","status":"publish","type":"product","link":"https:\/\/thefinitive.com\/en\/prodotto\/colonna-celere-marcia-gondar-bronzo-faro-tana\/","title":{"rendered":"\u274c\ud83d\ude41COLONNA CELERE Marcia Gondar &#8211; BRONZO Faro Tana"},"content":{"rendered":"<p>Bronzo raffigurante il Faro eretto sul <strong>Lago Tana<\/strong> nel 1938, a celebrazione della <strong>Marcia<\/strong> della <strong>Colonna Celere<\/strong> comandata da <strong>Achille Starace<\/strong> , nota come &#8220;<strong>Marcia su Gondar<\/strong>&#8220;.<\/p>\n<p>Il bronzo \u00e8 composto di due parti, che si uniscono tra loro per mezzo di viti fisse solidali al &#8216;corpo faro&#8217;, fatte passare per due fori appositi sul &#8216;corpo base&#8217;, come si vede dalle foto.<\/p>\n<p>E&#8217; una perfetta riproduzione in scala, probabilmente un bozzetto preparatorio per la costruzione del Faro reale. La base della colonna\/faro riporta su un lato il motto\u00a0 <strong>USQUE AD FINEM<\/strong>\u00a0 con il leone ferito a morte coricato e con il pugnale conficcato nel costato,<\/p>\n<p><a href=\"https:\/\/www.thefinitive.com\/farotana2\/\" rel=\"attachment wp-att-3851\"><img loading=\"lazy\" decoding=\"async\" class=\"wp-image-3851 alignnone\" src=\"https:\/\/www.thefinitive.com\/wp-content\/uploads\/2019\/09\/farotana2.jpg\" alt=\"\" width=\"235\" height=\"196\" srcset=\"https:\/\/thefinitive.com\/wp-content\/uploads\/2019\/09\/farotana2.jpg 150w, https:\/\/thefinitive.com\/wp-content\/uploads\/2019\/09\/farotana2-64x53.jpg 64w\" sizes=\"(max-width: 235px) 100vw, 235px\" \/><\/a><\/p>\n<p>e dall&#8217;altro lato la Lupa Capitolina con Romolo e Remo, e la scritta <strong>ROMA IMPERAT<\/strong>.\u00a0 Alla base della colonna stessa, ovvero all&#8217;ultimo livello degli scalini che conducono alla colonna, troviamo l&#8217;iscrizione <strong>12 APRILE XVI &#8211; COLONNA STARACE &#8211; 12 APRILE XVI\u00a0 <\/strong>a girare da sinistra verso destra.<\/p>\n<p><a href=\"https:\/\/www.thefinitive.com\/farotana\/\" rel=\"attachment wp-att-3850\"><img loading=\"lazy\" decoding=\"async\" class=\"alignnone wp-image-3850\" src=\"https:\/\/www.thefinitive.com\/wp-content\/uploads\/2019\/09\/farotana.jpg\" alt=\"colonna celere marcia gondar\" width=\"127\" height=\"289\" \/><\/a><\/p>\n<p>&nbsp;<\/p>\n<p>Il bozzetto\/bronzo misura circa\u00a0 cm.29 x 24\u00a0 di base e circa cm.32\u00a0 in altezza , montato.<\/p>\n<p>In eccellenti condizioni di conservazione, il faro con splendida patina originale di\u00a0 <em>bronzo dorato<\/em>, e bronzo pi\u00f9 scuro la scalinata, con piccole macchie di ossidazione che possono essere facilmente rimosse.<\/p>\n<p>&nbsp;<\/p>\n<p><strong>MATERIALE &#8230;&#8230;..:<\/strong>\u00a0 Bronzo dorato<\/p>\n<p><strong>MISURE &#8230;&#8230;&#8230;&#8230;&#8230;:<\/strong> cm. 29 x 24 x 32<\/p>\n<p>&nbsp;<\/p>\n<h2 style=\"text-align: left;\">NOTIZIE<\/h2>\n<p>Il Faro chiamato &#8220;<strong>Faro della conquista<\/strong>&#8220;, fu eretto sulla <strong>Vetta Mussolini<\/strong>, che dalla penisola di <strong>Gorgora<\/strong> domina la riva settentrionale del Lago Tana, ed inaugurato dal <strong>Generale Teruzzi<\/strong>, celebrando le gesta delle camicie nere della Colonna Celere per la Marcia su Gondar, e del loro comandante <strong>Achille Starace<\/strong>, che sul Tana iss\u00f2 il tricolore trionfante ed i segni invincibili del Littorio. Il faro illuminava nella notte tutto il Lago Tana.<\/p>\n<p>&nbsp;<\/p>\n<p><iframe loading=\"lazy\" title=\"La visita di Teruzzi\" width=\"800\" height=\"600\" src=\"https:\/\/www.youtube.com\/embed\/G5lW9Vhu4z4?feature=oembed\" frameborder=\"0\" allow=\"accelerometer; autoplay; clipboard-write; encrypted-media; gyroscope; picture-in-picture; web-share\" allowfullscreen><\/iframe><\/p>\n<p>&nbsp;<\/p>\n<p>Con il grado di <strong>Luogotenente Generale<\/strong> della <strong>MVSN<\/strong> Milizia Volontaria Sicurezza Nazionale, <strong><em>Achille Starace<\/em><\/strong> allora Segretario del <strong>Partito Nazionale Fascista<\/strong> , viene comandato a dirigere le operazioni in Africa Orientale, e naturalmente la Marcia su Gondar, con la sua Colonna Celere.<\/p>\n<h3>Storia operativa &#8211; dal 5 Marzo 1936<\/h3>\n<p align=\"justify\"><span style=\"font-family: Verdana; font-size: small;\"><img loading=\"lazy\" decoding=\"async\" class=\"alignnone size-medium wp-image-2446\" src=\"https:\/\/www.thefinitive.com\/wp-content\/uploads\/2019\/08\/330px-Achille_Starace_in_Africa_Orientale-212x300.jpg\" alt=\"achille starace colonna celere\" width=\"212\" height=\"300\" srcset=\"https:\/\/thefinitive.com\/wp-content\/uploads\/2019\/08\/330px-Achille_Starace_in_Africa_Orientale-212x300.jpg 212w, https:\/\/thefinitive.com\/wp-content\/uploads\/2019\/08\/330px-Achille_Starace_in_Africa_Orientale-64x91.jpg 64w, https:\/\/thefinitive.com\/wp-content\/uploads\/2019\/08\/330px-Achille_Starace_in_Africa_Orientale.jpg 330w\" sizes=\"(max-width: 212px) 100vw, 212px\" \/><\/span><\/p>\n<p align=\"justify\"><span style=\"font-family: Verdana; font-size: small;\">Il 5 marzo 1936 fu costituita la &#8220;Colonna Celere Starace&#8221; composta di 160 Ufficiali 3177 tra sottufficiali e truppa, ivi compresa la forza dell\u201982\u00b0 Battaglione Camicie Nere del 6\u00b0 Gruppo. Compito della marcia della Colonna Celere Starace era l\u2019occupazione di Gondar. Nei giorni 10 ed 11 marzo i reparti si concentrarono nella zona dei Laghi di Acria ed il 12 marzo Luogotenente Generale Achille Starace, ne assunse il comando. La colonna muoveva da Asmara il 15 marzo e giungeva ad Omager il 18; percorrendo in 4 giorni circa 400 Km, la Colonna mise severamente alla prova la propria forza fisica. Il 20 marzo, alle ore 7, la Colonna iniziava il passaggio del Setit, procedendo su di una pista discreta fino al torrente Royan; pervenivano qui le prime informazioni sul nemico che sostava nella zona di Caft\u00e0. Alla fine della giornata erano stati percorsi 45 Km., con una temperatura di 56 gradi. Il 21 e 22 marzo la marcia proseguiva fino al torrente Su\u00e0. Il 23, oltrepassato il Su\u00e0, attraverso un terreno argilloso e sassoso, su cui si alternavano immense foreste di bamb\u00f9, l\u2019avanzata procedeva. Il 25 marzo alle ore 16 veniva raggiunto l\u2019Hangareb\u00a0 aprendosi una pista, metro per metro, su forti pendenze, che sottoponevano uomini e macchine ad uno sforzo gigantesco. Dal 26 al 29, la Colonna procedeva attraverso un susseguirsi di torrenti, gobbe rocciose, canneti sempre pi\u00f9 fitti, che resero necessario appiedare i reparti, per guadagnare tempo. (2)<\/span><\/p>\n<p align=\"justify\"><span style=\"font-family: Verdana; font-size: small;\">Il 30 marzo Badoglio ordinava di coordinare l\u2019avanzata della Colonna Celere e della 3<sup>a<\/sup>\u00a0Brigata Eritrea (che dalle ore 24 era stata posta a disposizione di Starace) su 3 Battaglioni, 3 Bande e due Batterie da 65\/17 su 4 pezzi, con le seguenti direttive:<\/span><\/p>\n<blockquote>\n<ul>\n<li>\n<p align=\"justify\"><span style=\"font-family: Verdana; font-size: small;\">Giorno 30 marzo: la Colonna avanzi quanto pi\u00f9 possibile, autocarrata; la 3<sup>a<\/sup>\u00a0Brigata Eritrea si porti da Dacu\u00e0 a Masal Denghi\u00e0.<\/span><\/p>\n<\/li>\n<li>\n<p align=\"justify\"><span style=\"font-family: Verdana; font-size: small;\">Giorno 31 marzo: la Colonna Celere col massimo delle forze appiedate prosegua su Gondar; la 3<sup>a<\/sup>Brigata Eritrea raggiunga Bambel\u00f2.<\/span><\/p>\n<\/li>\n<li>\n<p align=\"justify\"><span style=\"font-family: Verdana; font-size: small;\">Giorno 1\u00b0aprile: la Colonna Celere e la 3<sup>a<\/sup>\u00a0Brigata Eritrea puntino contemporaneamente su Gondar.<\/span><\/p>\n<\/li>\n<\/ul>\n<\/blockquote>\n<h3 align=\"justify\">Continua la marcia<\/h3>\n<p align=\"justify\"><span style=\"font-family: Verdana; font-size: small;\">Alle ore 18 del 30, dopo un\u2019avanzata oltremodo difficoltosa, la Colonna sostava e la mattina del 31 marzo si iniziava la marcia a piedi con due Battaglioni di Bersaglieri e l\u201982\u00b0 Battaglione CC.NN., due giornate di viveri di riserva, 30 cartucce e due bombe a mano per ciascun armato di fucile, 1800 colpi per ciascuna mitragliatrice, oltre le dotazioni prescritte. Il tempo stringeva: il nemico abbandonava precipitosamente le fortificazioni di Tukul Dingi\u00e0, ma iniziava gli attacchi contro la coda del convoglio, attacchi ripetuti nei giorni successivi con perdite da parte nostra, ma con pi\u00f9 gravi perdite da parte del nemico. Il 1\u00b0aprile alle 6, la Colonna riprendeva l\u2019avanzata ed alle 8.50 con un plotone di punta raggiungeva i pressi di Cheddus Johannes e ben presto serrava tutta sulla testa del pianoro a nord-est. Alle ore 10 il Tricolore veniva issato sul Castello di Gondar. (3)<\/span><\/p>\n<p align=\"justify\"><span style=\"font-family: Verdana; font-size: small;\">Alle ore 12 del 12 aprile Starace occupava con breve combattimento la penisola del Gorgor\u00e0 ed innalzava il Tricolore sulla vetta pi\u00f9 alta, cui fu imposto il nome di &#8220;Vetta Mussolini&#8221;. Il 19 aprile il Gruppo Bande dell\u2019altopiano muoveva da Gondar verso Bahar Dar, distante 160 Km.; il 20 seguiva Starace con l\u201982\u00b0 Battaglione CC.NN. e l\u201911\u00b0 Battaglione Eritrei: alle ore 14 del 24 la Colonna raggiungeva l\u2019obbiettivo. Il 26 iniziava l\u2019avanzata su Debra Tabor con la seguente formazione: 2\u00b0 Battaglione CC.NN, 11\u00b0 Battaglione Eritrei, 1<sup>a<\/sup>\u00a0Sezione dell\u20198\u00b0 Gruppo Autotrainato da 77\/28 e la 5<sup>a<\/sup>\u00a0Batteria Eritrea.\u00a0<\/span><\/p>\n<h3 align=\"justify\">Verso le altre localit\u00e0<\/h3>\n<p align=\"justify\"><span style=\"font-family: Verdana; font-size: small;\">Alle ore 17 del 28 aprile il Tricolore sventolava su Debra Tabor (140 Km. In 25 ore di marcia effettiva). Il 2 maggio Starace raggiungeva il guado del Nilo Azzurro, toccando per la prima volta la sponda sud del Lago Tana: la mattina del 20 maggio partiva in volo da Bahar Dar con due apparecchi R.O.1 della 41<sup>a<\/sup>\u00a0Squadriglia, sorvolava la Colonna in marcia verso Debra Marcos ed atterrava in questa localit\u00e0 alle ore 9, mentre i reparti vi giungevano solo alle 12. In 65 giorni la Colonna Celere A.O. aveva cos\u00ec percorso oltre 1.300 Km., conquistando cinque tra i pi\u00f9 importanti centri della regione e controllando circa 100.000 Kmq. di territorio. Il 20 maggio la Colonna Celere A.O., avendo completamente e brillantemente assolto il proprio compito, veniva disciolta.<\/span><\/p>\n<h2 style=\"font-weight: 400;\"><strong>ORGANIGRAMMA DELLA COLONNA<\/strong><\/h2>\n<p style=\"font-weight: 400;\">&#8211;\u00a0 \u00a0 \u00a0 \u00a0 \u00a0Comando<br \/>\n&#8211;\u00a0\u00a0\u00a0\u00a0\u00a0\u00a0\u00a0\u00a0\u00a082\u00b0 Legione Camicie Nere \u201cMussolini\u201d &#8211; Forl\u00ec<br \/>\n&#8211;\u00a0\u00a0\u00a0\u00a0\u00a0\u00a0\u00a0\u00a0\u00a03\u00b0Reggimento Bersaglieri (20\u00b0, 25\u00b0 e 28\u00b0 Battaglione)<br \/>\n&#8211;\u00a0\u00a0\u00a0\u00a0\u00a0\u00a0\u00a0\u00a0\u00a08\u00b0Gruppo Artiglieria 77\/28<br \/>\n&#8211;\u00a0\u00a0\u00a0\u00a0\u00a0\u00a0\u00a0\u00a0\u00a0Nucleo Sussistenza<br \/>\n&#8211;\u00a0\u00a0\u00a0\u00a0\u00a0\u00a0\u00a0\u00a0\u00a0Reparto speciale Genio<br \/>\n&#8211;\u00a0\u00a0\u00a0\u00a0\u00a0\u00a0\u00a0\u00a0\u00a0Sezione di Sanit\u00e0<br \/>\n&#8211;\u00a0\u00a0\u00a0\u00a0\u00a0\u00a0\u00a0\u00a0\u00a0Ospedale da campo<br \/>\n&#8211;\u00a0\u00a0\u00a0\u00a0\u00a0\u00a0\u00a0\u00a0\u00a0Autoreparto<br \/>\n&#8211;\u00a0\u00a0\u00a0\u00a0\u00a0\u00a0\u00a0\u00a0\u00a0Servizi Speciali<\/p>\n<h2 style=\"font-weight: 400;\"><strong>CADUTI E FERITI<\/strong><\/h2>\n<h3>Caduti nazionali<\/h3>\n<ul>\n<li style=\"font-weight: 400;\">1\u00b0Capitano Fanteria Giuseppe della Rovere<\/li>\n<li style=\"font-weight: 400;\">Tenente Aeronautica G. de Robertis,\u00a0 cielo di Injabara &#8211; Goggiam<\/li>\n<li style=\"font-weight: 400;\">Capomanipolo Cantoni Pio<\/li>\n<li style=\"font-weight: 400;\">Caporale De Mucci Vittorio<\/li>\n<li style=\"font-weight: 400;\">Soldato Fracasso Validio<\/li>\n<li style=\"font-weight: 400;\">Soldato Colasanti Paolo<\/li>\n<li style=\"font-weight: 400;\">Soldato Benedetti Luigi<\/li>\n<li style=\"font-weight: 400;\">Bersagliere Colzani Ettore<\/li>\n<\/ul>\n<h3>Feriti nazionali<\/h3>\n<ul>\n<li style=\"font-weight: 400;\">Sergente Grane Gaspare<\/li>\n<li style=\"font-weight: 400;\">Cap.Maggiore Cerutti Mario<\/li>\n<li style=\"font-weight: 400;\">Cap.Maggiore Placidi Renzo<\/li>\n<li style=\"font-weight: 400;\">Caporale Rigon Aldo<\/li>\n<li style=\"font-weight: 400;\">Soldato Lodi Alessandro<\/li>\n<li style=\"font-weight: 400;\">Soldato Quinti Nino<\/li>\n<li style=\"font-weight: 400;\">Soldato Zuccaio Ruggero<\/li>\n<\/ul>\n<h3>Caduti indigeni<\/h3>\n<ul>\n<li style=\"font-weight: 400;\">Ascari Ghermelac Habetezghi<\/li>\n<\/ul>\n<h3>Feriti indigeni<\/h3>\n<ul>\n<li style=\"font-weight: 400;\">Ascari Techesi\u00e8 Uoldesillassie<\/li>\n<li style=\"font-weight: 400;\">Ascari Gherezghier Hogbazghe<\/li>\n<\/ul>\n<p>(&#8230; omissis &#8230;)<\/p>\n<p><em><img loading=\"lazy\" decoding=\"async\" class=\"alignnone size-medium wp-image-2445\" src=\"https:\/\/www.thefinitive.com\/wp-content\/uploads\/2019\/08\/Achille_Starace-193x300.jpg\" alt=\"\" width=\"193\" height=\"300\" srcset=\"https:\/\/thefinitive.com\/wp-content\/uploads\/2019\/08\/Achille_Starace-193x300.jpg 193w, https:\/\/thefinitive.com\/wp-content\/uploads\/2019\/08\/Achille_Starace-64x100.jpg 64w, https:\/\/thefinitive.com\/wp-content\/uploads\/2019\/08\/Achille_Starace.jpg 300w\" sizes=\"(max-width: 193px) 100vw, 193px\" \/><\/em><\/p>\n<p><a href=\"https:\/\/it.wikipedia.org\/wiki\/Achille_Starace\"><b>Achille Starace<\/b><\/a>\u00a0(Sannicola,\u00a018 agosto\u00a01889\u00a0\u2013\u00a0Milano,\u00a029 aprile\u00a01945) \u00e8 stato un\u00a0generale,\u00a0politico\u00a0e\u00a0dirigente sportivo\u00a0italiano. \u00c8 stato per otto anni (dal\u00a01931\u00a0al\u00a01939) segretario del\u00a0Partito Nazionale Fascista, presidente del\u00a0Comitato Olimpico Nazionale Italiano, commissario straordinario della\u00a0Lega navale italiana, luogotenente generale della\u00a0Milizia volontaria per la sicurezza nazionale. Fu sepolto a Sannicola di Lecce, presso il cimitero comunale.<\/p>\n<p>&nbsp;<\/p>\n<p><em>Data la vastit\u00e0 dell&#8217;argomento della <a href=\"http:\/\/spazioinwind.libero.it\/littorio\/mvsn\/colostarace.htm\">Colonna Celere<\/a> e del personaggio <strong><a href=\"https:\/\/it.wikipedia.org\/wiki\/Achille_Starace\">Achille Starace<\/a><\/strong> , si rimanda a consultazioni personali su Wikipedia , <a href=\"https:\/\/www.archivioluce.com\/\">Istituto Luce<\/a>, ed anche <a href=\"http:\/\/www.regioesercito.it\/reparti\/mvsn\/colstarace.htm\">Regio Esercito<\/a>\u00a0 e sulle fonti evidenziate dai link in questo articolo.\u00a0<\/em><\/p>\n<p>9.19<\/p>\n","protected":false},"excerpt":{"rendered":"<p style=\"text-align: center;\">Bronzo raffigurante il Faro eretto sul <strong>Lago Tana<\/strong> nel 1938, a celebrazione della <strong>Marcia<\/strong> della <strong>Colonna Celere<\/strong> comandata da <strong>Achille Starace<\/strong> , nota come &#8220;<strong>Marcia su Gondar<\/strong>&#8220;.<\/p>\n<p style=\"text-align: center;\">Probabilmente \u00e8 un bozzetto preparatorio per la costruzione del Faro reale. La base della colonna riporta su un lato il motto\u00a0 <strong>USQUE AD FINEM<\/strong>\u00a0 con il leone ferito a morte, e dall&#8217;altro lato la Lupa Capitolina con Romolo e Remo, e la scritta <strong>ROMA IMPERAT<\/strong>.\u00a0 Alla base della colonna stessa, ovvero all&#8217;ultimo livello degli scalini che conducono alla colonna, troviamo l&#8217;iscrizione <strong>12 APRILE XVI &#8211; COLONNA STARACE &#8211; 12 APRILE XVI\u00a0 <\/strong>a girare da sinistra verso destra. Il bozzetto\/bronzo misura circa\u00a0 <strong>cm.29 x 24<\/strong>\u00a0 di base e circa<strong> cm.32<\/strong>\u00a0 in altezza , montato.<\/p>\n<p style=\"text-align: center;\">In eccellenti condizioni di conservazione.<\/p>\n<p style=\"text-align: center;\"><strong><em>(Scorri la pagina in basso per ulteriori dettagli e informazioni)<\/em><\/strong><\/p>\n<p>&nbsp;<\/p>\n<p>&nbsp;<\/p>\n","protected":false},"featured_media":3819,"comment_status":"open","ping_status":"closed","template":"","meta":[],"product_cat":[586],"product_tag":[164,163,286,285,172,284,197,155,161,454,160,198,157,156,166],"yoast_head":"<!-- This site is optimized with the Yoast SEO plugin v21.9.1 - https:\/\/yoast.com\/wordpress\/plugins\/seo\/ -->\n<title>\u274c\ud83d\ude41COLONNA CELERE Marcia Gondar - BRONZO Faro Tana - Thefinitive<\/title>\n<meta name=\"description\" content=\"Bronzo del Faro del Lago Tana - Torre per la Marcia su Gondar - COLONNA CELERE di Achille Starace - Usque ad Finem - Africa Orientale Italiana AOI Impero\" \/>\n<meta name=\"robots\" content=\"index, follow, max-snippet:-1, max-image-preview:large, max-video-preview:-1\" \/>\n<link rel=\"canonical\" href=\"https:\/\/thefinitive.com\/en\/prodotto\/colonna-celere-marcia-gondar-bronzo-faro-tana\/\" \/>\n<meta property=\"og:locale\" content=\"en_US\" \/>\n<meta property=\"og:type\" content=\"article\" \/>\n<meta property=\"og:title\" content=\"\u274c\ud83d\ude41COLONNA CELERE Marcia Gondar - BRONZO Faro Tana - Thefinitive\" \/>\n<meta property=\"og:description\" content=\"Bronzo del Faro del Lago Tana - Torre per la Marcia su Gondar - COLONNA CELERE di Achille Starace - Usque ad Finem - Africa Orientale Italiana AOI Impero\" \/>\n<meta property=\"og:url\" content=\"https:\/\/thefinitive.com\/en\/prodotto\/colonna-celere-marcia-gondar-bronzo-faro-tana\/\" \/>\n<meta property=\"og:site_name\" content=\"Thefinitive\" \/>\n<meta property=\"article:publisher\" content=\"https:\/\/business.facebook.com\/Thefinitive-111771813534320\/\" \/>\n<meta property=\"article:modified_time\" content=\"2023-03-20T14:49:59+00:00\" \/>\n<meta property=\"og:image\" content=\"https:\/\/thefinitive.com\/wp-content\/uploads\/2019\/09\/20190917_132642.jpg\" \/>\n\t<meta property=\"og:image:width\" content=\"2160\" \/>\n\t<meta property=\"og:image:height\" content=\"2160\" \/>\n\t<meta property=\"og:image:type\" content=\"image\/jpeg\" \/>\n<meta name=\"twitter:card\" content=\"summary_large_image\" \/>\n<meta name=\"twitter:label1\" content=\"Est. reading time\" \/>\n\t<meta name=\"twitter:data1\" content=\"6 minutes\" \/>\n<script type=\"application\/ld+json\" class=\"yoast-schema-graph\">{\"@context\":\"https:\/\/schema.org\",\"@graph\":[{\"@type\":\"WebPage\",\"@id\":\"https:\/\/thefinitive.com\/en\/prodotto\/colonna-celere-marcia-gondar-bronzo-faro-tana\/\",\"url\":\"https:\/\/thefinitive.com\/en\/prodotto\/colonna-celere-marcia-gondar-bronzo-faro-tana\/\",\"name\":\"\u274c\ud83d\ude41COLONNA CELERE Marcia Gondar - BRONZO Faro Tana - Thefinitive\",\"isPartOf\":{\"@id\":\"https:\/\/thefinitive.com\/en\/#website\"},\"datePublished\":\"2019-12-10T18:35:21+00:00\",\"dateModified\":\"2023-03-20T14:49:59+00:00\",\"description\":\"Bronzo del Faro del Lago Tana - Torre per la Marcia su Gondar - COLONNA CELERE di Achille Starace - Usque ad Finem - Africa Orientale Italiana AOI Impero\",\"breadcrumb\":{\"@id\":\"https:\/\/thefinitive.com\/en\/prodotto\/colonna-celere-marcia-gondar-bronzo-faro-tana\/#breadcrumb\"},\"inLanguage\":\"en-US\",\"potentialAction\":[{\"@type\":\"ReadAction\",\"target\":[\"https:\/\/thefinitive.com\/en\/prodotto\/colonna-celere-marcia-gondar-bronzo-faro-tana\/\"]}]},{\"@type\":\"BreadcrumbList\",\"@id\":\"https:\/\/thefinitive.com\/en\/prodotto\/colonna-celere-marcia-gondar-bronzo-faro-tana\/#breadcrumb\",\"itemListElement\":[{\"@type\":\"ListItem\",\"position\":1,\"name\":\"Home\",\"item\":\"https:\/\/thefinitive.com\/en\/\"},{\"@type\":\"ListItem\",\"position\":2,\"name\":\"Shop\",\"item\":\"https:\/\/thefinitive.com\/en\/shop-2\/\"},{\"@type\":\"ListItem\",\"position\":3,\"name\":\"\u274c\ud83d\ude41COLONNA CELERE Marcia Gondar &#8211; BRONZO Faro Tana\"}]},{\"@type\":\"WebSite\",\"@id\":\"https:\/\/thefinitive.com\/en\/#website\",\"url\":\"https:\/\/thefinitive.com\/en\/\",\"name\":\"Thefinitive\",\"description\":\"Antiquariato Online\",\"publisher\":{\"@id\":\"https:\/\/thefinitive.com\/en\/#organization\"},\"potentialAction\":[{\"@type\":\"SearchAction\",\"target\":{\"@type\":\"EntryPoint\",\"urlTemplate\":\"https:\/\/thefinitive.com\/en\/?s={search_term_string}\"},\"query-input\":\"required name=search_term_string\"}],\"inLanguage\":\"en-US\"},{\"@type\":\"Organization\",\"@id\":\"https:\/\/thefinitive.com\/en\/#organization\",\"name\":\"Thefinitive\",\"url\":\"https:\/\/thefinitive.com\/en\/\",\"logo\":{\"@type\":\"ImageObject\",\"inLanguage\":\"en-US\",\"@id\":\"https:\/\/thefinitive.com\/en\/#\/schema\/logo\/image\/\",\"url\":\"https:\/\/thefinitive.com\/wp-content\/uploads\/2019\/07\/logo4vett.svg\",\"contentUrl\":\"https:\/\/thefinitive.com\/wp-content\/uploads\/2019\/07\/logo4vett.svg\",\"width\":500,\"height\":100,\"caption\":\"Thefinitive\"},\"image\":{\"@id\":\"https:\/\/thefinitive.com\/en\/#\/schema\/logo\/image\/\"},\"sameAs\":[\"https:\/\/business.facebook.com\/Thefinitive-111771813534320\/\",\"https:\/\/www.instagram.com\/_thefinitive_\/\"]}]}<\/script>\n<!-- \/ Yoast SEO plugin. -->","yoast_head_json":{"title":"\u274c\ud83d\ude41COLONNA CELERE Marcia Gondar - BRONZO Faro Tana - Thefinitive","description":"Bronzo del Faro del Lago Tana - Torre per la Marcia su Gondar - COLONNA CELERE di Achille Starace - Usque ad Finem - Africa Orientale Italiana AOI Impero","robots":{"index":"index","follow":"follow","max-snippet":"max-snippet:-1","max-image-preview":"max-image-preview:large","max-video-preview":"max-video-preview:-1"},"canonical":"https:\/\/thefinitive.com\/en\/prodotto\/colonna-celere-marcia-gondar-bronzo-faro-tana\/","og_locale":"en_US","og_type":"article","og_title":"\u274c\ud83d\ude41COLONNA CELERE Marcia Gondar - BRONZO Faro Tana - Thefinitive","og_description":"Bronzo del Faro del Lago Tana - Torre per la Marcia su Gondar - COLONNA CELERE di Achille Starace - Usque ad Finem - Africa Orientale Italiana AOI Impero","og_url":"https:\/\/thefinitive.com\/en\/prodotto\/colonna-celere-marcia-gondar-bronzo-faro-tana\/","og_site_name":"Thefinitive","article_publisher":"https:\/\/business.facebook.com\/Thefinitive-111771813534320\/","article_modified_time":"2023-03-20T14:49:59+00:00","og_image":[{"width":2160,"height":2160,"url":"https:\/\/thefinitive.com\/wp-content\/uploads\/2019\/09\/20190917_132642.jpg","type":"image\/jpeg"}],"twitter_card":"summary_large_image","twitter_misc":{"Est. reading time":"6 minutes"},"schema":{"@context":"https:\/\/schema.org","@graph":[{"@type":"WebPage","@id":"https:\/\/thefinitive.com\/en\/prodotto\/colonna-celere-marcia-gondar-bronzo-faro-tana\/","url":"https:\/\/thefinitive.com\/en\/prodotto\/colonna-celere-marcia-gondar-bronzo-faro-tana\/","name":"\u274c\ud83d\ude41COLONNA CELERE Marcia Gondar - BRONZO Faro Tana - Thefinitive","isPartOf":{"@id":"https:\/\/thefinitive.com\/en\/#website"},"datePublished":"2019-12-10T18:35:21+00:00","dateModified":"2023-03-20T14:49:59+00:00","description":"Bronzo del Faro del Lago Tana - Torre per la Marcia su Gondar - COLONNA CELERE di Achille Starace - Usque ad Finem - Africa Orientale Italiana AOI Impero","breadcrumb":{"@id":"https:\/\/thefinitive.com\/en\/prodotto\/colonna-celere-marcia-gondar-bronzo-faro-tana\/#breadcrumb"},"inLanguage":"en-US","potentialAction":[{"@type":"ReadAction","target":["https:\/\/thefinitive.com\/en\/prodotto\/colonna-celere-marcia-gondar-bronzo-faro-tana\/"]}]},{"@type":"BreadcrumbList","@id":"https:\/\/thefinitive.com\/en\/prodotto\/colonna-celere-marcia-gondar-bronzo-faro-tana\/#breadcrumb","itemListElement":[{"@type":"ListItem","position":1,"name":"Home","item":"https:\/\/thefinitive.com\/en\/"},{"@type":"ListItem","position":2,"name":"Shop","item":"https:\/\/thefinitive.com\/en\/shop-2\/"},{"@type":"ListItem","position":3,"name":"\u274c\ud83d\ude41COLONNA CELERE Marcia Gondar &#8211; BRONZO Faro Tana"}]},{"@type":"WebSite","@id":"https:\/\/thefinitive.com\/en\/#website","url":"https:\/\/thefinitive.com\/en\/","name":"Thefinitive","description":"Antiquariato Online","publisher":{"@id":"https:\/\/thefinitive.com\/en\/#organization"},"potentialAction":[{"@type":"SearchAction","target":{"@type":"EntryPoint","urlTemplate":"https:\/\/thefinitive.com\/en\/?s={search_term_string}"},"query-input":"required name=search_term_string"}],"inLanguage":"en-US"},{"@type":"Organization","@id":"https:\/\/thefinitive.com\/en\/#organization","name":"Thefinitive","url":"https:\/\/thefinitive.com\/en\/","logo":{"@type":"ImageObject","inLanguage":"en-US","@id":"https:\/\/thefinitive.com\/en\/#\/schema\/logo\/image\/","url":"https:\/\/thefinitive.com\/wp-content\/uploads\/2019\/07\/logo4vett.svg","contentUrl":"https:\/\/thefinitive.com\/wp-content\/uploads\/2019\/07\/logo4vett.svg","width":500,"height":100,"caption":"Thefinitive"},"image":{"@id":"https:\/\/thefinitive.com\/en\/#\/schema\/logo\/image\/"},"sameAs":["https:\/\/business.facebook.com\/Thefinitive-111771813534320\/","https:\/\/www.instagram.com\/_thefinitive_\/"]}]}},"_links":{"self":[{"href":"https:\/\/thefinitive.com\/en\/wp-json\/wp\/v3\/product\/4223"}],"collection":[{"href":"https:\/\/thefinitive.com\/en\/wp-json\/wp\/v3\/product"}],"about":[{"href":"https:\/\/thefinitive.com\/en\/wp-json\/wp\/v2\/types\/product"}],"replies":[{"embeddable":true,"href":"https:\/\/thefinitive.com\/en\/wp-json\/wp\/v2\/comments?post=4223"}],"version-history":[{"count":1,"href":"https:\/\/thefinitive.com\/en\/wp-json\/wp\/v3\/product\/4223\/revisions"}],"predecessor-version":[{"id":14844,"href":"https:\/\/thefinitive.com\/en\/wp-json\/wp\/v3\/product\/4223\/revisions\/14844"}],"wp:featuredmedia":[{"embeddable":true,"href":"https:\/\/thefinitive.com\/en\/wp-json\/wp\/v2\/media\/3819"}],"wp:attachment":[{"href":"https:\/\/thefinitive.com\/en\/wp-json\/wp\/v2\/media?parent=4223"}],"wp:term":[{"taxonomy":"product_cat","embeddable":true,"href":"https:\/\/thefinitive.com\/en\/wp-json\/wp\/v2\/product_cat?post=4223"},{"taxonomy":"product_tag","embeddable":true,"href":"https:\/\/thefinitive.com\/en\/wp-json\/wp\/v2\/product_tag?post=4223"}],"curies":[{"name":"wp","href":"https:\/\/api.w.org\/{rel}","templated":true}]}}