{"id":3904,"date":"2019-10-10T12:49:12","date_gmt":"2019-10-10T12:49:12","guid":{"rendered":"https:\/\/www.thefinitive.com\/?post_type=product&#038;p=3904"},"modified":"2023-03-20T15:59:11","modified_gmt":"2023-03-20T14:59:11","slug":"fiume-volantino-spalato-dannunzio-lotto-di-un-granatiere","status":"publish","type":"product","link":"https:\/\/thefinitive.com\/en\/prodotto\/fiume-volantino-spalato-dannunzio-lotto-di-un-granatiere\/","title":{"rendered":"\u274c\ud83d\ude41FIUME volantino Spalato d&#8217;Annunzio &#8211; Lotto di un granatiere"},"content":{"rendered":"<p>Lotto cartaceo composto da <b>un volantino <\/b>lanciato da un aereo &#8211; <strong>W GABRIELE D&#8217;ANNUNZIO &#8211; W FIUME d&#8217;ITALIA<\/strong><b> &#8211;\u00a0 <\/b>ed un altro volantino<b> &#8211; <\/b><strong>VENDICHIAMO I MORTI DI SPALATO<\/strong><b> &#8211;\u00a0<\/b> Ci sono poi dei nastrini di carta con il tricolore di Fiume\u00a0 Rosso-Giallo-Blu , con scritto <strong>FIUME O MORTE<\/strong> , dei fiocchetti colorati con la didascalia &#8220;<em>Ricordi di th\u00e9 dansant nell&#8217;asilo d&#8217;infanzia a Fiume<\/em>&#8221; , un foglietto con il timbro dei &#8220;<em><strong>Comitati Riuniti Pro Fiume Italiana<\/strong><\/em>&#8221; . Tutto raccolto sin dall&#8217;origine, su un foglio di carta ruvida da disegno, da un <strong>Granatiere<\/strong> che era in servizio a Fiume, durante il periodo dell&#8217;impresa fiumana.<\/p>\n<p>Il volantino di Spalato \u00e8 incollato al cartoncino, mentre al retro del volantino di Fiume &#8211; d&#8217;Annunzio , che misura <strong>cm. 17 x 12<\/strong> , troviamo un appunto originale scritto ad inchiostro stilografico, &#8220;<em>Lanciato da un aereo giorni sono<\/em>&#8221;<\/p>\n<p>Del granatiere si conosce il nome, si dispone di altro materiale, che verr\u00e0 proposto nel tempo.<\/p>\n<p>Lotto interessante e soprattutto originale, il volantino di Fiume che inneggia a d&#8217;Annunzio, il volantino di Spalato, tutto lasciato nella forma come rinvenuto.\u00a0 In belle condizioni di conservazione. Dimensioni del foglio circa cm. 30 x 30<\/p>\n<p>&nbsp;<\/p>\n<p>&nbsp;<\/p>\n<h2>NOTIZIE<\/h2>\n<p>Gli\u00a0<b>incidenti di Spalato<\/b>\u00a0furono una serie di episodi violenti a carattere prevalentemente\u00a0antitaliano\u00a0che si verificarono nella citt\u00e0\u00a0dalmata\u00a0di\u00a0Spalato\u00a0fra il\u00a01918\u00a0e il\u00a01920, e che culminarono con l&#8217;assassinio del comandante della\u00a0<strong>Regia Nave\u00a0<i>Puglia<\/i><\/strong>\u00a0Tommaso Gulli\u00a0e del motorista Aldo Rossi, colpiti la sera dell&#8217;11 luglio 1920 e deceduti nel corso della notte.<\/p>\n<p>Questi episodi si inserirono all&#8217;interno di una pluridecennale lotta per il predominio sull&#8217;Adriatico\u00a0orientale fra popolazioni\u00a0slave meridionali(croate\u00a0e\u00a0slovene) e\u00a0italiane, ancora nell&#8217;ambito dell&#8217;Impero austro-ungarico. Alla fine del\u00a0XIX secolo\u00a0la corrente\u00a0irredentista\u00a0sorta all&#8217;interno del\u00a0Regno d&#8217;Italia\u00a0e lo\u00a0jugoslavismo\u00a0da parte slava coinvolsero nella questione anche Stati gi\u00e0 indipendenti, come il Regno d&#8217;Italia stesso e il\u00a0Regno di Serbia. Lo scoppio della\u00a0prima guerra mondiale, l&#8217;entrata in guerra dell&#8217;Italia, il disfacimento dell&#8217;Impero, le trattative di pace e le successive fortissime frizioni fra l&#8217;Italia e il\u00a0Regno dei Serbi, Croati e Sloveni\u00a0furono gli eventi pi\u00f9 recenti, precedenti e contemporanei agli incidenti di Spalato.<\/p>\n<h2><span id=\"Inquadramento_storico\" class=\"mw-headline\">Inquadramento storico<\/span><\/h2>\n<div class=\"thumb tright\">\n<div class=\"thumbinner\">\n<p><a class=\"image\" href=\"https:\/\/it.wikipedia.org\/wiki\/File:Millo_a_Sebenico.jpg\"><img loading=\"lazy\" decoding=\"async\" class=\"thumbimage\" src=\"https:\/\/upload.wikimedia.org\/wikipedia\/it\/thumb\/2\/2d\/Millo_a_Sebenico.jpg\/220px-Millo_a_Sebenico.jpg\" srcset=\"\/\/upload.wikimedia.org\/wikipedia\/it\/thumb\/2\/2d\/Millo_a_Sebenico.jpg\/330px-Millo_a_Sebenico.jpg 1.5x, \/\/upload.wikimedia.org\/wikipedia\/it\/2\/2d\/Millo_a_Sebenico.jpg 2x\" alt=\"\" width=\"220\" height=\"144\" data-file-width=\"410\" data-file-height=\"269\" \/><\/a><\/p>\n<div class=\"thumbcaption\">\n<div class=\"magnify\"><\/div>\n<p>Sbarco di truppe italiane a\u00a0Sebenico. A sinistra, l&#8217;ammiraglio\u00a0Enrico Millo<\/p>\n<\/div>\n<div><\/div>\n<\/div>\n<\/div>\n<p>&nbsp;<\/p>\n<p>Conformemente a quanto previsto dagli accordi con gli\u00a0alleati\u00a0e successivamente alla firma dell&#8217;armistizio\u00a0con l&#8217;Impero austro-ungarico, ai primi di novembre del 1918 le truppe italiane procedettero all&#8217;occupazione dei territori riservati all&#8217;Italia dal\u00a0Patto di Londra\u00a0e dalle clausole armistiziali.<\/p>\n<p>La\u00a0Marina\u00a0predispose l&#8217;invio di navi da guerra in\u00a0Dalmazia, destinate a prendere possesso dei territori in questione. A bordo di queste navi vi erano generalmente anche dei\u00a0dalmati italiani\u00a0arruolati nella Marina, con l&#8217;incarico di aiutare le truppe nel contatto con le popolazioni locali. I contatti venivano generalmente presi con le locali sedi dei\u00a0Fasci Nazionali Italiani, le associazioni locali degli italiani che si potevano trovare nelle principali localit\u00e0 della costa e delle isole.<\/p>\n<p>La citt\u00e0 di Spalato e la costa meridionale della Dalmazia\u00a0\u2013 non contemplate dal patto di Londra\u00a0\u2013 erano state escluse dall&#8217;occupazione italiana. In questa zona il potere era stato assunto da un comitato locale guidato da\u00a0Josip Smodlaka\u00a0e\u00a0Ivo Tartaglia, che proclam\u00f2 l&#8217;unione della Dalmazia al nuovo Stato serbo-croato-sloveno (dal 1\u00ba dicembre\u00a0Regno dei Serbi, Croati e Sloveni) ed organizz\u00f2 una guardia nazionale nelle varie citt\u00e0.<\/p>\n<p>I nazionalisti jugoslavi si dimostrarono subito estremamente ostili verso le forze militari italiane, viste come occupatrici del suolo jugoslavo, anche perch\u00e9 vi era il timore che cercassero di prendere con la forza anche Spalato. Ad aggravare la situazione concorse il flusso di\u00a0profughi\u00a0jugoslavi dalle zone di occupazione italiana, che rimasero in citt\u00e0 e per due anni costituirono il fulcro delle continue manifestazioni anti-italiane.<\/p>\n<h3><span id=\"Gli_italiani_di_Spalato\" class=\"mw-headline\">Gli italiani di Spalato<\/span><\/h3>\n<p>Nella citt\u00e0 di Spalato viveva una\u00a0comunit\u00e0 autoctona italiana, che nel novembre del 1918 fu riorganizzata attraverso la fondazione, sulle ceneri del\u00a0Partito Autonomista\u00a0\u2013 sciolto dalle autorit\u00e0 austriache nel 1915 \u2013, del Fascio Nazionale guidato da Leonardo Pezzoli,\u00a0Antonio Tacconi, Edoardo Pervan e Stefano Selem. Risulta tuttavia complesso quantificare la consistenza numerica della comunit\u00e0 italiana di Spalato. I\u00a0censimenti\u00a0austriaci in Dalmazia rilevavano sul campo\u00a0\u2013 dapprima sporadicamente, a partire dal\u00a01890\u00a0in modo sistematico\u00a0\u2013 la &#8220;lingua d&#8217;uso&#8221;: l&#8217;idea di fondo era quella di una connessione diretta tra lingua e\u00a0nazionalit\u00e0\u00a0di un individuo. Tale metodologia risult\u00f2 per\u00f2 controversa: da un lato, considerando un&#8217;unica lingua il\u00a0serbo-croato\u00a0non era possibile distinguere l&#8217;etnia\u00a0serbadalla\u00a0croata; dall&#8217;altro, essendo i rilevatori del censimento incaricati comunali, in tutte le localit\u00e0 della costa orientale dell&#8217;Adriatico\u00a0\u2013 che conobbero, come Spalato, pluridecennali lotte per il predominio fra italiani e slavi\u00a0\u2013 si rilevarono costanti lamentele da parte della componente etnica che non deteneva il potere a livello comunale nel periodo del censimento, e che riteneva che i rilevatori manipolassero sistematicamente i dati. Inoltre, dal 1909, era stato proibito in tutta la Dalmazia l&#8217;uso della lingua italiana negli atti pubblici.<\/p>\n<h2><\/h2>\n<div class=\"thumb tright\">\n<div class=\"thumbinner\">\n<p><a class=\"image\" href=\"https:\/\/it.wikipedia.org\/wiki\/File:Manifesto_Italiani_Spalato_3111918.jpg\"><img loading=\"lazy\" decoding=\"async\" class=\"thumbimage\" src=\"https:\/\/upload.wikimedia.org\/wikipedia\/it\/thumb\/6\/66\/Manifesto_Italiani_Spalato_3111918.jpg\/220px-Manifesto_Italiani_Spalato_3111918.jpg\" srcset=\"\/\/upload.wikimedia.org\/wikipedia\/it\/thumb\/6\/66\/Manifesto_Italiani_Spalato_3111918.jpg\/330px-Manifesto_Italiani_Spalato_3111918.jpg 1.5x, \/\/upload.wikimedia.org\/wikipedia\/it\/thumb\/6\/66\/Manifesto_Italiani_Spalato_3111918.jpg\/440px-Manifesto_Italiani_Spalato_3111918.jpg 2x\" alt=\"\" width=\"220\" height=\"318\" data-file-width=\"1260\" data-file-height=\"1819\" \/><\/a><\/p>\n<div class=\"thumbcaption\">\n<div class=\"magnify\"><\/div>\n<p>Il manifesto per gli italiani di Spalato, affisso dal Fascio Nazionale cittadino il 3 novembre 1918<sup id=\"cite_ref-16\" class=\"reference\"><\/sup><\/p>\n<\/div>\n<div><\/div>\n<\/div>\n<\/div>\n<p>&nbsp;<\/p>\n<h2><span id=\"La_missione_di_D'Annunzio_a_Zara\" class=\"mw-headline\">La missione di D&#8217;Annunzio a Zara<\/span><\/h2>\n<div class=\"thumb tright\">\n<div class=\"thumbinner\">\n<p><a class=\"image\" href=\"https:\/\/it.wikipedia.org\/wiki\/File:Millo_e_d-Annunzio_a_Zara.jpg\"><img loading=\"lazy\" decoding=\"async\" class=\"thumbimage\" src=\"https:\/\/upload.wikimedia.org\/wikipedia\/it\/thumb\/b\/b9\/Millo_e_d-Annunzio_a_Zara.jpg\/220px-Millo_e_d-Annunzio_a_Zara.jpg\" srcset=\"\/\/upload.wikimedia.org\/wikipedia\/it\/thumb\/b\/b9\/Millo_e_d-Annunzio_a_Zara.jpg\/330px-Millo_e_d-Annunzio_a_Zara.jpg 1.5x, \/\/upload.wikimedia.org\/wikipedia\/it\/thumb\/b\/b9\/Millo_e_d-Annunzio_a_Zara.jpg\/440px-Millo_e_d-Annunzio_a_Zara.jpg 2x\" alt=\"\" width=\"220\" height=\"143\" data-file-width=\"1229\" data-file-height=\"801\" \/><\/a><\/p>\n<div class=\"thumbcaption\">\n<div class=\"magnify\"><\/div>\n<p>Pranzo al governatorato di Zara in onore di D&#8217;Annunzio. Si riconoscono\u00a0Giovanni Giuriati\u00a0(terzo da sinistra), D&#8217;Annunzio (a sinistra al centro),\u00a0Luigi Rizzo\u00a0(accanto D&#8217;Annunzio), il podest\u00e0 di Zara\u00a0Luigi Ziliotto\u00a0(a destra con la barba bianca) e l&#8217;ammiraglio Millo (accanto a Ziliotto, di fronte a d&#8217;Annunzio)<\/p>\n<\/div>\n<\/div>\n<\/div>\n<p>I movimenti di D&#8217;Annunzio a Fiume e in Dalmazia divennero sempre pi\u00f9 una vera e propria ossessione per le autorit\u00e0 jugoslave e notevole fonte d&#8217;imbarazzo per gli italiani, che non erano riusciti ad impedirne l&#8217;ingresso a Fiume, cos\u00ec come non erano riusciti ad impedire il continuo afflusso in citt\u00e0 di volontari da molti reparti dell&#8217;esercito e della marina.<\/p>\n<p>Il 14 novembre una piccola flotta di tre navi da guerra part\u00ec da Fiume per giungere a Zara all&#8217;alba del giorno dopo, a bordo c&#8217;era proprio Gabriele d&#8217;Annunzio, con un gruppo di legionari, e gli italiani di Spalato fremevano &#8211; vedi volantino. L&#8217;entusiastica accoglienza della popolazione coinvolse anche il governatore Millo, che ricevette i ribelli in modo affettuoso, il che gli cre\u00f2 attorno una cappa di sospetto da parte del governo jugoslavo e pure di una parte del governo italiano. <sup id=\"cite_ref-47\" class=\"reference\"><\/sup>A Spalato la notizia cre\u00f2 all&#8217;inizio forti timori, ma poi sfoci\u00f2 nuovamente in una serie di manifestazioni antitaliane: si giunse a bloccare ogni movimento e ogni rifornimento alla nave\u00a0<i>Puglia<\/i>, con la motivazione che \u00abla Puglia non era da considerarsi nave da guerra italiana perch\u00e9 essa obbediva all&#8217;Ammiraglio Millo e questi (&#8230;) era agli ordini di d&#8217;Annunzio\u00bb<sup id=\"cite_ref-48\" class=\"reference\"><\/sup>. A novembre ebbero luogo altre devastazioni dei locali spalatini gestiti da italiani: furono assaliti il Caff\u00e8 Nani e la cartoleria Milich; l&#8217;abitazione di Tacconi venne violata e nuovamente danneggiata; per la strada venne aggredito Pezzoli; infine dai circoli italiani vennero asportati i ritratti dei\u00a0Savoia, poi gettati in mare. Il piroscafo italiano\u00a0<i>Bosnia<\/i>, alla fonda al porto, fu assalito: venne ammainata e bruciata la bandiera italiana, sostituita poi col tricolore jugoslavo. I disordini cessarono solo dopo l&#8217;intervento personale del governatore jugoslavo, costretto in seguito a scusarsi di fronte a Menini.<\/p>\n<p>&nbsp;<\/p>\n<p>Fonti <a href=\"https:\/\/it.wikipedia.org\/wiki\/Incidenti_di_Spalato\">Wikipedia<\/a> , da consultare per ulteriori approfondimenti data la vastit\u00e0 dell&#8217;argomento<\/p>\n<p>&nbsp;<\/p>\n<h2 id=\"firstHeading\" class=\"firstHeading\">Impresa di Fiume<\/h2>\n<div id=\"bodyContent\" class=\"mw-body-content\">\n<div id=\"jump-to-nav\"><a class=\"image\" href=\"https:\/\/it.wikipedia.org\/wiki\/File:Foto_Fiume.jpg\"><img loading=\"lazy\" decoding=\"async\" src=\"https:\/\/upload.wikimedia.org\/wikipedia\/it\/thumb\/a\/a7\/Foto_Fiume.jpg\/260px-Foto_Fiume.jpg\" alt=\"Foto Fiume.jpg\" width=\"260\" height=\"148\" data-file-width=\"1500\" data-file-height=\"856\" \/><\/a><\/div>\n<div>D&#8217;Annunzio con alcuni legionari a Fiume nel 1919<\/div>\n<div><\/div>\n<div><\/div>\n<div>L&#8217;<b>Impresa di Fiume<\/b>\u00a0consistette nella ribellione di alcuni reparti del\u00a0Regio Esercito al fine di occupare la citt\u00e0 di Fiume, contesa tra il Regno d&#8217;Italia e il Regno di\u00a0Jugoslavia. Organizzata da un fronte politico a prevalenza\u00a0nazionalista\u00a0e guidata dal poeta\u00a0Gabriele D&#8217;Annunzio, la spedizione raggiunse Fiume il 12 settembre 1919, proclamandone l&#8217;annessione al\u00a0Regno d&#8217;Italia.<\/div>\n<div id=\"mw-content-text\" class=\"mw-content-ltr\" dir=\"ltr\" lang=\"it\">\n<div class=\"mw-parser-output\">\n<p>L&#8217;occupazione dei &#8220;legionari&#8221; dannunziani dur\u00f2 16 mesi con alterne vicende, tra cui la proclamazione della\u00a0Reggenza italiana del Carnaro. L&#8217;impresa fiumana raggiunse l&#8217;epilogo con l&#8217;approvazione del Trattato di Rapallo. L&#8217;opposizione dei dannunziani all&#8217;applicazione del trattato port\u00f2 il governo\u00a0Giolitti\u00a0ad intervenire con la forza, sgombrando Fiume durante le\u00a0giornate del Natale 1920.<\/p>\n<h2><span style=\"color: #1b1919; font-family: Karla, Arial, Helvetica, sans-serif; font-size: 24px;\">Antefatti<\/span><\/h2>\n<\/div>\n<\/div>\n<\/div>\n<p>Nel 1910 secondo un censimento, la popolazione di Fiume era pari a 49806 abitanti, e cos\u00ec suddivisa: 24212 dichiaravano di avere come <i>lingua d&#8217;uso<\/i> l&#8217;italiano, 12926 il serbocroato e altre lingue, soprattutto ungherese, sloveno e tedesco. Nel censimento non si consideravano i dati della localit\u00e0 di\u00a0Sussak, quartiere a maggioranza croata sorto in epoca recente a est della Fiumara. Quest&#8217;ultimo era il corso d&#8217;acqua che suddivideva la municipalit\u00e0 di Fiume (formalmente dipendente dalla Corona Ungherese) dal\u00a0<i>Regno di Croazia<\/i>. La citt\u00e0 di Fiume aveva sempre lottato contro la propria annessione al\u00a0<i>Regno di Croazia.<\/i><\/p>\n<p>Alla conclusione del primo conflitto mondiale, dalle\u00a0trattative di pace, l&#8217;Italia ottenne le terre irredente\u00a0di\u00a0Trento\u00a0e\u00a0Trieste ma l&#8217;opposizione del presidente statunitense\u00a0Wilson\u00a0condusse a una situazione di stallo per quanto riguardava la\u00a0Dalmazia\u00a0e Fiume: la prima era promessa all&#8217;Italia col\u00a0patto di Londra; la seconda era reclamata dagli italiani in quanto abitata prevalentemente da connazionali, tanto che gi\u00e0 nell&#8217;ottobre\u00a01918\u00a0a Fiume si era costituito un Consiglio nazionale che propugnava l&#8217;annessione all&#8217;Italia, di cui fu nominato presidente\u00a0Antonio Grossich. I rappresentanti italiani a Parigi\u00a0Vittorio Emanuele Orlando\u00a0e\u00a0Sidney Sonnino, dopo aver polemicamente abbandonato il tavolo delle trattative il 24 aprile, non avendo colto i risultati sperati, vi fecero ritorno il 5 maggio.<\/p>\n<h2><span id=\"Gli_incidenti_di_Fiume\" class=\"mw-headline\">Gli incidenti di Fiume<\/span><\/h2>\n<p>A Fiume, gi\u00e0 ad aprile\u00a0Giovanni Host-Venturi\u00a0e\u00a0Giovanni Giuriati\u00a0avevano iniziato a creare una\u00a0Legione fiumana costituita da volontari per difendere la citt\u00e0.<\/p>\n<p>Nel frattempo d&#8217;Annunzio si era recato a Roma per tenere una serie di comizi in favore dell&#8217;italianit\u00e0 di Fiume, ed i suoi discorsi infuocati suscitarono l&#8217;emozione e l&#8217;attestato dei moltissimi giovani reduci che ritornati dalla guerra erano rimasti disoccupati. Insistendo sull&#8217;onta della vittoria mutilata. Intanto a Fiume la situazione diveniva sempre pi\u00f9 incandescente e si susseguivano costantemente manifestazioni della popolazione a favore dell&#8217;italianit\u00e0 della citt\u00e0 e incidenti tra i vari reparti delle quattro nazioni che al termine del conflitto avevano occupato la citt\u00e0 (italiani, francesi, inglesi, americani). Il 29 giugno 1919 scoppiarono tumulti fra i militari francesi, i cui ufficiali avevano osato strappare il tricolore italiano appuntato sulle vesti delle donne fiumane, e la popolazione civile, in soccorso della quale intervennero soldati e marinai italiani: nove morti e molti feriti costituirono il numero degli scontri, protrattisi fino al 6 luglio, noti come \u201cVespri fiumani\u201d; Parigi decise lo scioglimento del Consiglio Nazionale Fiumano e pretese il ritiro dei militari italiani (falsamente accusati di avere provocato gli incidenti).<\/p>\n<p>Il 30 giugno 1919 una delegazione guidata da Grossich incontr\u00f2 a Roma d&#8217;Annunzio, chiedendogli di assumere la guida del movimento di resistenza fiumano: d&#8217;Annunzio accett\u00f2, e su attestato autografo redatto, si convenne di procedere all&#8217;arruolamento di volontari nell&#8217;ambito dei vari raggruppamenti nazionalisti per farli successivamente convergere a Fiume. A Parigi si decisero cos\u00ec alcune sanzioni e l&#8217;allontanamento dei Granatieri di Sardegna i quali sotto il comando del generale Mario Grazioli, lasciarono Fiume il 25 agosto 1919 acquartierandosi a Ronchi. Da qui sette ufficiali inviarono a D&#8217;Annunzio una lettera in cui lo invitavano a porsi a capo di una spedizione che a Fiume ne rivendicasse l&#8217;italianit\u00e0.<\/p>\n<h2><span id=\"La_Marcia_di_Ronchi\" class=\"mw-headline\">La Marcia di Ronchi<\/span><\/h2>\n<div class=\"thumb tright\">\n<div class=\"thumbinner\">\n<div class=\"thumbcaption\">\n<div class=\"magnify\">Dopo alcuni giorni D&#8217;Annunzio ruppe gli indugi e garant\u00ec il proprio arrivo a Ronchi per il 7 settembre, ma a causa di una intempestiva febbre pot\u00e9 onorare il proprio impegno solo l&#8217;11 dello stesso mese. Intanto a Ronchi erano gi\u00e0 arrivati numerosi volontari.<\/div>\n<\/div>\n<\/div>\n<\/div>\n<p>D&#8217;Annunzio inform\u00f2 Mussolini solo il giorno prima della partenza per Fiume quando, sciolta ogni riserva ed attestato che non vi fosse nessun altro impedimento, gli invi\u00f2 una lettera (con autografo) chiedendogli sostegno.<\/p>\n<table class=\"citazione-table\" style=\"height: 105px;\" width=\"864\">\n<tbody>\n<tr>\n<td>\u00abMio caro compagno, il dado \u00e8 tratto. Parto ora. Domattina prender\u00f2 Fiume con le armi. Il Dio d&#8217;Italia ci assista. Mi levo dal letto febbricitante. Ma non \u00e8 possibile differire. Anche una volta lo spirito domer\u00e0 la carne miserabile&#8230; Sostenete la Causa vigorosamente, durante il conflitto. Vi abbraccio.\u00bb<\/td>\n<\/tr>\n<tr>\n<td><\/td>\n<\/tr>\n<\/tbody>\n<\/table>\n<p>Qui giunsero anche i volontari al seguito del tenente Guido Keller. Il <strong>12 settembre<\/strong> i granatieri comandati dal maggiore Reina intrapresero la Marcia di Ronchi, ed in viaggio verso Fiume alla colonna si unirono altri volontari tra cui alcuni gruppi di bersaglieri\u00a0che in realt\u00e0 avrebbero dovuto bloccarlo. Oltrepassato il confine presidiato dal generale\u00a0Vittorio Emanuele Pittaluga, dopo essersi congiunto con la Legione Fiumana di Host-Venturi, D&#8217;Annunzio prese possesso della citt\u00e0 acclamato dalla popolazione italiana e dai volontari l\u00ec presenti. Nel pomeriggio <strong>D&#8217;Annunzio<\/strong> proclam\u00f2 l&#8217;<strong>annessione all&#8217;Italia di Fiume<\/strong>.<\/p>\n<table class=\"citazione-table\">\n<tbody>\n<tr>\n<td>\u00abItaliani di Fiume! Nel mondo folle e vile, Fiume \u00e8 oggi il segno della libert\u00e0; nel mondo folle e vile vi \u00e8 una sola verit\u00e0: e questa \u00e8 Fiume; vi \u00e8 un solo amore: e questo \u00e8 Fiume! Fiume \u00e8 come un faro luminoso che splende in mezzo ad un mare di abiezione&#8230; Io soldato, io volontario, io mutilato di guerra, credo di interpretare la volont\u00e0 di tutto il sano popolo d&#8217;Italia proclamando l&#8217;annessione di Fiume.\u00bb<\/td>\n<\/tr>\n<tr>\n<td>(<small>Dal discorso tenuto da D&#8217;Annunzio il 12 settembre dal Palazzo del Governo di Fiume<\/small>)<\/td>\n<\/tr>\n<\/tbody>\n<\/table>\n<p>Questa giornata sar\u00e0 in seguito celebrata come il giorno della &#8220;<strong><i>Santa Entrata<\/i><\/strong>&#8220;.<\/p>\n<p>Il 22 settembre approd\u00f2 la Nave della Regia marina &#8220;Cortellazzo&#8221; (ex incrociatore Marco Polo) che si un\u00ec ai legionari di D&#8217;Annunzio.<\/p>\n<p>&#8230; omissis &#8230; omissis &#8230;<\/p>\n<h2><\/h2>\n<h2><span id=\"Voci_correlate\" class=\"mw-headline\">Argomenti<\/span><\/h2>\n<ul>\n<li><a title=\"Stella d'oro di Fiume\" href=\"https:\/\/it.wikipedia.org\/wiki\/Stella_d%27oro_di_Fiume\">Stella d&#8217;oro di Fiume<\/a><\/li>\n<li><a title=\"Medaglie e croci di Fiume\" href=\"https:\/\/it.wikipedia.org\/wiki\/Medaglie_e_croci_di_Fiume\">Medaglie e croci di Fiume<\/a><\/li>\n<\/ul>\n<div id=\"bodyContent\" class=\"mw-body-content\">\n<p>&nbsp;<\/p>\n<p><em>Fonti Wikipedia, l&#8217;enciclopedia libera, dove poter approfondire l&#8217;argomento data la notevole mole di notizie presenti &#8230;\u00a0<\/em><\/p>\n<\/div>\n<p>9.19<\/p>\n","protected":false},"excerpt":{"rendered":"<p style=\"text-align: center;\">Lotto cartaceo composto da <b>un volantino <\/b>lanciato da un aereo &#8211; <strong>W GABRIELE D&#8217;ANNUNZIO &#8211; W FIUME d&#8217;ITALIA<\/strong><b> &#8211;\u00a0 <\/b>ed un altro volantino<b> &#8211; <\/b><strong>VENDICHIAMO I MORTI DI SPALATO<\/strong><b> &#8211;\u00a0<\/b> Completano il lotto, lasciato cos\u00ec come rinvenuto, una serie di nastrini di carta con scritto <strong>FIUME O MORTE<\/strong> , dei fiocchetti colorati con la didascalia &#8220;<em>Ricordi di th\u00e9 dansant nell&#8217;asilo d&#8217;infanzia a Fiume<\/em>&#8221; ,\u00a0 timbro &#8220;<em><strong>Comitati Riuniti Pro Fiume Italiana<\/strong><\/em>&#8221; . Materiale di un lotto di un <strong>Granatiere<\/strong> che partecip\u00f2 all&#8217;impresa fiumana. In belle condizioni di conservazione. Dimensioni del foglio circa cm. 30 x 30<\/p>\n<p style=\"text-align: center;\"><strong><em>(Scorri la pagina in basso per ulteriori dettagli e informazioni)<\/em><\/strong><\/p>\n","protected":false},"featured_media":3378,"comment_status":"open","ping_status":"closed","template":"","meta":[],"product_cat":[586],"product_tag":[182,203,278,209,201,204,202,205,206],"yoast_head":"<!-- This site is optimized with the Yoast SEO plugin v21.9.1 - https:\/\/yoast.com\/wordpress\/plugins\/seo\/ -->\n<title>\u274c\ud83d\ude41FIUME volantino Spalato d&#039;Annunzio - Lotto di un granatiere - Thefinitive<\/title>\n<meta name=\"description\" content=\"D&#039;annunzio Fiume , Spalato volantino W FIUME! - Lanciati da un Aereo - Granatiere - Granatieri - Impresa Natale di Sangue - Lotto\" \/>\n<meta name=\"robots\" content=\"index, follow, max-snippet:-1, max-image-preview:large, max-video-preview:-1\" \/>\n<link rel=\"canonical\" href=\"https:\/\/thefinitive.com\/en\/prodotto\/fiume-volantino-spalato-dannunzio-lotto-di-un-granatiere\/\" \/>\n<meta property=\"og:locale\" content=\"en_US\" \/>\n<meta property=\"og:type\" content=\"article\" \/>\n<meta property=\"og:title\" content=\"\u274c\ud83d\ude41FIUME volantino Spalato d&#039;Annunzio - Lotto di un granatiere - Thefinitive\" \/>\n<meta property=\"og:description\" content=\"D&#039;annunzio Fiume , Spalato volantino W FIUME! - Lanciati da un Aereo - Granatiere - Granatieri - Impresa Natale di Sangue - Lotto\" \/>\n<meta property=\"og:url\" content=\"https:\/\/thefinitive.com\/en\/prodotto\/fiume-volantino-spalato-dannunzio-lotto-di-un-granatiere\/\" \/>\n<meta property=\"og:site_name\" content=\"Thefinitive\" \/>\n<meta property=\"article:publisher\" content=\"https:\/\/business.facebook.com\/Thefinitive-111771813534320\/\" \/>\n<meta property=\"article:modified_time\" content=\"2023-03-20T14:59:11+00:00\" \/>\n<meta property=\"og:image\" content=\"https:\/\/thefinitive.com\/wp-content\/uploads\/2019\/08\/20190824_123147.jpg\" \/>\n\t<meta property=\"og:image:width\" content=\"2160\" \/>\n\t<meta property=\"og:image:height\" content=\"2160\" \/>\n\t<meta property=\"og:image:type\" content=\"image\/jpeg\" \/>\n<meta name=\"twitter:card\" content=\"summary_large_image\" \/>\n<meta name=\"twitter:label1\" content=\"Est. reading time\" \/>\n\t<meta name=\"twitter:data1\" content=\"11 minutes\" \/>\n<script type=\"application\/ld+json\" class=\"yoast-schema-graph\">{\"@context\":\"https:\/\/schema.org\",\"@graph\":[{\"@type\":\"WebPage\",\"@id\":\"https:\/\/thefinitive.com\/en\/prodotto\/fiume-volantino-spalato-dannunzio-lotto-di-un-granatiere\/\",\"url\":\"https:\/\/thefinitive.com\/en\/prodotto\/fiume-volantino-spalato-dannunzio-lotto-di-un-granatiere\/\",\"name\":\"\u274c\ud83d\ude41FIUME volantino Spalato d'Annunzio - Lotto di un granatiere - Thefinitive\",\"isPartOf\":{\"@id\":\"https:\/\/thefinitive.com\/en\/#website\"},\"datePublished\":\"2019-10-10T12:49:12+00:00\",\"dateModified\":\"2023-03-20T14:59:11+00:00\",\"description\":\"D'annunzio Fiume , Spalato volantino W FIUME! - Lanciati da un Aereo - Granatiere - Granatieri - Impresa Natale di Sangue - Lotto\",\"breadcrumb\":{\"@id\":\"https:\/\/thefinitive.com\/en\/prodotto\/fiume-volantino-spalato-dannunzio-lotto-di-un-granatiere\/#breadcrumb\"},\"inLanguage\":\"en-US\",\"potentialAction\":[{\"@type\":\"ReadAction\",\"target\":[\"https:\/\/thefinitive.com\/en\/prodotto\/fiume-volantino-spalato-dannunzio-lotto-di-un-granatiere\/\"]}]},{\"@type\":\"BreadcrumbList\",\"@id\":\"https:\/\/thefinitive.com\/en\/prodotto\/fiume-volantino-spalato-dannunzio-lotto-di-un-granatiere\/#breadcrumb\",\"itemListElement\":[{\"@type\":\"ListItem\",\"position\":1,\"name\":\"Home\",\"item\":\"https:\/\/thefinitive.com\/en\/\"},{\"@type\":\"ListItem\",\"position\":2,\"name\":\"Shop\",\"item\":\"https:\/\/thefinitive.com\/en\/shop-2\/\"},{\"@type\":\"ListItem\",\"position\":3,\"name\":\"\u274c\ud83d\ude41FIUME volantino Spalato d&#8217;Annunzio &#8211; Lotto di un granatiere\"}]},{\"@type\":\"WebSite\",\"@id\":\"https:\/\/thefinitive.com\/en\/#website\",\"url\":\"https:\/\/thefinitive.com\/en\/\",\"name\":\"Thefinitive\",\"description\":\"Antiquariato Online\",\"publisher\":{\"@id\":\"https:\/\/thefinitive.com\/en\/#organization\"},\"potentialAction\":[{\"@type\":\"SearchAction\",\"target\":{\"@type\":\"EntryPoint\",\"urlTemplate\":\"https:\/\/thefinitive.com\/en\/?s={search_term_string}\"},\"query-input\":\"required name=search_term_string\"}],\"inLanguage\":\"en-US\"},{\"@type\":\"Organization\",\"@id\":\"https:\/\/thefinitive.com\/en\/#organization\",\"name\":\"Thefinitive\",\"url\":\"https:\/\/thefinitive.com\/en\/\",\"logo\":{\"@type\":\"ImageObject\",\"inLanguage\":\"en-US\",\"@id\":\"https:\/\/thefinitive.com\/en\/#\/schema\/logo\/image\/\",\"url\":\"https:\/\/thefinitive.com\/wp-content\/uploads\/2019\/07\/logo4vett.svg\",\"contentUrl\":\"https:\/\/thefinitive.com\/wp-content\/uploads\/2019\/07\/logo4vett.svg\",\"width\":500,\"height\":100,\"caption\":\"Thefinitive\"},\"image\":{\"@id\":\"https:\/\/thefinitive.com\/en\/#\/schema\/logo\/image\/\"},\"sameAs\":[\"https:\/\/business.facebook.com\/Thefinitive-111771813534320\/\",\"https:\/\/www.instagram.com\/_thefinitive_\/\"]}]}<\/script>\n<!-- \/ Yoast SEO plugin. -->","yoast_head_json":{"title":"\u274c\ud83d\ude41FIUME volantino Spalato d'Annunzio - Lotto di un granatiere - Thefinitive","description":"D'annunzio Fiume , Spalato volantino W FIUME! - Lanciati da un Aereo - Granatiere - Granatieri - Impresa Natale di Sangue - Lotto","robots":{"index":"index","follow":"follow","max-snippet":"max-snippet:-1","max-image-preview":"max-image-preview:large","max-video-preview":"max-video-preview:-1"},"canonical":"https:\/\/thefinitive.com\/en\/prodotto\/fiume-volantino-spalato-dannunzio-lotto-di-un-granatiere\/","og_locale":"en_US","og_type":"article","og_title":"\u274c\ud83d\ude41FIUME volantino Spalato d'Annunzio - Lotto di un granatiere - Thefinitive","og_description":"D'annunzio Fiume , Spalato volantino W FIUME! - Lanciati da un Aereo - Granatiere - Granatieri - Impresa Natale di Sangue - Lotto","og_url":"https:\/\/thefinitive.com\/en\/prodotto\/fiume-volantino-spalato-dannunzio-lotto-di-un-granatiere\/","og_site_name":"Thefinitive","article_publisher":"https:\/\/business.facebook.com\/Thefinitive-111771813534320\/","article_modified_time":"2023-03-20T14:59:11+00:00","og_image":[{"width":2160,"height":2160,"url":"https:\/\/thefinitive.com\/wp-content\/uploads\/2019\/08\/20190824_123147.jpg","type":"image\/jpeg"}],"twitter_card":"summary_large_image","twitter_misc":{"Est. reading time":"11 minutes"},"schema":{"@context":"https:\/\/schema.org","@graph":[{"@type":"WebPage","@id":"https:\/\/thefinitive.com\/en\/prodotto\/fiume-volantino-spalato-dannunzio-lotto-di-un-granatiere\/","url":"https:\/\/thefinitive.com\/en\/prodotto\/fiume-volantino-spalato-dannunzio-lotto-di-un-granatiere\/","name":"\u274c\ud83d\ude41FIUME volantino Spalato d'Annunzio - Lotto di un granatiere - Thefinitive","isPartOf":{"@id":"https:\/\/thefinitive.com\/en\/#website"},"datePublished":"2019-10-10T12:49:12+00:00","dateModified":"2023-03-20T14:59:11+00:00","description":"D'annunzio Fiume , Spalato volantino W FIUME! - Lanciati da un Aereo - Granatiere - Granatieri - Impresa Natale di Sangue - Lotto","breadcrumb":{"@id":"https:\/\/thefinitive.com\/en\/prodotto\/fiume-volantino-spalato-dannunzio-lotto-di-un-granatiere\/#breadcrumb"},"inLanguage":"en-US","potentialAction":[{"@type":"ReadAction","target":["https:\/\/thefinitive.com\/en\/prodotto\/fiume-volantino-spalato-dannunzio-lotto-di-un-granatiere\/"]}]},{"@type":"BreadcrumbList","@id":"https:\/\/thefinitive.com\/en\/prodotto\/fiume-volantino-spalato-dannunzio-lotto-di-un-granatiere\/#breadcrumb","itemListElement":[{"@type":"ListItem","position":1,"name":"Home","item":"https:\/\/thefinitive.com\/en\/"},{"@type":"ListItem","position":2,"name":"Shop","item":"https:\/\/thefinitive.com\/en\/shop-2\/"},{"@type":"ListItem","position":3,"name":"\u274c\ud83d\ude41FIUME volantino Spalato d&#8217;Annunzio &#8211; Lotto di un granatiere"}]},{"@type":"WebSite","@id":"https:\/\/thefinitive.com\/en\/#website","url":"https:\/\/thefinitive.com\/en\/","name":"Thefinitive","description":"Antiquariato Online","publisher":{"@id":"https:\/\/thefinitive.com\/en\/#organization"},"potentialAction":[{"@type":"SearchAction","target":{"@type":"EntryPoint","urlTemplate":"https:\/\/thefinitive.com\/en\/?s={search_term_string}"},"query-input":"required name=search_term_string"}],"inLanguage":"en-US"},{"@type":"Organization","@id":"https:\/\/thefinitive.com\/en\/#organization","name":"Thefinitive","url":"https:\/\/thefinitive.com\/en\/","logo":{"@type":"ImageObject","inLanguage":"en-US","@id":"https:\/\/thefinitive.com\/en\/#\/schema\/logo\/image\/","url":"https:\/\/thefinitive.com\/wp-content\/uploads\/2019\/07\/logo4vett.svg","contentUrl":"https:\/\/thefinitive.com\/wp-content\/uploads\/2019\/07\/logo4vett.svg","width":500,"height":100,"caption":"Thefinitive"},"image":{"@id":"https:\/\/thefinitive.com\/en\/#\/schema\/logo\/image\/"},"sameAs":["https:\/\/business.facebook.com\/Thefinitive-111771813534320\/","https:\/\/www.instagram.com\/_thefinitive_\/"]}]}},"_links":{"self":[{"href":"https:\/\/thefinitive.com\/en\/wp-json\/wp\/v3\/product\/3904"}],"collection":[{"href":"https:\/\/thefinitive.com\/en\/wp-json\/wp\/v3\/product"}],"about":[{"href":"https:\/\/thefinitive.com\/en\/wp-json\/wp\/v2\/types\/product"}],"replies":[{"embeddable":true,"href":"https:\/\/thefinitive.com\/en\/wp-json\/wp\/v2\/comments?post=3904"}],"version-history":[{"count":1,"href":"https:\/\/thefinitive.com\/en\/wp-json\/wp\/v3\/product\/3904\/revisions"}],"predecessor-version":[{"id":14857,"href":"https:\/\/thefinitive.com\/en\/wp-json\/wp\/v3\/product\/3904\/revisions\/14857"}],"wp:featuredmedia":[{"embeddable":true,"href":"https:\/\/thefinitive.com\/en\/wp-json\/wp\/v2\/media\/3378"}],"wp:attachment":[{"href":"https:\/\/thefinitive.com\/en\/wp-json\/wp\/v2\/media?parent=3904"}],"wp:term":[{"taxonomy":"product_cat","embeddable":true,"href":"https:\/\/thefinitive.com\/en\/wp-json\/wp\/v2\/product_cat?post=3904"},{"taxonomy":"product_tag","embeddable":true,"href":"https:\/\/thefinitive.com\/en\/wp-json\/wp\/v2\/product_tag?post=3904"}],"curies":[{"name":"wp","href":"https:\/\/api.w.org\/{rel}","templated":true}]}}