{"id":3873,"date":"2019-09-25T16:12:05","date_gmt":"2019-09-25T16:12:05","guid":{"rendered":"https:\/\/www.thefinitive.com\/?post_type=product&#038;p=3873"},"modified":"2023-03-20T15:59:21","modified_gmt":"2023-03-20T14:59:21","slug":"fez-colbac-capomanipolo-mvsn-ruolo-ff-gg-c-1935","status":"publish","type":"product","link":"https:\/\/thefinitive.com\/en\/prodotto\/fez-colbac-capomanipolo-mvsn-ruolo-ff-gg-c-1935\/","title":{"rendered":"\u274c\ud83d\ude41FEZ Colbac Capomanipolo MVSN ruolo FF.GG.C. 1935"},"content":{"rendered":"<p><strong>FEZ colbac\u00a0<\/strong> per\u00a0 <strong>CAPOMANIPOLO <\/strong>della <strong>MVSN<\/strong> Milizia Volontaria Sicurezza Nazionale, ruolo <strong>FF.GG.C.\u00a0<\/strong> <em>Fasci Giovanili di Combattimento<\/em>, ventennio fascista. Modello 35 ovvero in uso dal 1935 fino alla successiva modifica . Fregio frontale a forma di fascio littorio, con soprastante <strong>scudo<\/strong> e <strong>gladio<\/strong> simboli della Giovent\u00f9 Fascista, tondino alla base del fascio con il numero <strong>28<\/strong>\u00a0 in lamierino applicato. Il fez porta il grado laterale,<em> due galloni<\/em> a V rovesciata per grado di <em>Capomanipolo<\/em>. Cordone di filo intrecciato nero, che dalla parte frontale scende e si compone con un nodo savoia laterale alla base , percorre la semicirconferenza dello scafo e risale fino al piatto con un nodo al retro, per congiugersi alla la frangia applicata in cima al fez. La bellezza di questo fez sta non solo nel fatto che si tratta di un FEZ COLBAC , cio\u00e8 a pelo &#8220;lungo&#8221; , ma anche dalla peculiarit\u00e0 della doppia frangia o frangia che si apre in due, come viene anche illustrato nei disegni del regolamento della MVSN del <strong>1935<\/strong>. Marcato all&#8217;interno con <strong>Produzione Italiana Qualit\u00e0 Superiore<\/strong> . Taglia 55. Questo FEZ colbac da capomanipolo della MVSN , ruolo FF.GG.C. , \u00e9 in splendide condizioni generali, senza tarmature o danni evidenti.<\/p>\n<p><a href=\"https:\/\/www.thefinitive.com\/?attachment_id=3874\" rel=\"attachment wp-att-3874\"><img loading=\"lazy\" decoding=\"async\" class=\"alignnone size-full wp-image-3874\" src=\"https:\/\/www.thefinitive.com\/wp-content\/uploads\/2019\/09\/fezdoppiafrangia.png\" alt=\"\" width=\"221\" height=\"93\" srcset=\"https:\/\/thefinitive.com\/wp-content\/uploads\/2019\/09\/fezdoppiafrangia.png 221w, https:\/\/thefinitive.com\/wp-content\/uploads\/2019\/09\/fezdoppiafrangia-64x27.png 64w\" sizes=\"(max-width: 221px) 100vw, 221px\" \/><\/a> Fez con doppia frangia<\/p>\n<h2><\/h2>\n<h2>NOTIZIE<\/h2>\n<p>Estratto dal regolamento ufficiale della MVSN del 1935, dove viene specificato il grado di aspirante ufficiale da portare sul fez :<\/p>\n<p><em><span style=\"font-family: Verdana; font-size: small;\"><span style=\"vertical-align: inherit;\">( omissis )<\/span><\/span><\/em><\/p>\n<p><span style=\"font-family: Verdana; font-size: small;\"><strong>4.<\/strong> &#8211; <strong>FREGI PER COPRICAPO, CONTROSPALLINE E SPALLINE<\/strong>.\u00a0<\/span><span style=\"font-family: Verdana; font-size: small;\">I fregi per copricapo e controspalline sono ricamati in oro, salvo le parti qui appresso specificate che sono ricamate in argento; quelli per spalline sono in metallo, rispettivamente, dorato o bianco:<\/span><\/p>\n<ul>\n<li>a) la scure del fascio per tutti;<\/li>\n<li>b) la stella alpina per la Milizia confinaria;<\/li>\n<li>c)\u00a0 le lame delle spade ed il teschio per i Moschettieri;<\/li>\n<li>d)\u00a0 la lama del gladio<\/li>\n<\/ul>\n<p align=\"justify\"><em><span style=\"font-family: Verdana; font-size: small;\"><span style=\"vertical-align: inherit;\">( omissis )<\/span><\/span><\/em><\/p>\n<p align=\"justify\"><span style=\"font-family: Verdana; font-size: small;\">Per tutti gli Ufficiali superiori ed inferiori i fregi da copricapo devono essere ricamati in oro su panno g. v. o nero, secondo il colore del copricapo (e.g. fez per tutti dal sottufficiale al console al generale di colore nero, cappello alpino per fascista colore g.v.) e su panno g. v. per il berretto bianco dell&#8217;uniforme estiva.\u00a0<\/span><\/p>\n<p align=\"justify\"><em><span style=\"font-family: Verdana; font-size: small;\"><span style=\"vertical-align: inherit;\"><span style=\"vertical-align: inherit;\">( omissis )<\/span><\/span><\/span><\/em><\/p>\n<p align=\"justify\"><span style=\"font-family: Verdana; font-size: small;\"><strong>5.<\/strong> &#8211; <strong>DISTINTIVI DI GRADO.<\/strong> &#8211; I distintivi di grado sono su panno dello stesso colore della parte di vestiario sul quale sono applicati; ad eccezione di quelli del 1\u00b0 Caporale d&#8217;onore e dei Caporali d&#8217;onore che sono sempre su panno nero; per il berretto bianco sono su panno grigio verde<\/span><\/p>\n<p align=\"justify\"><span style=\"font-family: Verdana; font-size: small;\"><strong>a)<\/strong> <strong>Distintivi per fez e cappello alpino<\/strong><br \/>\nil distintivo di grado \u00e8 da tutti portato sul lato sinistro del copricapo (fez e cappello alpino fascista) e per tutti i gradi, esclusi gli Ufficiali generali (luogotenente e console generale) ed i consoli, \u00e8 fatto ad angolo col vertice in alto.<\/span><\/p>\n<p align=\"justify\"><span style=\"font-family: Verdana; font-size: small;\">Per gli Ufficiali generali (luogotenente e console generale) e consoli \u00e8 applicato obliquamente sul lato sinistro del copricapo (fez e cappello alpino fascista) in modo che i lati pi\u00f9 corti risultino verticali. I distintivi sono:<\/span><\/p>\n<p align=\"justify\"><span style=\"font-family: Verdana; font-size: small;\">1) &#8230; omissis &#8230; omissis &#8230;<\/span><\/p>\n<p><strong>10) Capomanipolo:<\/strong><br \/>\n<strong>due galloni come i precedenti alti mm. 10<\/strong><\/p>\n<p>&#8230; omissis &#8230;<\/p>\n<h3><span id=\"Origini\" class=\"mw-headline\">FF.GG.C. Origini<\/span><\/h3>\n<p>La prima organizzazione giovanile fascista era nata nel 1919 e all&#8217;interno dei singoli fasci: le\u00a0Avanguardie giovanili studentesche. Era stato poi\u00a0Michele Bianchi\u00a0a organizzare nel\u00a01921, all&#8217;interno del neonato PNF, il movimento giovanile del partito, denominandola\u00a0Avanguardia giovanile fascista e confluita nel\u00a01926\u00a0nell&#8217;Opera nazionale balilla.<\/p>\n<p>I fasci giovanili di combattimento furono costituiti dal\u00a0Gran consiglio del fascismo\u00a0l&#8217;8 ottobre\u00a01930\u00a0per completare l&#8217;inquadramento formativo dei ragazzi e delle ragazze dai 17 ai 21 anni, non pi\u00f9 di competenza dell&#8217;Opera nazionale balilla. I ragazzi (avanguardisti) e le ragazze (giovani fasciste) dovevano ogni sabato partecipare al\u00a0sabato fascista, continuando l&#8217;istruzione premilitare marciando in piazza o negli spazi a loro riservati dai\u00a0gruppi rionali fascisti.<\/p>\n<h3><span id=\"Lo_sport_dei_fasci_giovanili\" class=\"mw-headline\">Lo sport dei fasci giovanili<\/span><\/h3>\n<p>Nel\u00a01927\u00a0il regime defin\u00ec l&#8217;attivit\u00e0 sportiva quale principale strumento per la crescita mentale e fisica dei giovani. Dette perci\u00f2 ordine a tutte le istituzioni pubbliche (podest\u00e0, enti sportivi provinciali fascisti e le province) di organizzare e gestire manifestazioni sportive.<\/p>\n<p>A tutti coloro che si iscrivevano al partito ed ai giovani che fossero entrati nei\u00a0fasci giovanili, vennero garantite notevoli agevolazioni sia per l&#8217;acquisto di vestiario e materiale sportivo sia per l&#8217;iscrizione, la partecipazione e la visione delle manifestazioni sportive. Gli sconti riservati ai fasci giovanili erano normalmente tra il 20% ed il 25% delle tasse di iscrizione e partecipazione ai campionati. Questi ultimi erano loro riservati da ogni federazione sportiva, con tanto di attribuzione dei titoli di campione provinciale e regionale dei fasci giovanili.<\/p>\n<p>I gruppi sportivi ebbero uno sviluppo notevole soprattutto nel calcio e nella pallacanestro, diventando il fiore all&#8217;occhiello delle federazioni provinciali fasciste, che portavano le proprie rappresentative provinciali ai &#8220;Littoriali\u00a0dello Sport&#8221;, clou dell&#8217;attivit\u00e0 sportiva primaverile che si svolgeva a met\u00e0 maggio. Ai Littoriali tanti ragazzi e ragazze, gi\u00e0 &#8220;promesse&#8221; in ambito provinciale, fecero esperienza per diventare in seguito veri campioni sportivi ed olimpici.<\/p>\n<h3><span id=\"La_creazione_della_GIL\" class=\"mw-headline\">La creazione della GIL<\/span><\/h3>\n<p>I fasci giovanili vincolavano all&#8217;attivit\u00e0 sportiva i giovani e le giovani fasciste fino ai 21 anni, in quanto non avevano la\u00a0<i>capacit\u00e0 giuridica<\/i>\u00a0ed i finanziamenti per poter gestire i gruppi sportivi e coprire a livello assicurativo gli atleti dopo la maggiore et\u00e0.<\/p>\n<p>\u00c8 per questo motivo che, al termine della\u00a0guerra d&#8217;Etiopia, i fasci giovanili e l&#8217;Opera nazionale balilla furono uniti e convogliati nella\u00a0<strong>G.I.L.\u00a0<\/strong>(Giovent\u00f9 italiana del littorio), a cui il legislatore (1937) rese possibile trasformare le associazioni sportive giovanili in vere e proprie societ\u00e0 sportive autonome, finanziate dallo Stato oppure, avendo capacit\u00e0 giuridica, tramite sovvenzioni ed eredit\u00e0.<\/p>\n<h2><span id=\"Origini_e_costituzione\" class=\"mw-headline\">Milizia Volontaria Sicurezza Nazionale<\/span><\/h2>\n<p>La\u00a0<b>Milizia volontaria per la sicurezza nazionale<\/b>\u00a0(in acronimo\u00a0<b>MVSN<\/b>, spesso genericamente identificata con la locuzione\u00a0<b>camicie nere<\/b>\u00a0a causa delle camicie di colore nero adottate quale parte della\u00a0divisa, come spesso indicato anche nella\u00a0storiografia\u00a0non italiana) \u00e8 stato un corpo di\u00a0gendarmeria\u00a0a ordinamento militare e dal 1924 una\u00a0forza armata\u00a0dell&#8217;Italia fascista.<\/p>\n<p>La sua fondazione fu decisa e annunciata dal Consiglio dei ministri del 28 dicembre\u00a01922\u00a0presieduto da\u00a0Benito Mussolini\u00a0e decretata dal re\u00a0Vittorio Emanuele III\u00a0con regio decreto-legge il 14 gennaio 1923, n. 31<sup id=\"cite_ref-1\" class=\"reference\"><\/sup>\u00a0(poi convertito in legge il 17 aprile 1925<sup id=\"cite_ref-2\" class=\"reference\"><\/sup>) entrato in vigore il 1\u00ba febbraio 1923.<\/p>\n<p>Accorp\u00f2, nel 1923, la disciolta Milizia dei\u00a0<strong>Sempre Pronti per la Patria e per il Re<\/strong>\u00a0dell&#8217;<strong>Associazione Nazionalista Italiana<\/strong>.<\/p>\n<p>Inizialmente pensata come milizia a uso esclusivo del\u00a0Partito Nazionale Fascista (rispondeva solo al\u00a0Presidente del Consiglio dei ministri e a lui solo era dovuto il giuramento, in contrasto con l&#8217;obbligo di giuramento al sovrano), nel tempo\u00a0perse la sua esclusivit\u00e0 nei compiti e fin\u00ec col mescolarsi quasi del tutto con il\u00a0Regio Esercito.<\/p>\n<h2><span id=\"Origini_e_costituzione\" class=\"mw-headline\">Origini e costituzione<\/span><\/h2>\n<p>La M.V.S.N. nasceva dall&#8217;esigenza del Partito Nazionale Fascista, di irregimentare le squadre d&#8217;azione in una vera e propria milizia riconosciuta dallo Stato. Benito Mussolini incaricava una commissione\u00a0 composta da Emilio De Bono, Cesare Maria De Vecchi, Aldo Finzi, Italo Balbo e Attilio Teruzzi, di studiare il problema.<\/p>\n<p>La commissione realizzava un progetto sulla formazione e organizzazione di un corpo di volontari, inquadrato nell&#8217;esercito nazionale mediante reclutamento, in una fascia di et\u00e0 tra i 17 e i 50 anni, analogamente ad altri Stati che godevano di analoghe milizie. Questo avvenne per i primi quattro anni. Il servizio di leva obbligatorio poteva essere svolto anche nella milizia.<\/p>\n<p>La M.V.S.N. venne creata il 1\u00ba febbraio del 1923, sulla base delle vecchie squadre d\u2019azione fasciste, per concorrere a &#8220;mantenere all&#8217;interno l&#8217;ordine pubblico&#8221;. Il primo comandante generale fu Italo Balbo.<\/p>\n<p>Con R.D. del 4 aprile 1924 la M.V.S.N. entr\u00f2 a far parte delle Forze armate dello Stato, per cui le Camicie Nere prestavano giuramento al re e non al Partito fascista, e la Milizia divenne la quarta forza armata italiana.<\/p>\n<h2><span id=\"Organizzazione\" class=\"mw-headline\">Organizzazione<\/span><\/h2>\n<p>La M.V.S.N. era strutturata su base volontaria e territoriale, formata da iscritti al Partito Nazionale Fascista tra i 16 e i 50 anni; oltre i 36 anni il milite entrava nelle unit\u00e0 territoriali sino ai 55 anni, con il nome di triario.<\/p>\n<div class=\"thumb tleft\">\n<div class=\"thumbinner\">\n<div class=\"thumbcaption\">\n<div class=\"magnify\">L&#8217;organizzazione della Milizia si articolava su un comando generale. Il territorio era ripartito nei raggruppamenti Milano, Bologna, Roma e Napoli al comando di luogotenenti generali. Ogni comando di raggruppamento aveva alle proprie dipendenze un certo numero di gruppi (33 in totale) retti da consoli generali. Ciascun comando di gruppo aveva alle proprie dipendenze un certo numero di legioni ordinarie (120 in tutto) comandate da consoli.<\/div>\n<\/div>\n<\/div>\n<\/div>\n<p>La struttura della M.V.S.N. era a ordinamento ternario: ogni legione si componeva di tre coorti, formate da tre centurie cos\u00ec formate da tre manipoli e ogni manipolo da tre squadre. Dopo alcune modifiche susseguitesi tra &#8217;29 e il &#8217;35, nel 1939 si tornava alla struttura di partenza.<\/p>\n<p>La M.V.S.N. era costituita dalla Milizia ordinaria, Forestale, Stradale, Ferroviaria, Postelegrafonica e Portuale. Alla Milizia ordinaria appartenevano la Milizia Confinaria, quella Coloniale e la Milizia Universitaria, che aveva compiti d\u2019istruzione premilitare. Nel &#8217;30 vennero aggiunte la Milizia per la difesa contraerea (prima D.A.T., poi DiCat) e la Milizia Marittima (MilMart)<sup id=\"cite_ref-Colloredo_6-0\" class=\"reference\"><\/sup>. Vi erano ufficiali in servizio permanente effettivo, ufficiali inclusi nei quadri (non abitualmente in servizio, ma richiamabili) e nella riserva. Il Comando generale provvedeva alla nomina degli ufficiali. Questa la struttura territoriale ed i rispettivi incaricati di comando :<\/p>\n<ul>\n<li>Zona (Divisione)\u00a0 \u00a0 \u00a0 \u00a0 \u00a0 \u00a0 \u00a0 \u00a0 \u00a0 \u00a0 \u00a0 ispettore generale di zona poi luogotenente generale (generale di Divisione)<\/li>\n<li>Gruppo di Legioni (Brigata)\u00a0 console generale (generale di Brigata)<\/li>\n<li>Legione (Reggimento)\u00a0 \u00a0 \u00a0 \u00a0 \u00a0 \u00a0 console (colonnello)<\/li>\n<li>Coorte\u00a0(Battaglione)\u00a0 \u00a0 \u00a0 \u00a0 \u00a0 \u00a0 \u00a0 \u00a0seniore (maggiore)<\/li>\n<li>Centuria\u00a0(Compagnia)\u00a0 \u00a0 \u00a0 \u00a0 \u00a0 \u00a0centurione (capitano)<\/li>\n<li>Manipolo (Plotone)\u00a0 \u00a0 \u00a0 \u00a0 \u00a0 \u00a0 \u00a0 \u00a0 capomanipolo (tenente, vedi fez milizia fascista in vendita)<\/li>\n<li>Squadra (Squadra)\u00a0 \u00a0 \u00a0 \u00a0 \u00a0 \u00a0 \u00a0 \u00a0 \u00a0caposquadra (sergente)<\/li>\n<\/ul>\n<h2><\/h2>\n<h2><\/h2>\n<h2><span id=\"Corrispondenza_tra_i_gradi\" class=\"mw-headline\">Corrispondenza tra i gradi<\/span><\/h2>\n<table class=\"wikitable\" style=\"height: 3117px;\" width=\"705\">\n<tbody>\n<tr bgcolor=\"EFEFEF\">\n<th width=\"\">Regio Esercito<\/th>\n<th width=\"\">MVSN<br \/>\n<small>Allegato A &#8211; Art. n\u00b0 8<br \/>\nR.D. n\u00b0 832 dell&#8217;8 marzo 1923<br \/>\nG.U.R.d&#8217;I. n\u00b0 98 del 26 aprile 1923<\/small><\/th>\n<th width=\"\">MVSN<br \/>\n<small>R.D.L. n\u00b0 967 del 15 marzo\u00a01923<br \/>\nG.U.R.d&#8217;I. n\u00b0 112 del 14 maggio\u00a01923<\/small><\/th>\n<th width=\"\">MVSN<br \/>\n<small>Art. n\u00b0 5<br \/>\ncircolare n\u00b0 150 del 16 agosto 1936<\/small><\/th>\n<th>Distintivo<br \/>\n<small>Allegato B &#8211; Art. n\u00b0 11<br \/>\nR.D. n. 832 dell&#8217;8 marzo\u00a0<a title=\"1923\" href=\"https:\/\/it.wikipedia.org\/wiki\/1923\">1923<\/a><br \/>\nG.U.R.d&#8217;I. n\u00b0 98 del 26 aprile\u00a0<a title=\"1923\" href=\"https:\/\/it.wikipedia.org\/wiki\/1923\">1923<\/a><\/small><\/th>\n<th>Distintivo<br \/>\n<small>Art. n\u00b0 5<br \/>\ncircolare n\u00b0 150 del 16 agosto 1936<\/small><\/th>\n<\/tr>\n<tr>\n<th>Ufficiali Generali<\/th>\n<\/tr>\n<tr>\n<td>Primo Maresciallo dell&#8217;Impero<\/td>\n<td><\/td>\n<td><\/td>\n<td>Primo caporale d&#8217;onore<\/td>\n<td><\/td>\n<td><img loading=\"lazy\" decoding=\"async\" class=\"alignnone\" src=\"https:\/\/upload.wikimedia.org\/wikipedia\/commons\/thumb\/a\/af\/Primo_caporale_d%27onore.svg\/90px-Primo_caporale_d%27onore.svg.png\" alt=\"fez colbac capomanipolo mvsn\" width=\"45\" height=\"51\" data-file-width=\"3770\" data-file-height=\"4253\" \/><\/td>\n<\/tr>\n<tr>\n<td>Maresciallo d&#8217;Italia<\/td>\n<td>caporale d&#8217;onore<\/td>\n<td><\/td>\n<td><\/td>\n<td>\n<div>\n<p>Sulla manica sinistra della giubba o della camicia, al di sopra del gomito<\/p>\n<\/div>\n<\/td>\n<td><img loading=\"lazy\" decoding=\"async\" class=\"alignnone\" src=\"https:\/\/upload.wikimedia.org\/wikipedia\/commons\/thumb\/e\/ea\/Caporale_d%27onore.svg\/90px-Caporale_d%27onore.svg.png\" alt=\"fez colbac capomanipolo mvsn\" width=\"40\" height=\"45\" data-file-width=\"2828\" data-file-height=\"3189\" \/><\/td>\n<\/tr>\n<tr>\n<td>generale d&#8217;armata<\/td>\n<td><\/td>\n<td>primo comandante generale<\/td>\n<td>comandante generale<\/td>\n<td><small>1 aquila romana d&#8217;oro con fascio littorio sormontata da 3 stellette d&#8217;oro,<br \/>\nricamato su rettangolo (cm 3,5 x 7,5)<br \/>\ndi tessuto d&#8217;argento circondato da trecciola in oro<\/small><\/td>\n<td><img loading=\"lazy\" decoding=\"async\" class=\"alignnone\" src=\"https:\/\/upload.wikimedia.org\/wikipedia\/commons\/thumb\/6\/68\/MVSN-Comandante_generale.svg\/90px-MVSN-Comandante_generale.svg.png\" alt=\"fez colbac capomanipolo mvsn\" width=\"38\" height=\"55\" data-file-width=\"1400\" data-file-height=\"2000\" \/><\/td>\n<\/tr>\n<tr>\n<td>generale di corpo d&#8217;armata<\/td>\n<td>comandante generale<\/td>\n<td>comandante generale<\/td>\n<td>Luogotenente generale capo di stato maggiore<\/td>\n<td><\/td>\n<td><img loading=\"lazy\" decoding=\"async\" class=\"alignnone\" src=\"https:\/\/upload.wikimedia.org\/wikipedia\/commons\/thumb\/d\/de\/MVSN-Luogotenente_generale_capo_di_manipolo.svg\/90px-MVSN-Luogotenente_generale_capo_di_manipolo.svg.png\" alt=\"fez colbac capomanipolo mvsn\" width=\"40\" height=\"57\" data-file-width=\"1400\" data-file-height=\"2000\" \/><\/td>\n<\/tr>\n<tr>\n<td>generale di divisione<\/td>\n<td>ispettore generale di zona<\/td>\n<td>luogotenente generale<\/td>\n<td>luogotenente generale<\/td>\n<td><small>come sopra, con 2 stellette d&#8217;oro<\/small><\/p>\n<p>&nbsp;<\/td>\n<td><img loading=\"lazy\" decoding=\"async\" class=\"alignnone\" src=\"https:\/\/upload.wikimedia.org\/wikipedia\/commons\/thumb\/b\/b2\/MVSN-Luogotenente_generale.svg\/90px-MVSN-Luogotenente_generale.svg.png\" alt=\"fez colbac capomanipolo mvsn\" width=\"41\" height=\"59\" data-file-width=\"1750\" data-file-height=\"2500\" \/><\/td>\n<\/tr>\n<tr>\n<td>generale di brigata<\/td>\n<td>console generale<\/td>\n<td>console<\/p>\n<p>generale<\/td>\n<td>console generale<\/td>\n<td><small>come sopra, con 1 stelletta d&#8217;oro<\/small><\/td>\n<td><img loading=\"lazy\" decoding=\"async\" class=\"alignnone\" src=\"https:\/\/upload.wikimedia.org\/wikipedia\/commons\/thumb\/b\/be\/MVSN-Console_generale.svg\/90px-MVSN-Console_generale.svg.png\" alt=\"fez colbac capomanipolo mvsn\" width=\"41\" height=\"59\" data-file-width=\"1400\" data-file-height=\"2000\" \/><\/td>\n<\/tr>\n<tr>\n<th>Ufficiali Superiori<\/th>\n<\/tr>\n<tr>\n<td>colonnello<\/td>\n<td>console<\/td>\n<td>console<\/td>\n<td>console<\/td>\n<td><small>1 fascio littorio ricamato in oro in campo rosso<br \/>\nsormontato da 1 stella d&#8217;oro,<br \/>\ntutto in un rettangolo<br \/>\n(cm 3 x 7 ) circondato da trecciola in oro<\/small><\/td>\n<td><img loading=\"lazy\" decoding=\"async\" class=\"alignnone\" src=\"https:\/\/upload.wikimedia.org\/wikipedia\/commons\/thumb\/f\/f7\/Fascist_Rank_Consul_2.svg\/90px-Fascist_Rank_Consul_2.svg.png\" alt=\"fez colbac capomanipolo mvsn\" width=\"39\" height=\"48\" data-file-width=\"563\" data-file-height=\"688\" \/><\/td>\n<\/tr>\n<tr>\n<td>tenente colonnello<\/td>\n<td><\/td>\n<td><\/td>\n<td>primo seniore<\/td>\n<td><\/td>\n<td><img loading=\"lazy\" decoding=\"async\" class=\"alignnone\" src=\"https:\/\/upload.wikimedia.org\/wikipedia\/commons\/thumb\/2\/2a\/Fascist_Rank_First_Senior_2.svg\/90px-Fascist_Rank_First_Senior_2.svg.png\" alt=\"fez colbac capomanipolo mvsn\" width=\"38\" height=\"38\" data-file-width=\"563\" data-file-height=\"563\" \/><\/td>\n<\/tr>\n<tr>\n<td>maggiore<\/td>\n<td>seniore<\/td>\n<td>seniore<\/td>\n<td>seniore<\/td>\n<td><small>1 galloncino orizzontale d&#8217;oro alto 2\u00a0cm e 1 galloncino orizzontale d&#8217;oro<br \/>\nalto 5 mm, lunghi 12 cm, disposti parallelamente<br \/>\nalla distanza di 5\u00a0mm l&#8217;uno dall&#8217;altro<\/small><\/td>\n<td><img loading=\"lazy\" decoding=\"async\" class=\"alignnone\" src=\"https:\/\/upload.wikimedia.org\/wikipedia\/commons\/thumb\/7\/71\/Fascist_Rank_Senior_2.svg\/90px-Fascist_Rank_Senior_2.svg.png\" alt=\"fez colbac capomanipolo mvsn\" width=\"37\" height=\"37\" data-file-width=\"563\" data-file-height=\"563\" \/><\/td>\n<\/tr>\n<tr>\n<th>Ufficiali Inferiori<\/th>\n<\/tr>\n<tr>\n<td>capitano<\/td>\n<td>centurione<\/td>\n<td>centurione<\/td>\n<td>centurione<\/td>\n<td><small>come sopra ma con 3 galloncini<\/small><\/td>\n<td><img loading=\"lazy\" decoding=\"async\" class=\"alignnone\" src=\"https:\/\/upload.wikimedia.org\/wikipedia\/commons\/thumb\/4\/47\/Fascist_Rank_Centurion_2.svg\/90px-Fascist_Rank_Centurion_2.svg.png\" alt=\"fez colbac capomanipolo mvsn\" width=\"40\" height=\"40\" data-file-width=\"563\" data-file-height=\"563\" \/><\/td>\n<\/tr>\n<tr>\n<th>Ufficiali Inferiori\u00a0 Subalterni<\/th>\n<\/tr>\n<tr>\n<td>tenente<\/td>\n<td>capomanipolo<\/td>\n<td>capomanipolo<\/td>\n<td>capomanipolo<\/td>\n<td><small>come sopra ma con 2 galloncini, vedi fez da capomanipolo milizia fascista qui\u00a0 in vendita<\/small><\/td>\n<td><img loading=\"lazy\" decoding=\"async\" class=\"alignnone\" src=\"https:\/\/upload.wikimedia.org\/wikipedia\/commons\/thumb\/2\/28\/Fascist_Rank_First_Chief_Maniple_2.svg\/90px-Fascist_Rank_First_Chief_Maniple_2.svg.png\" alt=\"fez colbac capomanipolo mvsn\" width=\"38\" height=\"30\" data-file-width=\"563\" data-file-height=\"438\" \/><\/td>\n<\/tr>\n<tr>\n<td>sottotenente<\/td>\n<td><\/td>\n<td><\/td>\n<td>sottocapomanipolo<\/td>\n<td><\/td>\n<td><img loading=\"lazy\" decoding=\"async\" class=\"alignnone\" src=\"https:\/\/upload.wikimedia.org\/wikipedia\/commons\/thumb\/5\/5b\/Fascist_Rank_Second_Chief_Maniple_2.svg\/90px-Fascist_Rank_Second_Chief_Maniple_2.svg.png\" alt=\"fez colbac capomanipolo mvsn\" width=\"40\" height=\"28\" data-file-width=\"563\" data-file-height=\"400\" \/><\/td>\n<\/tr>\n<tr>\n<th>Marescialli<\/th>\n<\/tr>\n<tr>\n<td>maresciallo maggiore<\/td>\n<td><\/td>\n<td><\/td>\n<td>primo aiutante<\/td>\n<td><\/td>\n<td><img loading=\"lazy\" decoding=\"async\" class=\"alignnone\" src=\"https:\/\/upload.wikimedia.org\/wikipedia\/commons\/thumb\/4\/42\/MSVN-Primo_aiutante.svg\/90px-MSVN-Primo_aiutante.svg.png\" alt=\"fez colbac capomanipolo mvsn\" width=\"22\" height=\"51\" data-file-width=\"205\" data-file-height=\"472\" \/><\/td>\n<\/tr>\n<tr>\n<td>maresciallo capo<\/td>\n<td><\/td>\n<td><\/td>\n<td>aiutante capo<\/td>\n<td><\/td>\n<td><img loading=\"lazy\" decoding=\"async\" class=\"alignnone\" src=\"https:\/\/upload.wikimedia.org\/wikipedia\/commons\/thumb\/0\/0e\/MSVN-Aiutante_capo.svg\/90px-MSVN-Aiutante_capo.svg.png\" alt=\"fez colbac capomanipolo mvsn\" width=\"22\" height=\"50\" data-file-width=\"205\" data-file-height=\"472\" \/><\/td>\n<\/tr>\n<tr>\n<td>maresciallo ordinario<\/td>\n<td><\/td>\n<td><\/td>\n<td>aiutante<\/td>\n<td><\/td>\n<td><img loading=\"lazy\" decoding=\"async\" class=\"alignnone\" src=\"https:\/\/upload.wikimedia.org\/wikipedia\/commons\/thumb\/6\/64\/MSVN-Aiutante.svg\/90px-MSVN-Aiutante.svg.png\" alt=\"fez colbac capomanipolo mvsn\" width=\"22\" height=\"50\" data-file-width=\"205\" data-file-height=\"472\" \/><\/td>\n<\/tr>\n<tr>\n<th>Sergenti<\/th>\n<\/tr>\n<tr>\n<td>sergente maggiore<\/td>\n<td><\/td>\n<td>caposquadra<sup id=\"cite_ref-autogenerato2_20-0\" class=\"reference\"><\/sup><\/td>\n<td>primo caposquadra<\/td>\n<td><\/td>\n<td><img loading=\"lazy\" decoding=\"async\" class=\"alignnone\" src=\"https:\/\/upload.wikimedia.org\/wikipedia\/commons\/thumb\/d\/d8\/MSVN-Primo_capo_squadra.svg\/90px-MSVN-Primo_capo_squadra.svg.png\" alt=\"fez colbac capomanipolo mvsn\" width=\"33\" height=\"26\" data-file-width=\"563\" data-file-height=\"438\" \/><\/td>\n<\/tr>\n<tr>\n<td>sergente<\/td>\n<td>caposquadra<\/td>\n<td><\/td>\n<td>caposquadra<\/td>\n<td><small>1 galloncino orizzontale di argento alto 5\u00a0mm e lungo 12\u00a0cm<\/small><\/td>\n<td><img loading=\"lazy\" decoding=\"async\" class=\"alignnone\" src=\"https:\/\/upload.wikimedia.org\/wikipedia\/commons\/thumb\/6\/63\/MSVN-Capo_squadra.svg\/90px-MSVN-Capo_squadra.svg.png\" alt=\"fez colbac capomanipolo mvsn\" width=\"33\" height=\"23\" data-file-width=\"563\" data-file-height=\"400\" \/><\/td>\n<\/tr>\n<tr>\n<td>sergente<\/td>\n<td><\/td>\n<td>vicecaposquadra<sup id=\"cite_ref-autogenerato2_20-1\" class=\"reference\"><\/sup><\/td>\n<td><\/td>\n<td><small>1 galloncino orizzontale in panno rosso alto 5\u00a0mm e lungo 12\u00a0cm<\/small><sup id=\"cite_ref-autogenerato2_20-2\" class=\"reference\"><\/sup><\/td>\n<td><\/td>\n<\/tr>\n<tr>\n<th>Graduati<\/th>\n<\/tr>\n<tr>\n<td>caporal maggiore<\/td>\n<td><\/td>\n<td><\/td>\n<td>vicecaposquadra<\/td>\n<td><\/td>\n<td><img loading=\"lazy\" decoding=\"async\" class=\"alignnone\" src=\"https:\/\/upload.wikimedia.org\/wikipedia\/commons\/thumb\/c\/c3\/MSVN-Vice_capo_squadra.svg\/90px-MSVN-Vice_capo_squadra.svg.png\" alt=\"fez colbac capomanipolo mvsn\" width=\"35\" height=\"27\" data-file-width=\"563\" data-file-height=\"438\" \/><\/td>\n<\/tr>\n<tr>\n<td>caporale<\/td>\n<td><\/td>\n<td><\/td>\n<td>camicia nera scelta<\/td>\n<td><\/td>\n<td><img loading=\"lazy\" decoding=\"async\" class=\"alignnone\" src=\"https:\/\/upload.wikimedia.org\/wikipedia\/commons\/thumb\/5\/5c\/MSVN-Camicia_nera_scelta.svg\/90px-MSVN-Camicia_nera_scelta.svg.png\" alt=\"fez colbac capomanipolo mvsn\" width=\"35\" height=\"26\" data-file-width=\"563\" data-file-height=\"400\" \/><\/td>\n<\/tr>\n<tr>\n<th>Truppa<\/th>\n<\/tr>\n<tr>\n<td>appuntato<\/td>\n<td><\/td>\n<td><\/td>\n<td>camicia nera<\/td>\n<td><\/td>\n<td><img loading=\"lazy\" decoding=\"async\" class=\"alignnone\" src=\"https:\/\/upload.wikimedia.org\/wikipedia\/commons\/thumb\/f\/fa\/RC-Carabiniere.png\/90px-RC-Carabiniere.png\" alt=\"fez colbac capomanipolo mvsn\" width=\"19\" height=\"27\" data-file-width=\"250\" data-file-height=\"350\" \/><\/td>\n<\/tr>\n<tr>\n<td>soldato<\/td>\n<td>camicia nera<\/td>\n<td>camicia nera<\/td>\n<td><\/td>\n<td><\/td>\n<td><img loading=\"lazy\" decoding=\"async\" class=\"alignnone\" src=\"https:\/\/upload.wikimedia.org\/wikipedia\/commons\/thumb\/f\/fa\/RC-Carabiniere.png\/90px-RC-Carabiniere.png\" alt=\"fez colbac capomanipolo mvsn\" width=\"19\" height=\"26\" data-file-width=\"250\" data-file-height=\"350\" \/><\/td>\n<\/tr>\n<\/tbody>\n<\/table>\n<h2><\/h2>\n<p>Fonti Wikipedia<\/p>\n<p>&nbsp;<\/p>\n<p>9.19<\/p>\n","protected":false},"excerpt":{"rendered":"<p style=\"text-align: center;\"><strong>FEZ colbac\u00a0<\/strong> per\u00a0 <strong>CAPOMANIPOLO <\/strong>della <strong>MVSN<\/strong> Milizia Volontaria Sicurezza Nazionale, ruolo <strong>FF.GG.C.\u00a0<\/strong> <em>Fasci Giovanili di Combattimento<\/em>. Modello 35, FEZ COLBAC con doppia frangia o frangia che si apre in due, come viene anche illustrato nei disegni del regolamento della MVSN del <strong>1935<\/strong>. Marcato all&#8217;interno con <strong>Produzione Italiana Qualit\u00e0 Superiore<\/strong> . Taglia 55. In splendide condizioni generali, senza tarmature o danni evidenti.<\/p>\n<p style=\"text-align: center;\"><strong><em>(Scorri la pagina in basso per ulteriori dettagli e informazioni)<\/em><\/strong><\/p>\n<p align=\"justify\">\n","protected":false},"featured_media":3876,"comment_status":"open","ping_status":"closed","template":"","meta":[],"product_cat":[586],"product_tag":[162,155,159,158,193,160,157,156,195],"yoast_head":"<!-- This site is optimized with the Yoast SEO plugin v21.9.1 - https:\/\/yoast.com\/wordpress\/plugins\/seo\/ -->\n<title>\u274c\ud83d\ude41FEZ Colbac Capomanipolo MVSN ruolo FF.GG.C. 1935 - Thefinitive %<\/title>\n<meta name=\"description\" content=\"fez colbac capomanipolo della MVSN milizia fascista ruolo FF.GG.C. Fasci Giovanili Combattimento - modello 1935 - Original italian fascist fez hat\" \/>\n<meta name=\"robots\" content=\"index, follow, max-snippet:-1, max-image-preview:large, max-video-preview:-1\" \/>\n<link rel=\"canonical\" href=\"https:\/\/thefinitive.com\/en\/prodotto\/fez-colbac-capomanipolo-mvsn-ruolo-ff-gg-c-1935\/\" \/>\n<meta property=\"og:locale\" content=\"en_US\" \/>\n<meta property=\"og:type\" content=\"article\" \/>\n<meta property=\"og:title\" content=\"\u274c\ud83d\ude41FEZ Colbac Capomanipolo MVSN ruolo FF.GG.C. 1935 - Thefinitive %\" \/>\n<meta property=\"og:description\" content=\"fez colbac capomanipolo della MVSN milizia fascista ruolo FF.GG.C. Fasci Giovanili Combattimento - modello 1935 - Original italian fascist fez hat\" \/>\n<meta property=\"og:url\" content=\"https:\/\/thefinitive.com\/en\/prodotto\/fez-colbac-capomanipolo-mvsn-ruolo-ff-gg-c-1935\/\" \/>\n<meta property=\"og:site_name\" content=\"Thefinitive\" \/>\n<meta property=\"article:publisher\" content=\"https:\/\/business.facebook.com\/Thefinitive-111771813534320\/\" \/>\n<meta property=\"article:modified_time\" content=\"2023-03-20T14:59:21+00:00\" \/>\n<meta property=\"og:image\" content=\"https:\/\/thefinitive.com\/wp-content\/uploads\/2019\/09\/20190907_094630.jpg\" \/>\n\t<meta property=\"og:image:width\" content=\"2160\" \/>\n\t<meta property=\"og:image:height\" content=\"2160\" \/>\n\t<meta property=\"og:image:type\" content=\"image\/jpeg\" \/>\n<meta name=\"twitter:card\" content=\"summary_large_image\" \/>\n<meta name=\"twitter:label1\" content=\"Est. reading time\" \/>\n\t<meta name=\"twitter:data1\" content=\"9 minutes\" \/>\n<script type=\"application\/ld+json\" class=\"yoast-schema-graph\">{\"@context\":\"https:\/\/schema.org\",\"@graph\":[{\"@type\":\"WebPage\",\"@id\":\"https:\/\/thefinitive.com\/en\/prodotto\/fez-colbac-capomanipolo-mvsn-ruolo-ff-gg-c-1935\/\",\"url\":\"https:\/\/thefinitive.com\/en\/prodotto\/fez-colbac-capomanipolo-mvsn-ruolo-ff-gg-c-1935\/\",\"name\":\"\u274c\ud83d\ude41FEZ Colbac Capomanipolo MVSN ruolo FF.GG.C. 1935 - Thefinitive %\",\"isPartOf\":{\"@id\":\"https:\/\/thefinitive.com\/en\/#website\"},\"datePublished\":\"2019-09-25T16:12:05+00:00\",\"dateModified\":\"2023-03-20T14:59:21+00:00\",\"description\":\"fez colbac capomanipolo della MVSN milizia fascista ruolo FF.GG.C. Fasci Giovanili Combattimento - modello 1935 - Original italian fascist fez hat\",\"breadcrumb\":{\"@id\":\"https:\/\/thefinitive.com\/en\/prodotto\/fez-colbac-capomanipolo-mvsn-ruolo-ff-gg-c-1935\/#breadcrumb\"},\"inLanguage\":\"en-US\",\"potentialAction\":[{\"@type\":\"ReadAction\",\"target\":[\"https:\/\/thefinitive.com\/en\/prodotto\/fez-colbac-capomanipolo-mvsn-ruolo-ff-gg-c-1935\/\"]}]},{\"@type\":\"BreadcrumbList\",\"@id\":\"https:\/\/thefinitive.com\/en\/prodotto\/fez-colbac-capomanipolo-mvsn-ruolo-ff-gg-c-1935\/#breadcrumb\",\"itemListElement\":[{\"@type\":\"ListItem\",\"position\":1,\"name\":\"Home\",\"item\":\"https:\/\/thefinitive.com\/en\/\"},{\"@type\":\"ListItem\",\"position\":2,\"name\":\"Shop\",\"item\":\"https:\/\/thefinitive.com\/en\/shop-2\/\"},{\"@type\":\"ListItem\",\"position\":3,\"name\":\"\u274c\ud83d\ude41FEZ Colbac Capomanipolo MVSN ruolo FF.GG.C. 1935\"}]},{\"@type\":\"WebSite\",\"@id\":\"https:\/\/thefinitive.com\/en\/#website\",\"url\":\"https:\/\/thefinitive.com\/en\/\",\"name\":\"Thefinitive\",\"description\":\"Antiquariato Online\",\"publisher\":{\"@id\":\"https:\/\/thefinitive.com\/en\/#organization\"},\"potentialAction\":[{\"@type\":\"SearchAction\",\"target\":{\"@type\":\"EntryPoint\",\"urlTemplate\":\"https:\/\/thefinitive.com\/en\/?s={search_term_string}\"},\"query-input\":\"required name=search_term_string\"}],\"inLanguage\":\"en-US\"},{\"@type\":\"Organization\",\"@id\":\"https:\/\/thefinitive.com\/en\/#organization\",\"name\":\"Thefinitive\",\"url\":\"https:\/\/thefinitive.com\/en\/\",\"logo\":{\"@type\":\"ImageObject\",\"inLanguage\":\"en-US\",\"@id\":\"https:\/\/thefinitive.com\/en\/#\/schema\/logo\/image\/\",\"url\":\"https:\/\/thefinitive.com\/wp-content\/uploads\/2019\/07\/logo4vett.svg\",\"contentUrl\":\"https:\/\/thefinitive.com\/wp-content\/uploads\/2019\/07\/logo4vett.svg\",\"width\":500,\"height\":100,\"caption\":\"Thefinitive\"},\"image\":{\"@id\":\"https:\/\/thefinitive.com\/en\/#\/schema\/logo\/image\/\"},\"sameAs\":[\"https:\/\/business.facebook.com\/Thefinitive-111771813534320\/\",\"https:\/\/www.instagram.com\/_thefinitive_\/\"]}]}<\/script>\n<!-- \/ Yoast SEO plugin. -->","yoast_head_json":{"title":"\u274c\ud83d\ude41FEZ Colbac Capomanipolo MVSN ruolo FF.GG.C. 1935 - Thefinitive %","description":"fez colbac capomanipolo della MVSN milizia fascista ruolo FF.GG.C. Fasci Giovanili Combattimento - modello 1935 - Original italian fascist fez hat","robots":{"index":"index","follow":"follow","max-snippet":"max-snippet:-1","max-image-preview":"max-image-preview:large","max-video-preview":"max-video-preview:-1"},"canonical":"https:\/\/thefinitive.com\/en\/prodotto\/fez-colbac-capomanipolo-mvsn-ruolo-ff-gg-c-1935\/","og_locale":"en_US","og_type":"article","og_title":"\u274c\ud83d\ude41FEZ Colbac Capomanipolo MVSN ruolo FF.GG.C. 1935 - Thefinitive %","og_description":"fez colbac capomanipolo della MVSN milizia fascista ruolo FF.GG.C. Fasci Giovanili Combattimento - modello 1935 - Original italian fascist fez hat","og_url":"https:\/\/thefinitive.com\/en\/prodotto\/fez-colbac-capomanipolo-mvsn-ruolo-ff-gg-c-1935\/","og_site_name":"Thefinitive","article_publisher":"https:\/\/business.facebook.com\/Thefinitive-111771813534320\/","article_modified_time":"2023-03-20T14:59:21+00:00","og_image":[{"width":2160,"height":2160,"url":"https:\/\/thefinitive.com\/wp-content\/uploads\/2019\/09\/20190907_094630.jpg","type":"image\/jpeg"}],"twitter_card":"summary_large_image","twitter_misc":{"Est. reading time":"9 minutes"},"schema":{"@context":"https:\/\/schema.org","@graph":[{"@type":"WebPage","@id":"https:\/\/thefinitive.com\/en\/prodotto\/fez-colbac-capomanipolo-mvsn-ruolo-ff-gg-c-1935\/","url":"https:\/\/thefinitive.com\/en\/prodotto\/fez-colbac-capomanipolo-mvsn-ruolo-ff-gg-c-1935\/","name":"\u274c\ud83d\ude41FEZ Colbac Capomanipolo MVSN ruolo FF.GG.C. 1935 - Thefinitive %","isPartOf":{"@id":"https:\/\/thefinitive.com\/en\/#website"},"datePublished":"2019-09-25T16:12:05+00:00","dateModified":"2023-03-20T14:59:21+00:00","description":"fez colbac capomanipolo della MVSN milizia fascista ruolo FF.GG.C. Fasci Giovanili Combattimento - modello 1935 - Original italian fascist fez hat","breadcrumb":{"@id":"https:\/\/thefinitive.com\/en\/prodotto\/fez-colbac-capomanipolo-mvsn-ruolo-ff-gg-c-1935\/#breadcrumb"},"inLanguage":"en-US","potentialAction":[{"@type":"ReadAction","target":["https:\/\/thefinitive.com\/en\/prodotto\/fez-colbac-capomanipolo-mvsn-ruolo-ff-gg-c-1935\/"]}]},{"@type":"BreadcrumbList","@id":"https:\/\/thefinitive.com\/en\/prodotto\/fez-colbac-capomanipolo-mvsn-ruolo-ff-gg-c-1935\/#breadcrumb","itemListElement":[{"@type":"ListItem","position":1,"name":"Home","item":"https:\/\/thefinitive.com\/en\/"},{"@type":"ListItem","position":2,"name":"Shop","item":"https:\/\/thefinitive.com\/en\/shop-2\/"},{"@type":"ListItem","position":3,"name":"\u274c\ud83d\ude41FEZ Colbac Capomanipolo MVSN ruolo FF.GG.C. 1935"}]},{"@type":"WebSite","@id":"https:\/\/thefinitive.com\/en\/#website","url":"https:\/\/thefinitive.com\/en\/","name":"Thefinitive","description":"Antiquariato Online","publisher":{"@id":"https:\/\/thefinitive.com\/en\/#organization"},"potentialAction":[{"@type":"SearchAction","target":{"@type":"EntryPoint","urlTemplate":"https:\/\/thefinitive.com\/en\/?s={search_term_string}"},"query-input":"required name=search_term_string"}],"inLanguage":"en-US"},{"@type":"Organization","@id":"https:\/\/thefinitive.com\/en\/#organization","name":"Thefinitive","url":"https:\/\/thefinitive.com\/en\/","logo":{"@type":"ImageObject","inLanguage":"en-US","@id":"https:\/\/thefinitive.com\/en\/#\/schema\/logo\/image\/","url":"https:\/\/thefinitive.com\/wp-content\/uploads\/2019\/07\/logo4vett.svg","contentUrl":"https:\/\/thefinitive.com\/wp-content\/uploads\/2019\/07\/logo4vett.svg","width":500,"height":100,"caption":"Thefinitive"},"image":{"@id":"https:\/\/thefinitive.com\/en\/#\/schema\/logo\/image\/"},"sameAs":["https:\/\/business.facebook.com\/Thefinitive-111771813534320\/","https:\/\/www.instagram.com\/_thefinitive_\/"]}]}},"_links":{"self":[{"href":"https:\/\/thefinitive.com\/en\/wp-json\/wp\/v3\/product\/3873"}],"collection":[{"href":"https:\/\/thefinitive.com\/en\/wp-json\/wp\/v3\/product"}],"about":[{"href":"https:\/\/thefinitive.com\/en\/wp-json\/wp\/v2\/types\/product"}],"replies":[{"embeddable":true,"href":"https:\/\/thefinitive.com\/en\/wp-json\/wp\/v2\/comments?post=3873"}],"version-history":[{"count":1,"href":"https:\/\/thefinitive.com\/en\/wp-json\/wp\/v3\/product\/3873\/revisions"}],"predecessor-version":[{"id":14861,"href":"https:\/\/thefinitive.com\/en\/wp-json\/wp\/v3\/product\/3873\/revisions\/14861"}],"wp:featuredmedia":[{"embeddable":true,"href":"https:\/\/thefinitive.com\/en\/wp-json\/wp\/v2\/media\/3876"}],"wp:attachment":[{"href":"https:\/\/thefinitive.com\/en\/wp-json\/wp\/v2\/media?parent=3873"}],"wp:term":[{"taxonomy":"product_cat","embeddable":true,"href":"https:\/\/thefinitive.com\/en\/wp-json\/wp\/v2\/product_cat?post=3873"},{"taxonomy":"product_tag","embeddable":true,"href":"https:\/\/thefinitive.com\/en\/wp-json\/wp\/v2\/product_tag?post=3873"}],"curies":[{"name":"wp","href":"https:\/\/api.w.org\/{rel}","templated":true}]}}