{"id":3863,"date":"2019-09-18T21:19:43","date_gmt":"2019-09-18T21:19:43","guid":{"rendered":"https:\/\/www.thefinitive.com\/?post_type=product&#038;p=3863"},"modified":"2023-03-20T15:59:33","modified_gmt":"2023-03-20T14:59:33","slug":"console-generale-mvsn-fascista-berretto-general-visor-hat","status":"publish","type":"product","link":"https:\/\/thefinitive.com\/en\/prodotto\/console-generale-mvsn-fascista-berretto-general-visor-hat\/","title":{"rendered":"\u274c\ud83d\ude41Console Generale MVSN fascista berretto &#8211; General Visor Hat"},"content":{"rendered":"<p>Berretto grigio verde, a visiera, per\u00a0<strong> CONSOLE GENERALE<\/strong>\u00a0 della <strong>MVSN<\/strong>\u00a0 Milizia Volontaria Sicurezza Nazionale, ventennio fascista. Aquila in canutiglia dorata su panno rosso, ali aperte leggermente raccolte, poggiante su fascio con scure al centro e lama a doppio taglio, ad identificare il <strong>Modello 40<\/strong> ovvero in uso dal <strong>1940<\/strong> . Il berretto in fine stoffa sartoriale grigio verde, con tamburo avente la <strong>Greca<\/strong> <strong>Littoria<\/strong> con <strong>un<\/strong> <strong>galloncino<\/strong> , ricamati in canutiglia dorata, a determinarne il grado di console generale della MVSN fascista. Fregio frontale in canutiglia dorata, con aquila ad ali aperte, poggiata su di un fascio littorio con scure al centro rivolta verso il basso, sottopannato su robbio, conforme al regolamento della MVSN. Taglia 58 circa. Produzione della ditta S. CARDIA &#8211; Roma , con alluda in fine cuoio marcata <strong>S. CARDIA<\/strong> cos\u00ec come la fodera interna. Condizioni perfette.<\/p>\n<p>Come da disposizioni ufficiali della MVSN emanate nel <strong>1938<\/strong>, a seguire alla circolare n\u00b084 del 16\/5\/1938 che istituiva il berretto bianco per l\u2019uniforme estiva ed il berretto nero per l\u2019uniforme nera da visita e da cerimonia, con la circolare n\u00b04330 del 18 settembre 1938, il Comando Generale istitu\u00ec il <strong>berretto in diagonale grigioverde<\/strong>, che andava indossato con l\u2019uniforme ordinaria invernale e con quella di marcia (ma non sotto le armi) mentre il fez colbacco (con la circolare n\u00b0 101\/1940 definito come berretto da parata) doveva essere indossato da tutti gli ufficiali con la grande uniforme (esclusa quella estiva).<\/p>\n<p>Le caratteristiche del nuovo berretto erano le seguenti:<\/p>\n<ul>\n<li>Cupola di diagonalino g.v. con cordonatura alla circonferenza del piatto dello spessore di mm.3;<\/li>\n<li>Cordonatura in seta rossa con contorno in oro per il Primo Caporale d\u2019Onore, in seta nera con contorno in oro per i Caporali d\u2019Onore, in oro per gli Ufficiali Generali ed i Consoli fgs., ed in castoro nero per tutti gli altri ufficiali.<\/li>\n<li>Fascia di castorino nero;<\/li>\n<li>Visiera in cuoio nero lucido;<\/li>\n<li>Sottogola: in trecciola di seta rossa a doppio ordine per il Primo Caporale d\u2019Onore, in trecciola di seta nera a doppio ordine per i Caporali d\u2019Onore, in trecciola dorata a doppio ordine per i Luogotenenti Generali, in trecciola dorata ad un solo ordine per i Consoli Generali ed i Consoli fgs., ed in cuoio nero lucido per tutti gli altri ufficiali.<\/li>\n<li>Distintivi di grado: cordonatura ricamata in seta rossa con contorno in oro dell\u2019altezza di mm. 4 applicata alle estremit\u00e0 superiore ed inferiore della fascia per il Primo Caporale d\u2019Onore, in seta nera con contorno in oro per i Caporali d\u2019Onore ed in oro per gli Ufficiali Generali ed i Consoli fgs..<\/li>\n<li>Fregi: <strong>aquila ricamata in oro su panno rosso scarlatto<\/strong> sormontata da quattro fascetti di metallo dorato per il Primo Caporale d\u2019Onore, aquila come sopra, <strong>senza i fascetti<\/strong>, per i Caporali d\u2019Onore, <strong>per gli Ufficiali Generali<\/strong> e per i Consoli fgs..<\/li>\n<\/ul>\n<p>Il <strong>21 gennaio<\/strong> <strong>1940<\/strong>, con la circolare n\u00b0101, il Comando Generale della Milizia dispose alcune aggiunte e varianti :<\/p>\n<ul>\n<li>il berretto grigio verde senza filettatura attorno al tondino, con visiera e soggolo in cuoio nero lucido<\/li>\n<li>i distintivi di grado, ricamati in oro su panno grigio verde, rappresentati da una greca littoria, alta mm.30, sormontata da <strong>un galloncino dorato per il Console Generale<\/strong>, da due galloncini per i Luogotenenti Generali e da tre galloncini per i Comandanti Generali della MVSN fascista<\/li>\n<li>il fregio un\u2019aquila ricamata in oro su panno rosso sporgente di mm.2.<\/li>\n<\/ul>\n<p>Nel <strong>1941<\/strong> venne emanato dal Comando Generale \u201c<strong>L\u2019Istruzione sull\u2019uniforme della M.V.S.N<\/strong>\u201d.<\/p>\n<p>Al Capo 1, relativo alla uniforme degli Ufficiali, vennero confermati il berretto g.v., da portarsi con l\u2019uniforme ordinaria g.v., con l\u2019uniforme da marcia e con la grande uniforme per il tempo di guerra, ed il fregio dell\u2019aquila imperiale su fascio littorio ricamata in oro su panno rosso (solo per gli ufficiali in s.p.e.) e sormontata o meno dai quattro fascetti a seconda del grado.<\/p>\n<p>Come distintivi di grado, in gallone dorato tessuto su fondo grigio verde, furono rappresentati i seguenti:<\/p>\n<ul>\n<li>Primo Caporale d\u2019Onore: cordonatura in castoro rosso applicata alle estremit\u00e0 superiore ed inferiore della fascia nera; sottogola in trecciola di castoro rosso<\/li>\n<li>Caporale d\u2019Onore: cordonatura in seta nera applicata alle estremit\u00e0 superiore ed inferiore della fascia nera; sottogola formato da doppio cordoncino d\u2019oro del diametro di mm.4 con passanti a nodo scorrevole<\/li>\n<li>Ufficiali Generali: greca littoria alta mm.33 ricamata in oro su panno g.v. sormontata da uno o pi\u00f9 galloncini in oro alti mm.4 a seconda del grado; tra la greca ed il galloncino e tra l\u2019uno e l\u2019altro dei galloncini uno spazio di mm.2.<\/li>\n<\/ul>\n<p>( fonte\u00a0 <a href=\"http:\/\/carlorastrelli.it\/il-berretto-grigioverde-da-generale-della-mvsn\/\">Il Berretto Grigioverde da Generale<\/a> , Carlo Rastrelli)<\/p>\n<p>L\u2019aquila romana, sormontata dalla stella d\u2019Italia e recante tra gli artigli il fascio littorio, viene introdotta come distintivo di grado per i soli quattro Ispettori Generali che compongono il comando generale sin dal gennaio <strong>1922<\/strong> allorquando, nel celebre incontro di villa \u201cCarola\u201d ad Oneglia, il generale Gandolfo, i tenenti Balbo e Igliori ed il marchese Perrone Compagni, su incarico di Mussolini, provvedono ad organizzare militarmente le squadre d\u2019azione. Con il primo \u201cRegolamento sull\u2019Uniforme degli ufficiali e della truppa della M.V.S.N.\u201d, allegato B) al Regolamento di Disciplina approvato con R.D. n.831 dell\u20198 marzo 1923, si dispone che il fregio degli ufficiali generali \u00e8 un\u2019aquila romana con fascio littorio tra gli artigli ricamati in oro su panno nero o grigioverde a seconda del colore e del tipo di copricapo (fez o cappello alpino).<\/p>\n<p>Il fascio adottato porta la scure sopra le verghe; solo nel <strong>1927<\/strong>, con la circolare n.10\u00a0 del 1 febbraio, viene adottato il <strong>nuovo fascio con la scure laterale<\/strong> sebbene i vecchi fregi vengono tollerati sino a consumazione. Nel <strong>1930<\/strong>, con la circolare n.30 del 1 giugno, si stabilisce che gli ufficiali generali in s.p.e. portano il fregio su panno color robbio; le circolari ed i regolamenti successivi parlano, al riguardo, indifferentemente di panno color robbio o rosso. Le modifiche apportate dalle circolari del 1927 e del 1930 sono recepite dal \u201c<strong>Regolamento sull\u2019Uniforme ed Istruzione sulla Divisa della M.V.S.N.<\/strong>\u201d approvato con R.D. del 3 luglio <strong>1931<\/strong>. Al punto 16 dell\u2019Istruzione sulla divisa si dispone infatti che il Primo caporale d\u2019onore, i caporali d\u2019onore e gli ufficiali generali (comandanti generali, luogotenenti generali e consoli generali) portano come <strong>fregio da copricapo l\u2019aquila romana, con fascio littorio fra gli artigli, ricamata in oro; la scure \u00e8 ricamata in argento ed ha il taglio rivolto verso il basso<\/strong>.<\/p>\n<p>Il fregio \u00e8 montato su fondo rosso di panno rasato sporgente mm.2 per gli ufficiali in s.p.e. e nei quadri. Gli ufficiali generali , (luogotenente e console generale, MVSN fascista) della riserva portano il fregio senza alcun fondo e dunque dello stesso colore del copricapo. Gli ufficiali generali delle Milizie Portuale e Stradale portano lo stesso fregio dei generali della Milizia ordinaria ma con l\u2019aggiunta di una corona reale sovrastante l\u2019aquila.<\/p>\n<p>Pochi anni dopo, il 1 giugno <strong>1935<\/strong>, il Comando Generale della Milizia emana il nuovo \u201cRegolamento sull\u2019Uniforme\u201d per i soli ufficiali. Viene confermato per il Primo caporale d\u2019onore, per i caporali d\u2019onore e per gli ufficiali generali in s.p.e. il fregio dell\u2019aquila romana, sebbene con le ali pi\u00f9 raccolte rispetto al 1931, ricamata in oro, salvo la scure ricamata in argento, su panno color robbio sporgente mm.1. I generali della riserva (luogotenente e console generale, MVSN fascista) portano il fregio sempre senza fondo.<\/p>\n<p>Nel <strong>1938<\/strong>, con la circolare n.84 del 16 Maggio, istitutiva del berretto rigido bianco per l\u2019uniforme estiva in sostituzione del fez, e con le successive del 18 settembre 1938, istitutiva del berretto g.v. per tutti gli ufficiali della M.V.S.N., e del <strong>21 gennaio 1940<\/strong>, n.101, vengono adottati i nuovi ed ultimi fregi della M.V.S.N.: aquila romana ricamata in oro su panno rosso sporgente mm.2 sormontata da quattro fascetti in metallo dorato, applicati a guisa di corona, per il Primo caporale d\u2019onore; aquila come sopra ma senza i fascetti per i caporali d\u2019onore e per gli ufficiali generali della Milizia Ordinaria e specialit\u00e0 e per i consoli f.g.s..<\/p>\n<p>La novit\u00e0 pi\u00f9 evidente \u00e8 nella <strong>scure<\/strong>, sempre <strong>posizionata verso il basso e ricamata in argento ma a doppio taglio<\/strong>.<\/p>\n<p>&nbsp;<\/p>\n<h2>NOTIZIE<\/h2>\n<p>Estratto dal regolamento ufficiale della MVSN del 1935 :<\/p>\n<p><em><span style=\"font-family: Verdana; font-size: small;\"><span style=\"vertical-align: inherit;\">( omissis )<\/span><\/span><\/em><\/p>\n<h3 style=\"text-align: left;\" align=\"center\"><b><span style=\"font-family: Verdana; font-size: small;\">Capitolo II.\u00a0 <\/span><\/b><span style=\"font-family: Verdana; font-size: small;\"><b>Descrizione dei particolari di uniforme\u00a0<\/b><\/span><\/h3>\n<p style=\"text-align: left;\" align=\"center\"><em>( omissis )<\/em><\/p>\n<p style=\"text-align: left;\" align=\"center\"><strong>9. &#8211; COPRICAPO<\/strong>:<\/p>\n<p style=\"text-align: left;\" align=\"center\">a) <strong>Berretto<\/strong><br \/>\n\u00e8 di foggia uguale a quella stabilita per gli Ufficiali del R. Esercito, di stoffa diagonale g. v. per l&#8217;uniforme g. v., di tela bianca per l&#8217;uniforme estiva;<\/p>\n<p style=\"text-align: left;\" align=\"center\"><em>(omissis)<\/em><\/p>\n<h3 style=\"text-align: left;\" align=\"center\"><b><span style=\"font-family: Verdana; font-size: small;\">Capitolo III.\u00a0 Distintivi, Fregi e Filettature.<\/span><\/b><\/h3>\n<p style=\"text-align: left;\" align=\"center\"><em>( omissis )<\/em><\/p>\n<p><span style=\"font-family: Verdana; font-size: small;\"><strong>4.<\/strong> &#8211; <strong>FREGI PER COP<\/strong><\/span><span style=\"font-family: Verdana; font-size: small;\"><strong>RICAPO, CONTROSPALLINE E SPALLINE<\/strong>.\u00a0<\/span><span style=\"font-family: Verdana; font-size: small;\">I fregi per copricapo e controspalline sono ricamati in oro, salvo le parti qui appresso specificate che sono ricamate in argento; quelli per spalline sono in metallo, rispettivamente, dorato o bianco:<\/span><\/p>\n<ul>\n<li>a) la scure del fascio per tutti;<\/li>\n<li>b) la stella alpina per la Milizia confinaria;<\/li>\n<li>c)\u00a0 le lame delle spade ed il teschio per i Moschettieri;<\/li>\n<li>d)\u00a0 la lama del gladio<\/li>\n<\/ul>\n<p align=\"justify\"><em><span style=\"font-family: Verdana; font-size: small;\"><span style=\"vertical-align: inherit;\">( omissis )<\/span><\/span><\/em><\/p>\n<p align=\"justify\"><span style=\"font-family: Verdana; font-size: small;\">Per tutti gli Ufficiali superiori ed inferiori i fregi da copricapo devono essere ricamati in oro su panno g. v. o nero, secondo il colore del copricapo (e.g. fez per tutti dal sottufficiale al console al generale di colore nero, cappello alpino per fascista colore g.v.) e su panno g. v. per il berretto bianco dell&#8217;uniforme estiva. Per il 1\u00b0 Caporale d&#8217;onore, i Caporali d&#8217;onore, gli <strong>Ufficiali generali<\/strong> in s.p.e. e del Ruolo speciale, detti fregi sono ricamati su <strong>panno rebbio<\/strong>, sporgente mm. i su tutte le uniformi come gi\u00e0 detto per i comandanti di corpo e capi servizio.<\/span><\/p>\n<p align=\"justify\"><em><span style=\"font-family: Verdana; font-size: small;\"><span style=\"vertical-align: inherit;\"><span style=\"vertical-align: inherit;\">( omissis )<\/span><\/span><\/span><\/em><\/p>\n<p align=\"justify\"><span style=\"font-family: Verdana; font-size: small;\"><strong>5.<\/strong> &#8211; <strong>DISTINTIVI DI GRADO.<\/strong> &#8211; I distintivi di grado sono su panno dello stesso colore della parte di vestiario sul quale sono applicati; ad eccezione di quelli del 1\u00b0 Caporale d&#8217;onore e dei Caporali d&#8217;onore che sono sempre su panno nero; per il berretto bianco sono su panno grigio verde<\/span><\/p>\n<p align=\"justify\"><span style=\"font-family: Verdana; font-size: small;\"><strong>a)<\/strong> <strong>Distintivi per fez e cappello alpino<\/strong><br \/>\nil distintivo di grado \u00e8 da tutti portato sul lato sinistro del copricapo (fez e cappello alpino fascista) e per tutti i gradi, esclusi gli Ufficiali generali (luogotenente e console generale) ed i consoli, \u00e8 fatto ad angolo col vertice in alto.<\/span><\/p>\n<p align=\"justify\"><span style=\"font-family: Verdana; font-size: small;\">Per gli Ufficiali generali (luogotenente e console generale) e consoli \u00e8 applicato obliquamente sul lato sinistro del copricapo (fez e cappello alpino fascista) in modo che i lati pi\u00f9 corti risultino verticali. I distintivi sono:<\/span><\/p>\n<p align=\"justify\"><span style=\"font-family: Verdana; font-size: small;\">1) Primo Caporale d&#8217;onore:<br \/>\nun gallone di seta rossa alto mm. 17 ed uno alto mm. 5 ad una distanza di mm. 3; nell&#8217;angolo formato dal gallone \u00e8 ricamata in oro un&#8217;aquila filettata in rosso.<\/span><\/p>\n<p align=\"justify\"><span style=\"font-family: Verdana; font-size: small;\">2) Caporale d&#8217;onore:<br \/>\ngallone uguale al precedente: nell&#8217;angolo \u00e8 ricamato in oro un fascio littorio filettato in rosso con la scure volta indietro.<\/span><\/p>\n<p align=\"justify\"><span style=\"font-family: Verdana; font-size: small;\">3) Comandante generale:<br \/>\ngallone a losanga ricamato in argento delle dimensioni di mm. 90 x 30 con orlatura in oro opaco di mm. 2,5 e fregio al centro, di aquila rivolta in avanti ricamata in oro con bordatura robbio.<br \/>\nIl gallone \u00e8 sormontato da tre galloncini ricamati in oro opaco, alti mm. 3 e distanti fra loro mm. 2,5.<br \/>\nTutto il distintivo \u00e8 filettato in robbio.<\/span><\/p>\n<p align=\"justify\"><span style=\"font-family: Verdana; font-size: small;\">4) <\/span><span style=\"font-family: Verdana; font-size: small;\">Luogotenente g<\/span><span style=\"font-family: Verdana; font-size: small;\">en<\/span><span style=\"font-family: Verdana; font-size: small;\">erale: <\/span><span style=\"font-family: Verdana; font-size: small;\">com<\/span><span style=\"font-family: Verdana; font-size: small;\">e il precedente, con due soli galloncini. Il Luogotenente generale, Capo di S. M., porta sopra i due galloncini la corona Reale ricamata in oro e filettata in robbio.<\/span><\/p>\n<p align=\"justify\"><span style=\"font-family: Verdana; font-size: small;\">5) Console generale:<br \/>\ncome per i Luogotenenti generali, ma con un solo galloncino.<\/span><\/p>\n<p align=\"justify\"><span style=\"font-family: Verdana; font-size: small;\">6) Console:<br \/>\ngallone a losanga di panno robbio con orlatura di oro opaco della forma e dimensioni uguali a quelle dei generali, con al centro un fascio littorio ricarnato pure in oro opaco. Il gallone \u00e8 sormontato da tre galloncini di mm. 3 distanti fra loro mm. 2,5.<\/span><\/p>\n<p><strong>b) Distintivi per berretto<\/strong><\/p>\n<p>sono della forma e dimensioni prescritti per i gradi corrispondenti del R. Esercito;<\/p>\n<p>&nbsp;<\/p>\n<h2><span id=\"Origini_e_costituzione\" class=\"mw-headline\">Milizia Volontaria Sicurezza Nazionale<\/span><\/h2>\n<p>La\u00a0<b>Milizia volontaria per la sicurezza nazionale<\/b>\u00a0(in acronimo\u00a0<b>MVSN<\/b>, spesso genericamente identificata con la locuzione\u00a0<b>camicie nere<\/b>\u00a0a causa delle camicie di colore nero adottate quale parte della\u00a0divisa, come spesso indicato anche nella\u00a0storiografia\u00a0non italiana) \u00e8 stato un corpo di\u00a0gendarmeria\u00a0a ordinamento militare e dal 1924 una\u00a0forza armata\u00a0dell&#8217;Italia fascista.<\/p>\n<p>La sua fondazione fu decisa e annunciata dal Consiglio dei ministri del 28 dicembre\u00a01922\u00a0presieduto da\u00a0Benito Mussolini\u00a0e decretata dal re\u00a0Vittorio Emanuele III\u00a0con regio decreto-legge il 14 gennaio 1923, n. 31<sup id=\"cite_ref-1\" class=\"reference\"><\/sup>\u00a0(poi convertito in legge il 17 aprile 1925<sup id=\"cite_ref-2\" class=\"reference\"><\/sup>) entrato in vigore il 1\u00ba febbraio 1923.<\/p>\n<p>Accorp\u00f2, nel 1923, la disciolta Milizia dei\u00a0Sempre Pronti per la Patria e per il Re\u00a0dell&#8217;Associazione Nazionalista Italiana.<\/p>\n<p>Inizialmente pensata come milizia a uso esclusivo del\u00a0Partito Nazionale Fascista (rispondeva solo al\u00a0Presidente del Consiglio dei ministri e a lui solo era dovuto il giuramento, in contrasto con l&#8217;obbligo di giuramento al sovrano), nel tempo\u00a0perse la sua esclusivit\u00e0 nei compiti e fin\u00ec col mescolarsi quasi del tutto con il\u00a0Regio Esercito.<\/p>\n<h2><span id=\"Origini_e_costituzione\" class=\"mw-headline\">Origini e costituzione<\/span><\/h2>\n<p>La Milizia Volontaria per la Sicurezza Nazionale nasceva dall&#8217;esigenza del Partito Nazionale Fascista, di irregimentare le squadre d&#8217;azione in una vera e propria milizia riconosciuta dallo Stato. Benito Mussolini incaricava una commissione\u00a0 composta da Emilio De Bono,\u00a0Cesare Maria De Vecchi,\u00a0Aldo Finzi,\u00a0Italo Balbo\u00a0e\u00a0Attilio Teruzzi, di studiare il problema.<\/p>\n<p>La commissione realizzava un progetto sulla formazione e organizzazione di un corpo di volontari, inquadrato nell&#8217;esercito nazionale mediante reclutamento, in una fascia di et\u00e0 tra i 17 e i 50 anni, analogamente ad altri Stati che godevano di analoghe milizie. Questo avvenne per i primi quattro anni. Il servizio di leva obbligatorio poteva essere svolto anche nella milizia.<\/p>\n<p>La M.V.S.N. venne creata il 1\u00ba febbraio del 1923, sulla base delle vecchie squadre d\u2019azione fasciste, per concorrere a &#8220;mantenere all&#8217;interno l&#8217;ordine pubblico&#8221;. Il primo comandante generale fu Italo Balbo.<\/p>\n<p>Con R.D. del 4 aprile 1924 la M.V.S.N. entr\u00f2 a far parte delle Forze armate\u00a0dello Stato, per cui le Camicie Nere prestavano giuramento al re e non al Partito fascista, e la Milizia divenne la quarta forza armata italiana. Inizialmente fu costituita da volontari reduci della prima guerra mondiale e da ufficiali del Regio Esercito, promossi di un grado per aderirvi.<\/p>\n<h2><span id=\"Organizzazione\" class=\"mw-headline\">Organizzazione<\/span><\/h2>\n<p>La M.V.S.N. era strutturata su base volontaria e territoriale, formata da iscritti al Partito Nazionale Fascista tra i 16 e i 50 anni; oltre i 36 anni il milite entrava nelle unit\u00e0 territoriali sino ai 55 anni, con il nome di triario.<\/p>\n<div class=\"thumb tleft\">\n<div class=\"thumbinner\">\n<div class=\"thumbcaption\">\n<div class=\"magnify\">L&#8217;organizzazione della Milizia si articolava su un comando generale (il comandante generale era Benito Mussolini, con il grado di Primo caporale d&#8217;onore; alle sue dipendenze il capo di stato maggiore, preposto a reggere il comando generale). Il territorio era ripartito nei raggruppamenti Milano, Bologna, Roma e Napoli al comando di luogotenenti generali. Ogni comando di raggruppamento MVSN fascista aveva alle proprie dipendenze un certo numero di gruppi ,33 in totale, retti da console generale. Ciascun comando di gruppo aveva alle proprie dipendenze un certo numero di legioni ordinarie (120 in tutto) comandate da consoli.<\/div>\n<\/div>\n<\/div>\n<\/div>\n<p>La struttura della M.V.S.N. era a ordinamento ternario: ogni legione si componeva di tre coorti, a loro volta formate da tre centurie cos\u00ec formate da tre manipoli e ogni manipolo da tre squadre. Dopo alcune modifiche susseguitesi tra &#8217;29 e il &#8217;35, nel\u00a01939 si tornava alla struttura di partenza.<\/p>\n<p>La M.V.S.N. era costituita dalla Milizia ordinaria, Forestale, Stradale, Ferroviaria, Postelegrafonica e Portuale. Alla Milizia ordinaria appartenevano la Milizia Confinaria, quella Coloniale e la Milizia Universitaria, che aveva compiti d\u2019istruzione premilitare. Nel &#8217;30 vennero aggiunte la Milizia per la difesa contraerea (prima D.A.T., poi DiCat) e la Milizia Marittima (MilMart)<sup id=\"cite_ref-Colloredo_6-0\" class=\"reference\"><\/sup>. Vi erano ufficiali in servizio permanente effettivo, ufficiali inclusi nei quadri (non abitualmente in servizio, ma richiamabili) e nella riserva. Il Comando generale provvedeva alla nomina degli ufficiali. Questa la struttura territoriale ed i rispettivi incaricati di comando :<\/p>\n<ul>\n<li>Zona (Divisione)\u00a0 \u00a0 \u00a0 \u00a0 \u00a0 \u00a0 \u00a0 \u00a0 \u00a0 \u00a0 \u00a0 ispettore generale di zona poi luogotenente generale (generale di Divisione)<\/li>\n<li>Gruppo di Legioni (Brigata)\u00a0 console generale MVSN fascista (generale di Brigata)<\/li>\n<li>Legione (Reggimento)\u00a0 \u00a0 \u00a0 \u00a0 \u00a0 \u00a0 console (colonnello)<\/li>\n<li>Coorte\u00a0(Battaglione)\u00a0 \u00a0 \u00a0 \u00a0 \u00a0 \u00a0 \u00a0 \u00a0seniore (maggiore)<\/li>\n<li>Centuria\u00a0(Compagnia)\u00a0 \u00a0 \u00a0 \u00a0 \u00a0 \u00a0centurione (capitano)<\/li>\n<li>Manipolo\u00a0(Plotone)\u00a0 \u00a0 \u00a0 \u00a0 \u00a0 \u00a0 \u00a0 \u00a0 capomanipolo (tenente)<\/li>\n<li>Squadra (Squadra)\u00a0 \u00a0 \u00a0 \u00a0 \u00a0 \u00a0 \u00a0 \u00a0 \u00a0caposquadra (sergente)<\/li>\n<\/ul>\n<h2><span id=\"Corrispondenza_tra_i_gradi\" class=\"mw-headline\">Corrispondenza tra i gradi<\/span><\/h2>\n<table class=\"wikitable\">\n<tbody>\n<tr bgcolor=\"EFEFEF\">\n<th width=\"\">Regio Esercito<\/th>\n<th width=\"\">MVSN<br \/>\n<small>Allegato A &#8211; Art. n\u00b0 8<br \/>\nR.D. n\u00b0 832 dell&#8217;8 marzo 1923<br \/>\nG.U.R.d&#8217;I. n\u00b0 98 del 26 aprile 1923<\/small><\/th>\n<th width=\"\">MVSN<br \/>\n<small>R.D.L. n\u00b0 967 del 15 marzo\u00a01923<br \/>\nG.U.R.d&#8217;I. n\u00b0 112 del 14 maggio\u00a01923<\/small><\/th>\n<th width=\"\">MVSN<br \/>\n<small>Art. n\u00b0 5<br \/>\ncircolare n\u00b0 150 del 16 agosto 1936<\/small><\/th>\n<th>Distintivo<br \/>\n<small>Allegato B &#8211; Art. n\u00b0 11<br \/>\nR.D. n. 832 dell&#8217;8 marzo\u00a0<a title=\"1923\" href=\"https:\/\/it.wikipedia.org\/wiki\/1923\">1923<\/a><br \/>\nG.U.R.d&#8217;I. n\u00b0 98 del 26 aprile\u00a0<a title=\"1923\" href=\"https:\/\/it.wikipedia.org\/wiki\/1923\">1923<\/a><\/small><\/th>\n<th>Distintivo<br \/>\n<small>Art. n\u00b0 5<br \/>\ncircolare n\u00b0 150 del 16 agosto 1936<\/small><\/th>\n<\/tr>\n<tr>\n<th>Ufficiali Generali<\/th>\n<\/tr>\n<tr>\n<td>Primo Maresciallo dell&#8217;Impero<\/td>\n<td><\/td>\n<td><\/td>\n<td>Primo caporale d&#8217;onore<\/td>\n<td><\/td>\n<td><img loading=\"lazy\" decoding=\"async\" src=\"https:\/\/upload.wikimedia.org\/wikipedia\/commons\/thumb\/a\/af\/Primo_caporale_d%27onore.svg\/90px-Primo_caporale_d%27onore.svg.png\" alt=\"Primo caporale d'onore.svg\" width=\"90\" height=\"102\" data-file-width=\"3770\" data-file-height=\"4253\" \/><\/td>\n<\/tr>\n<tr>\n<td>Maresciallo d&#8217;Italia<\/td>\n<td>caporale d&#8217;onore<\/td>\n<td><\/td>\n<td><\/td>\n<td>\n<div>\n<p>Sulla manica sinistra della giubba o della camicia, al di sopra del gomito, il corrispondente distintivo di grado in uso nell&#8217;Esercito ma capovolto e ricamato in seta rossa, e dentro l&#8217;angolo il fascio littorio ricamato in oro<\/p>\n<\/div>\n<\/td>\n<td><img loading=\"lazy\" decoding=\"async\" src=\"https:\/\/upload.wikimedia.org\/wikipedia\/commons\/thumb\/e\/ea\/Caporale_d%27onore.svg\/90px-Caporale_d%27onore.svg.png\" alt=\"Caporale d'onore.svg\" width=\"90\" height=\"101\" data-file-width=\"2828\" data-file-height=\"3189\" \/><\/td>\n<\/tr>\n<tr>\n<td>generale d&#8217;armata<\/td>\n<td><\/td>\n<td>primo comandante generale<\/td>\n<td>comandante generale<\/td>\n<td><small>1 aquila romana d&#8217;oro con fascio littorio sormontata da 3 stellette d&#8217;oro,<br \/>\nricamato su rettangolo (cm 3,5 x 7,5)<br \/>\ndi tessuto d&#8217;argento circondato da trecciola in oro<\/small><\/td>\n<td><img loading=\"lazy\" decoding=\"async\" src=\"https:\/\/upload.wikimedia.org\/wikipedia\/commons\/thumb\/6\/68\/MVSN-Comandante_generale.svg\/90px-MVSN-Comandante_generale.svg.png\" alt=\"MVSN-Comandante generale.svg\" width=\"90\" height=\"129\" data-file-width=\"1400\" data-file-height=\"2000\" \/><\/td>\n<\/tr>\n<tr>\n<td>generale di corpo d&#8217;armata<\/td>\n<td>comandante generale<\/td>\n<td>comandante generale<\/td>\n<td>Luogotenente generale capo di stato maggiore<\/td>\n<td><span style=\"font-size: 13.3333px;\">come sopra<\/span><\/td>\n<td><img loading=\"lazy\" decoding=\"async\" src=\"https:\/\/upload.wikimedia.org\/wikipedia\/commons\/thumb\/d\/de\/MVSN-Luogotenente_generale_capo_di_manipolo.svg\/90px-MVSN-Luogotenente_generale_capo_di_manipolo.svg.png\" alt=\"MVSN-Luogotenente generale capo di manipolo.svg\" width=\"90\" height=\"129\" data-file-width=\"1400\" data-file-height=\"2000\" \/><\/td>\n<\/tr>\n<tr>\n<td>generale di divisione<\/td>\n<td>ispettore generale di zona<\/td>\n<td>luogotenente generale<\/td>\n<td>luogotenente generale<\/td>\n<td><small>come sopra, con 2 stellette d&#8217;oro<\/small><\/p>\n<p>&nbsp;<\/td>\n<td><img loading=\"lazy\" decoding=\"async\" src=\"https:\/\/upload.wikimedia.org\/wikipedia\/commons\/thumb\/b\/b2\/MVSN-Luogotenente_generale.svg\/90px-MVSN-Luogotenente_generale.svg.png\" alt=\"MVSN-Luogotenente generale.svg\" width=\"90\" height=\"129\" data-file-width=\"1750\" data-file-height=\"2500\" \/><\/td>\n<\/tr>\n<tr>\n<td>generale di brigata<\/td>\n<td style=\"text-align: center;\">MVSN fascista console generale<\/td>\n<td>console generale<\/td>\n<td>console generale<\/td>\n<td><small>come sopra, con 1 stelletta d&#8217;oro<\/small><\/td>\n<td><img loading=\"lazy\" decoding=\"async\" src=\"https:\/\/upload.wikimedia.org\/wikipedia\/commons\/thumb\/b\/be\/MVSN-Console_generale.svg\/90px-MVSN-Console_generale.svg.png\" alt=\"MVSN-Console generale.svg\" width=\"90\" height=\"129\" data-file-width=\"1400\" data-file-height=\"2000\" \/><\/td>\n<\/tr>\n<tr>\n<th>Ufficiali Superiori<\/th>\n<\/tr>\n<tr>\n<td>colonnello<\/td>\n<td>console<\/td>\n<td>console<\/td>\n<td>console<\/td>\n<td><small>1 fascio littorio ricamato in oro in campo rosso<br \/>\nsormontato da 1 stella d&#8217;oro,<br \/>\ntutto in un rettangolo<br \/>\n(cm 3 x 7 ) circondato da trecciola in oro<\/small><\/td>\n<td><img loading=\"lazy\" decoding=\"async\" src=\"https:\/\/upload.wikimedia.org\/wikipedia\/commons\/thumb\/f\/f7\/Fascist_Rank_Consul_2.svg\/90px-Fascist_Rank_Consul_2.svg.png\" alt=\"Fascist Rank Consul 2.svg\" width=\"90\" height=\"110\" data-file-width=\"563\" data-file-height=\"688\" \/><\/td>\n<\/tr>\n<tr>\n<td>tenente colonnello<\/td>\n<td><\/td>\n<td><\/td>\n<td>primo seniore<\/td>\n<td><\/td>\n<td><img loading=\"lazy\" decoding=\"async\" src=\"https:\/\/upload.wikimedia.org\/wikipedia\/commons\/thumb\/2\/2a\/Fascist_Rank_First_Senior_2.svg\/90px-Fascist_Rank_First_Senior_2.svg.png\" alt=\"Fascist Rank First Senior 2.svg\" width=\"90\" height=\"90\" data-file-width=\"563\" data-file-height=\"563\" \/><\/td>\n<\/tr>\n<tr>\n<td>maggiore<\/td>\n<td>seniore<\/td>\n<td>seniore<\/td>\n<td>seniore<\/td>\n<td><small>1 galloncino orizzontale d&#8217;oro alto 2\u00a0cm e 1 galloncino orizzontale d&#8217;oro<br \/>\nalto 5 mm, lunghi 12 cm, disposti parallelamente<br \/>\nalla distanza di 5\u00a0mm l&#8217;uno dall&#8217;altro<\/small><\/td>\n<td><img loading=\"lazy\" decoding=\"async\" src=\"https:\/\/upload.wikimedia.org\/wikipedia\/commons\/thumb\/7\/71\/Fascist_Rank_Senior_2.svg\/90px-Fascist_Rank_Senior_2.svg.png\" alt=\"Fascist Rank Senior 2.svg\" width=\"90\" height=\"90\" data-file-width=\"563\" data-file-height=\"563\" \/><\/td>\n<\/tr>\n<tr>\n<th>Ufficiali Inferiori<\/th>\n<\/tr>\n<tr>\n<td>capitano<\/td>\n<td>centurione<\/td>\n<td>centurione<\/td>\n<td>centurione<\/td>\n<td><small>come sopra ma con 3 galloncini<\/small><\/td>\n<td><img loading=\"lazy\" decoding=\"async\" src=\"https:\/\/upload.wikimedia.org\/wikipedia\/commons\/thumb\/4\/47\/Fascist_Rank_Centurion_2.svg\/90px-Fascist_Rank_Centurion_2.svg.png\" alt=\"Fascist Rank Centurion 2.svg\" width=\"90\" height=\"90\" data-file-width=\"563\" data-file-height=\"563\" \/><\/td>\n<\/tr>\n<tr>\n<th>Ufficiali Inferiori &#8211; Subalterni<\/th>\n<\/tr>\n<tr>\n<td>tenente<\/td>\n<td>capomanipolo<\/td>\n<td>capomanipolo<\/td>\n<td>capomanipolo<\/td>\n<td><small>come sopra ma con 2 galloncini<\/small><\/td>\n<td><img loading=\"lazy\" decoding=\"async\" src=\"https:\/\/upload.wikimedia.org\/wikipedia\/commons\/thumb\/2\/28\/Fascist_Rank_First_Chief_Maniple_2.svg\/90px-Fascist_Rank_First_Chief_Maniple_2.svg.png\" alt=\"Fascist Rank First Chief Maniple 2.svg\" width=\"90\" height=\"70\" data-file-width=\"563\" data-file-height=\"438\" \/><\/td>\n<\/tr>\n<tr>\n<td>sottotenente<\/td>\n<td><\/td>\n<td><\/td>\n<td>sottocapomanipolo<\/td>\n<td><\/td>\n<td><img loading=\"lazy\" decoding=\"async\" src=\"https:\/\/upload.wikimedia.org\/wikipedia\/commons\/thumb\/5\/5b\/Fascist_Rank_Second_Chief_Maniple_2.svg\/90px-Fascist_Rank_Second_Chief_Maniple_2.svg.png\" alt=\"Fascist Rank Second Chief Maniple 2.svg\" width=\"90\" height=\"64\" data-file-width=\"563\" data-file-height=\"400\" \/><\/td>\n<\/tr>\n<tr>\n<th>Marescialli<\/th>\n<\/tr>\n<tr>\n<td>maresciallo maggiore<\/td>\n<td><\/td>\n<td><\/td>\n<td>primo aiutante<\/td>\n<td><\/td>\n<td><img loading=\"lazy\" decoding=\"async\" src=\"https:\/\/upload.wikimedia.org\/wikipedia\/commons\/thumb\/4\/42\/MSVN-Primo_aiutante.svg\/90px-MSVN-Primo_aiutante.svg.png\" alt=\"MSVN-Primo aiutante.svg\" width=\"90\" height=\"207\" data-file-width=\"205\" data-file-height=\"472\" \/><\/td>\n<\/tr>\n<tr>\n<td>maresciallo capo<\/td>\n<td><\/td>\n<td><\/td>\n<td>aiutante capo<\/td>\n<td><\/td>\n<td><img loading=\"lazy\" decoding=\"async\" src=\"https:\/\/upload.wikimedia.org\/wikipedia\/commons\/thumb\/0\/0e\/MSVN-Aiutante_capo.svg\/90px-MSVN-Aiutante_capo.svg.png\" alt=\"MSVN-Aiutante capo.svg\" width=\"90\" height=\"207\" data-file-width=\"205\" data-file-height=\"472\" \/><\/td>\n<\/tr>\n<tr>\n<td>maresciallo ordinario<\/td>\n<td><\/td>\n<td><\/td>\n<td>aiutante<\/td>\n<td><\/td>\n<td><img loading=\"lazy\" decoding=\"async\" src=\"https:\/\/upload.wikimedia.org\/wikipedia\/commons\/thumb\/6\/64\/MSVN-Aiutante.svg\/90px-MSVN-Aiutante.svg.png\" alt=\"MSVN-Aiutante.svg\" width=\"90\" height=\"207\" data-file-width=\"205\" data-file-height=\"472\" \/><\/td>\n<\/tr>\n<tr>\n<th>Sergenti<\/th>\n<\/tr>\n<tr>\n<td>sergente maggiore<\/td>\n<td><\/td>\n<td>caposquadra<sup id=\"cite_ref-autogenerato2_20-0\" class=\"reference\"><\/sup><\/td>\n<td>primo caposquadra<\/td>\n<td><\/td>\n<td><img loading=\"lazy\" decoding=\"async\" src=\"https:\/\/upload.wikimedia.org\/wikipedia\/commons\/thumb\/d\/d8\/MSVN-Primo_capo_squadra.svg\/90px-MSVN-Primo_capo_squadra.svg.png\" alt=\"MSVN-Primo capo squadra.svg\" width=\"90\" height=\"70\" data-file-width=\"563\" data-file-height=\"438\" \/><\/td>\n<\/tr>\n<tr>\n<td>sergente<\/td>\n<td>caposquadra<\/td>\n<td><\/td>\n<td>caposquadra<\/td>\n<td><small>1 galloncino orizzontale di argento alto 5\u00a0mm e lungo 12\u00a0cm<\/small><\/td>\n<td><img loading=\"lazy\" decoding=\"async\" src=\"https:\/\/upload.wikimedia.org\/wikipedia\/commons\/thumb\/6\/63\/MSVN-Capo_squadra.svg\/90px-MSVN-Capo_squadra.svg.png\" alt=\"MSVN-Capo squadra.svg\" width=\"90\" height=\"64\" data-file-width=\"563\" data-file-height=\"400\" \/><\/td>\n<\/tr>\n<tr>\n<td>sergente<\/td>\n<td><\/td>\n<td>vicecaposquadra<sup id=\"cite_ref-autogenerato2_20-1\" class=\"reference\"><\/sup><\/td>\n<td><\/td>\n<td><small>1 galloncino orizzontale in panno rosso alto 5\u00a0mm e lungo 12\u00a0cm<\/small><sup id=\"cite_ref-autogenerato2_20-2\" class=\"reference\"><\/sup><\/td>\n<td><\/td>\n<\/tr>\n<tr>\n<th>Graduati<\/th>\n<\/tr>\n<tr>\n<td>caporal maggiore<\/td>\n<td><\/td>\n<td><\/td>\n<td>vicecaposquadra<\/td>\n<td><\/td>\n<td><img loading=\"lazy\" decoding=\"async\" src=\"https:\/\/upload.wikimedia.org\/wikipedia\/commons\/thumb\/c\/c3\/MSVN-Vice_capo_squadra.svg\/90px-MSVN-Vice_capo_squadra.svg.png\" alt=\"MSVN-Vice capo squadra.svg\" width=\"90\" height=\"70\" data-file-width=\"563\" data-file-height=\"438\" \/><\/td>\n<\/tr>\n<tr>\n<td>caporale<\/td>\n<td><\/td>\n<td><\/td>\n<td>camicia nera scelta<\/td>\n<td><\/td>\n<td><img loading=\"lazy\" decoding=\"async\" src=\"https:\/\/upload.wikimedia.org\/wikipedia\/commons\/thumb\/5\/5c\/MSVN-Camicia_nera_scelta.svg\/90px-MSVN-Camicia_nera_scelta.svg.png\" alt=\"MSVN-Camicia nera scelta.svg\" width=\"90\" height=\"64\" data-file-width=\"563\" data-file-height=\"400\" \/><\/td>\n<\/tr>\n<tr>\n<th>Truppa<\/th>\n<\/tr>\n<tr>\n<td>appuntato<\/td>\n<td><\/td>\n<td><\/td>\n<td>camicia nera<\/td>\n<td><\/td>\n<td><img loading=\"lazy\" decoding=\"async\" src=\"https:\/\/upload.wikimedia.org\/wikipedia\/commons\/thumb\/f\/fa\/RC-Carabiniere.png\/90px-RC-Carabiniere.png\" alt=\"RC-Carabiniere.png\" width=\"90\" height=\"126\" data-file-width=\"250\" data-file-height=\"350\" \/><\/td>\n<\/tr>\n<tr>\n<td>soldato<\/td>\n<td>camicia nera<\/td>\n<td>camicia nera<\/td>\n<td><\/td>\n<td><\/td>\n<td><img loading=\"lazy\" decoding=\"async\" src=\"https:\/\/upload.wikimedia.org\/wikipedia\/commons\/thumb\/f\/fa\/RC-Carabiniere.png\/90px-RC-Carabiniere.png\" alt=\"RC-Carabiniere.png\" width=\"90\" height=\"126\" data-file-width=\"250\" data-file-height=\"350\" \/><\/td>\n<\/tr>\n<\/tbody>\n<\/table>\n<h2><\/h2>\n<p>Fonti Wikipedia<\/p>\n<p>9.19<\/p>\n","protected":false},"excerpt":{"rendered":"<p style=\"text-align: center;\">Berretto grigio verde, a visiera, per\u00a0<strong> CONSOLE GENERALE<\/strong>\u00a0 della <strong>MVSN<\/strong>\u00a0 . In fine stoffa sartoriale grigio verde, con tamburo avente la <strong>Greca<\/strong> <strong>Littoria<\/strong> ricamata in canutiglia dorata. Fregio frontale in canutiglia dorata, conforme al regolamento 35 della MVSN. Taglia 58 circa. Produzione della ditta <strong>S. CARDIA &#8211; Roma<\/strong> ,Condizioni perfette. Come da regolamento ufficiale della MVSN del <strong>1940<\/strong>.<\/p>\n<p style=\"text-align: center;\"><strong>P.A.R.<\/strong>\u00a0 Prezzo a Richiesta\u00a0 \/ <strong>P.O.D.<\/strong> Price on Demand<\/p>\n<p style=\"text-align: center;\"><strong><em>(Scorri la pagina in basso per ulteriori dettagli e informazioni)<\/em><\/strong><\/p>\n<p align=\"justify\">\n","protected":false},"featured_media":2949,"comment_status":"open","ping_status":"closed","template":"","meta":[],"product_cat":[586],"product_tag":[194,162,155,159,158,161,193,160,157,156,195],"yoast_head":"<!-- This site is optimized with the Yoast SEO plugin v21.9.1 - https:\/\/yoast.com\/wordpress\/plugins\/seo\/ -->\n<title>\u274c\ud83d\ude41Console Generale MVSN fascista berretto - General Visor Hat - Thefinitive<\/title>\n<meta name=\"description\" content=\"Berretto a visiera per console generale MVSN milizia fascista . Fascist General visor hat - modello 35 fregio sottopannato in rosso\" \/>\n<meta name=\"robots\" content=\"index, follow, max-snippet:-1, max-image-preview:large, max-video-preview:-1\" \/>\n<link rel=\"canonical\" href=\"https:\/\/thefinitive.com\/en\/prodotto\/console-generale-mvsn-fascista-berretto-general-visor-hat\/\" \/>\n<meta property=\"og:locale\" content=\"en_US\" \/>\n<meta property=\"og:type\" content=\"article\" \/>\n<meta property=\"og:title\" content=\"\u274c\ud83d\ude41Console Generale MVSN fascista berretto - General Visor Hat - Thefinitive\" \/>\n<meta property=\"og:description\" content=\"Berretto a visiera per console generale MVSN milizia fascista . Fascist General visor hat - modello 35 fregio sottopannato in rosso\" \/>\n<meta property=\"og:url\" content=\"https:\/\/thefinitive.com\/en\/prodotto\/console-generale-mvsn-fascista-berretto-general-visor-hat\/\" \/>\n<meta property=\"og:site_name\" content=\"Thefinitive\" \/>\n<meta property=\"article:publisher\" content=\"https:\/\/business.facebook.com\/Thefinitive-111771813534320\/\" \/>\n<meta property=\"article:modified_time\" content=\"2023-03-20T14:59:33+00:00\" \/>\n<meta property=\"og:image\" content=\"https:\/\/thefinitive.com\/wp-content\/uploads\/2019\/08\/20190818_103518.jpg\" \/>\n\t<meta property=\"og:image:width\" content=\"2160\" \/>\n\t<meta property=\"og:image:height\" content=\"2160\" \/>\n\t<meta property=\"og:image:type\" content=\"image\/jpeg\" \/>\n<meta name=\"twitter:card\" content=\"summary_large_image\" \/>\n<meta name=\"twitter:label1\" content=\"Est. reading time\" \/>\n\t<meta name=\"twitter:data1\" content=\"15 minutes\" \/>\n<script type=\"application\/ld+json\" class=\"yoast-schema-graph\">{\"@context\":\"https:\/\/schema.org\",\"@graph\":[{\"@type\":\"WebPage\",\"@id\":\"https:\/\/thefinitive.com\/en\/prodotto\/console-generale-mvsn-fascista-berretto-general-visor-hat\/\",\"url\":\"https:\/\/thefinitive.com\/en\/prodotto\/console-generale-mvsn-fascista-berretto-general-visor-hat\/\",\"name\":\"\u274c\ud83d\ude41Console Generale MVSN fascista berretto - General Visor Hat - Thefinitive\",\"isPartOf\":{\"@id\":\"https:\/\/thefinitive.com\/en\/#website\"},\"datePublished\":\"2019-09-18T21:19:43+00:00\",\"dateModified\":\"2023-03-20T14:59:33+00:00\",\"description\":\"Berretto a visiera per console generale MVSN milizia fascista . Fascist General visor hat - modello 35 fregio sottopannato in rosso\",\"breadcrumb\":{\"@id\":\"https:\/\/thefinitive.com\/en\/prodotto\/console-generale-mvsn-fascista-berretto-general-visor-hat\/#breadcrumb\"},\"inLanguage\":\"en-US\",\"potentialAction\":[{\"@type\":\"ReadAction\",\"target\":[\"https:\/\/thefinitive.com\/en\/prodotto\/console-generale-mvsn-fascista-berretto-general-visor-hat\/\"]}]},{\"@type\":\"BreadcrumbList\",\"@id\":\"https:\/\/thefinitive.com\/en\/prodotto\/console-generale-mvsn-fascista-berretto-general-visor-hat\/#breadcrumb\",\"itemListElement\":[{\"@type\":\"ListItem\",\"position\":1,\"name\":\"Home\",\"item\":\"https:\/\/thefinitive.com\/en\/\"},{\"@type\":\"ListItem\",\"position\":2,\"name\":\"Shop\",\"item\":\"https:\/\/thefinitive.com\/en\/shop-2\/\"},{\"@type\":\"ListItem\",\"position\":3,\"name\":\"\u274c\ud83d\ude41Console Generale MVSN fascista berretto &#8211; General Visor Hat\"}]},{\"@type\":\"WebSite\",\"@id\":\"https:\/\/thefinitive.com\/en\/#website\",\"url\":\"https:\/\/thefinitive.com\/en\/\",\"name\":\"Thefinitive\",\"description\":\"Antiquariato Online\",\"publisher\":{\"@id\":\"https:\/\/thefinitive.com\/en\/#organization\"},\"potentialAction\":[{\"@type\":\"SearchAction\",\"target\":{\"@type\":\"EntryPoint\",\"urlTemplate\":\"https:\/\/thefinitive.com\/en\/?s={search_term_string}\"},\"query-input\":\"required name=search_term_string\"}],\"inLanguage\":\"en-US\"},{\"@type\":\"Organization\",\"@id\":\"https:\/\/thefinitive.com\/en\/#organization\",\"name\":\"Thefinitive\",\"url\":\"https:\/\/thefinitive.com\/en\/\",\"logo\":{\"@type\":\"ImageObject\",\"inLanguage\":\"en-US\",\"@id\":\"https:\/\/thefinitive.com\/en\/#\/schema\/logo\/image\/\",\"url\":\"https:\/\/thefinitive.com\/wp-content\/uploads\/2019\/07\/logo4vett.svg\",\"contentUrl\":\"https:\/\/thefinitive.com\/wp-content\/uploads\/2019\/07\/logo4vett.svg\",\"width\":500,\"height\":100,\"caption\":\"Thefinitive\"},\"image\":{\"@id\":\"https:\/\/thefinitive.com\/en\/#\/schema\/logo\/image\/\"},\"sameAs\":[\"https:\/\/business.facebook.com\/Thefinitive-111771813534320\/\",\"https:\/\/www.instagram.com\/_thefinitive_\/\"]}]}<\/script>\n<!-- \/ Yoast SEO plugin. -->","yoast_head_json":{"title":"\u274c\ud83d\ude41Console Generale MVSN fascista berretto - General Visor Hat - Thefinitive","description":"Berretto a visiera per console generale MVSN milizia fascista . Fascist General visor hat - modello 35 fregio sottopannato in rosso","robots":{"index":"index","follow":"follow","max-snippet":"max-snippet:-1","max-image-preview":"max-image-preview:large","max-video-preview":"max-video-preview:-1"},"canonical":"https:\/\/thefinitive.com\/en\/prodotto\/console-generale-mvsn-fascista-berretto-general-visor-hat\/","og_locale":"en_US","og_type":"article","og_title":"\u274c\ud83d\ude41Console Generale MVSN fascista berretto - General Visor Hat - Thefinitive","og_description":"Berretto a visiera per console generale MVSN milizia fascista . Fascist General visor hat - modello 35 fregio sottopannato in rosso","og_url":"https:\/\/thefinitive.com\/en\/prodotto\/console-generale-mvsn-fascista-berretto-general-visor-hat\/","og_site_name":"Thefinitive","article_publisher":"https:\/\/business.facebook.com\/Thefinitive-111771813534320\/","article_modified_time":"2023-03-20T14:59:33+00:00","og_image":[{"width":2160,"height":2160,"url":"https:\/\/thefinitive.com\/wp-content\/uploads\/2019\/08\/20190818_103518.jpg","type":"image\/jpeg"}],"twitter_card":"summary_large_image","twitter_misc":{"Est. reading time":"15 minutes"},"schema":{"@context":"https:\/\/schema.org","@graph":[{"@type":"WebPage","@id":"https:\/\/thefinitive.com\/en\/prodotto\/console-generale-mvsn-fascista-berretto-general-visor-hat\/","url":"https:\/\/thefinitive.com\/en\/prodotto\/console-generale-mvsn-fascista-berretto-general-visor-hat\/","name":"\u274c\ud83d\ude41Console Generale MVSN fascista berretto - General Visor Hat - Thefinitive","isPartOf":{"@id":"https:\/\/thefinitive.com\/en\/#website"},"datePublished":"2019-09-18T21:19:43+00:00","dateModified":"2023-03-20T14:59:33+00:00","description":"Berretto a visiera per console generale MVSN milizia fascista . Fascist General visor hat - modello 35 fregio sottopannato in rosso","breadcrumb":{"@id":"https:\/\/thefinitive.com\/en\/prodotto\/console-generale-mvsn-fascista-berretto-general-visor-hat\/#breadcrumb"},"inLanguage":"en-US","potentialAction":[{"@type":"ReadAction","target":["https:\/\/thefinitive.com\/en\/prodotto\/console-generale-mvsn-fascista-berretto-general-visor-hat\/"]}]},{"@type":"BreadcrumbList","@id":"https:\/\/thefinitive.com\/en\/prodotto\/console-generale-mvsn-fascista-berretto-general-visor-hat\/#breadcrumb","itemListElement":[{"@type":"ListItem","position":1,"name":"Home","item":"https:\/\/thefinitive.com\/en\/"},{"@type":"ListItem","position":2,"name":"Shop","item":"https:\/\/thefinitive.com\/en\/shop-2\/"},{"@type":"ListItem","position":3,"name":"\u274c\ud83d\ude41Console Generale MVSN fascista berretto &#8211; General Visor Hat"}]},{"@type":"WebSite","@id":"https:\/\/thefinitive.com\/en\/#website","url":"https:\/\/thefinitive.com\/en\/","name":"Thefinitive","description":"Antiquariato Online","publisher":{"@id":"https:\/\/thefinitive.com\/en\/#organization"},"potentialAction":[{"@type":"SearchAction","target":{"@type":"EntryPoint","urlTemplate":"https:\/\/thefinitive.com\/en\/?s={search_term_string}"},"query-input":"required name=search_term_string"}],"inLanguage":"en-US"},{"@type":"Organization","@id":"https:\/\/thefinitive.com\/en\/#organization","name":"Thefinitive","url":"https:\/\/thefinitive.com\/en\/","logo":{"@type":"ImageObject","inLanguage":"en-US","@id":"https:\/\/thefinitive.com\/en\/#\/schema\/logo\/image\/","url":"https:\/\/thefinitive.com\/wp-content\/uploads\/2019\/07\/logo4vett.svg","contentUrl":"https:\/\/thefinitive.com\/wp-content\/uploads\/2019\/07\/logo4vett.svg","width":500,"height":100,"caption":"Thefinitive"},"image":{"@id":"https:\/\/thefinitive.com\/en\/#\/schema\/logo\/image\/"},"sameAs":["https:\/\/business.facebook.com\/Thefinitive-111771813534320\/","https:\/\/www.instagram.com\/_thefinitive_\/"]}]}},"_links":{"self":[{"href":"https:\/\/thefinitive.com\/en\/wp-json\/wp\/v3\/product\/3863"}],"collection":[{"href":"https:\/\/thefinitive.com\/en\/wp-json\/wp\/v3\/product"}],"about":[{"href":"https:\/\/thefinitive.com\/en\/wp-json\/wp\/v2\/types\/product"}],"replies":[{"embeddable":true,"href":"https:\/\/thefinitive.com\/en\/wp-json\/wp\/v2\/comments?post=3863"}],"version-history":[{"count":1,"href":"https:\/\/thefinitive.com\/en\/wp-json\/wp\/v3\/product\/3863\/revisions"}],"predecessor-version":[{"id":14867,"href":"https:\/\/thefinitive.com\/en\/wp-json\/wp\/v3\/product\/3863\/revisions\/14867"}],"wp:featuredmedia":[{"embeddable":true,"href":"https:\/\/thefinitive.com\/en\/wp-json\/wp\/v2\/media\/2949"}],"wp:attachment":[{"href":"https:\/\/thefinitive.com\/en\/wp-json\/wp\/v2\/media?parent=3863"}],"wp:term":[{"taxonomy":"product_cat","embeddable":true,"href":"https:\/\/thefinitive.com\/en\/wp-json\/wp\/v2\/product_cat?post=3863"},{"taxonomy":"product_tag","embeddable":true,"href":"https:\/\/thefinitive.com\/en\/wp-json\/wp\/v2\/product_tag?post=3863"}],"curies":[{"name":"wp","href":"https:\/\/api.w.org\/{rel}","templated":true}]}}