{"id":3608,"date":"2019-09-02T13:25:55","date_gmt":"2019-09-02T13:25:55","guid":{"rendered":"https:\/\/www.thefinitive.com\/?post_type=product&#038;p=3608"},"modified":"2023-03-20T15:59:44","modified_gmt":"2023-03-20T14:59:44","slug":"carabinieri-reali-uniforme-800-rr-cc-vittorio-emanuele-i","status":"publish","type":"product","link":"https:\/\/thefinitive.com\/en\/prodotto\/carabinieri-reali-uniforme-800-rr-cc-vittorio-emanuele-i\/","title":{"rendered":"\u274c\ud83d\ude41Carabinieri Reali uniforme &#8216;800 &#8211; RR.CC. Vittorio Emanuele I"},"content":{"rendered":"<p>Insegna Reale in metallo magistralmente sbalzato , usata per buffetteria di <strong>Grande<\/strong> <strong>Uniforme<\/strong> per ufficiale dei <strong>Carabinieri Reali<\/strong>, montata su fibbia in ottone, periodo inizio<strong> &#8216;800<\/strong> , appena a ridosso della fondazione del corpo per volere di <strong>Vittorio<\/strong> <strong>Emanuele I<\/strong>.\u00a0 La placca raffigura un leone tenente sulla sinistra uno scudo con croce savoia al centro, coronato , e sulla destra un leone di guardia a riposo, con al retro aste e vessilli con simboli dei Savoia.\u00a0 La placca \u00e8 stata probabilmente realizzata in argento ma non si \u00e8 potuto verificarne la natura, comunque l&#8217;oggetto \u00e8 importante a prescindere dal materiale usato per la sua fabbricazione.<\/p>\n<p>Assicurata alla fibbia in ottone per mezzo di tre perni passanti, due dei quali fermati da due controdadi di forma quadrata, realizzati a mano. Il terzo \u00e8 purtroppo andato perduto.<\/p>\n<p>La placca risulta anche descritta ed illustrata nel volume Primo dell&#8217;opera <strong>ROSSO ARGENTO &amp; TURCHINO<\/strong> , di <strong>Vincenzo Pezzolet<\/strong>, a pagina 15 (opera completa in tre volumi con eccellenti documenti sull&#8217;uniforme dei Carabinieri Reali sin dall&#8217;800)<\/p>\n<p><img loading=\"lazy\" decoding=\"async\" class=\"alignnone wp-image-3619\" src=\"https:\/\/www.thefinitive.com\/wp-content\/uploads\/2019\/09\/20190902_152307-2.jpg\" alt=\"carabinieri reali uniforme '800\" width=\"695\" height=\"310\" srcset=\"https:\/\/thefinitive.com\/wp-content\/uploads\/2019\/09\/20190902_152307-2.jpg 2146w, https:\/\/thefinitive.com\/wp-content\/uploads\/2019\/09\/20190902_152307-2-1200x535.jpg 1200w, https:\/\/thefinitive.com\/wp-content\/uploads\/2019\/09\/20190902_152307-2-64x29.jpg 64w, https:\/\/thefinitive.com\/wp-content\/uploads\/2019\/09\/20190902_152307-2-300x134.jpg 300w, https:\/\/thefinitive.com\/wp-content\/uploads\/2019\/09\/20190902_152307-2-768x342.jpg 768w, https:\/\/thefinitive.com\/wp-content\/uploads\/2019\/09\/20190902_152307-2-1024x457.jpg 1024w\" sizes=\"(max-width: 695px) 100vw, 695px\" \/> <img loading=\"lazy\" decoding=\"async\" class=\"alignnone wp-image-3617\" src=\"https:\/\/www.thefinitive.com\/wp-content\/uploads\/2019\/09\/20190902_152259-e1567432407692.jpg\" alt=\"carabinieri reali uniforme '800\" width=\"301\" height=\"301\" srcset=\"https:\/\/thefinitive.com\/wp-content\/uploads\/2019\/09\/20190902_152259-e1567432407692.jpg 2160w, https:\/\/thefinitive.com\/wp-content\/uploads\/2019\/09\/20190902_152259-e1567432407692-600x600.jpg 600w, https:\/\/thefinitive.com\/wp-content\/uploads\/2019\/09\/20190902_152259-e1567432407692-100x100.jpg 100w, https:\/\/thefinitive.com\/wp-content\/uploads\/2019\/09\/20190902_152259-e1567432407692-1200x1200.jpg 1200w, https:\/\/thefinitive.com\/wp-content\/uploads\/2019\/09\/20190902_152259-e1567432407692-64x64.jpg 64w, https:\/\/thefinitive.com\/wp-content\/uploads\/2019\/09\/20190902_152259-e1567432407692-150x150.jpg 150w, https:\/\/thefinitive.com\/wp-content\/uploads\/2019\/09\/20190902_152259-e1567432407692-300x300.jpg 300w, https:\/\/thefinitive.com\/wp-content\/uploads\/2019\/09\/20190902_152259-e1567432407692-768x768.jpg 768w, https:\/\/thefinitive.com\/wp-content\/uploads\/2019\/09\/20190902_152259-e1567432407692-1024x1024.jpg 1024w, https:\/\/thefinitive.com\/wp-content\/uploads\/2019\/09\/20190902_152259-e1567432407692-45x45.jpg 45w\" sizes=\"(max-width: 301px) 100vw, 301px\" \/><\/p>\n<p>In ottime condizioni di conservazione.<\/p>\n<p>&nbsp;<\/p>\n<p><strong>MATERIALE\u00a0 \u00a0 :\u00a0<\/strong> Metallo<\/p>\n<p><strong>MISURE\u00a0 \u00a0 \u00a0 \u00a0 \u00a0 \u00a0:\u00a0<\/strong> mm. 75 x 56<\/p>\n<p><strong>PRODUTTORE\u00a0 :<\/strong> &#8211;<\/p>\n<p>&nbsp;<\/p>\n<h2>Notizie<\/h2>\n<div id=\"content\">\n<div id=\"ctl00_PlaceHolderMain_ContentOfPage\" class=\"BackgroundGeneric BackgroundStoriaDefinition\">\n<h3><span id=\"La_creazione\" class=\"mw-headline\">La creazione<\/span><\/h3>\n<p>Durante la\u00a0Restaurazione,\u00a0<strong>Vittorio Emanuele I di Savoia<\/strong>, al rientro in\u00a0Torino, dopo un periodo passato in sostanziale esilio a\u00a0Cagliari\u00a0poich\u00e9 il territorio continentale del\u00a0Regno di Sardegna\u00a0era stato occupato dalle truppe di\u00a0Napoleone Bonaparte, all&#8217;inizio del\u00a0XIX secolo\u00a0eman\u00f2 la legge reale del <strong>13 luglio\u00a01814<\/strong>\u00a0(&#8220;Regie Patenti&#8221;) con la quale fu istituito il <strong>Corpo dei Carabinieri Reali<\/strong>, unit\u00e0 militare con compiti di\u00a0polizia.<\/p>\n<p>Da un punto di vista militare, si trattava di un corpo di\u00a0fanteria leggera\u00a0(con una componente di\u00a0cavalleria), e dunque pi\u00f9 elitario rispetto ad un corpo di\u00a0fanteria di linea; il primo personale arruolato fu, infatti, selezionato nell&#8217;eccellenza dei reparti piemontesi, perci\u00f2 venne considerato un\u00a0corpo d&#8217;\u00e9lite. Il loro primo generale fu\u00a0<strong>Giuseppe Thaon di Revel<\/strong>, chiamato a ricoprire la pi\u00f9 alta carica del corpo il 13 agosto 1814. Il 25 giugno\u00a01833\u00a0con decreto del re\u00a0Carlo Alberto di Savoia\u00a0vennero adottati i colori del pennacchio (lo scarlatto ed il turchino).<\/p>\n<h3><span id=\"L.27unit.C3.A0_d.27Italia_e_la_nascita_dell.27Arma\"><\/span><span id=\"L'unit\u00e0_d'Italia_e_la_nascita_dell'Arma\" class=\"mw-headline\">L&#8217;unit\u00e0 d&#8217;Italia e la nascita dell&#8217;Arma<\/span><\/h3>\n<div class=\"thumb tright\">\n<div class=\"thumbinner\">\n<p><a class=\"image\" href=\"https:\/\/it.wikipedia.org\/wiki\/File:Battaglia_di_Pastrengo_carica_Carabinieri.jpg\"><img loading=\"lazy\" decoding=\"async\" class=\"thumbimage\" src=\"https:\/\/upload.wikimedia.org\/wikipedia\/commons\/thumb\/d\/db\/Battaglia_di_Pastrengo_carica_Carabinieri.jpg\/220px-Battaglia_di_Pastrengo_carica_Carabinieri.jpg\" srcset=\"\/\/upload.wikimedia.org\/wikipedia\/commons\/thumb\/d\/db\/Battaglia_di_Pastrengo_carica_Carabinieri.jpg\/330px-Battaglia_di_Pastrengo_carica_Carabinieri.jpg 1.5x, \/\/upload.wikimedia.org\/wikipedia\/commons\/d\/db\/Battaglia_di_Pastrengo_carica_Carabinieri.jpg 2x\" alt=\"\" width=\"220\" height=\"112\" data-file-width=\"420\" data-file-height=\"214\" \/><\/a><\/p>\n<div class=\"thumbcaption\">\n<div class=\"magnify\"><\/div>\n<p>Carica dei carabinieri a Pastrengo<\/p>\n<\/div>\n<\/div>\n<\/div>\n<p>Durante il\u00a0Risorgimento\u00a0furono impegnati su diversi fronti e dopo il compimento dell&#8217;unit\u00e0 d&#8217;Italia\u00a0i Carabinieri Reali diventarono &#8220;Arma&#8221; del\u00a0Regio Esercito\u00a0l&#8217;8 maggio\u00a01861, raggiungendo il rango delle suddivisioni principali come\u00a0fanteria,\u00a0artiglieria,\u00a0cavalleria, divenendo componente effettiva del\u00a0Regio Esercito\u00a0dell&#8217;Italia unita.<\/p>\n<\/div>\n<\/div>\n<p>&nbsp;<\/p>\n<p>Per approfondimenti\u00a0 , fonti Wikipedia<\/p>\n<p>&nbsp;<\/p>\n<p>9.19<\/p>\n","protected":false},"excerpt":{"rendered":"<p style=\"text-align: center;\"><strong>Insegna<\/strong> <strong>Reale<\/strong> per\u00a0 <strong>Grande<\/strong> <strong>Uniforme<\/strong> da ufficiale dei <strong>Carabinieri Reali<\/strong>, in metallo argentato, montata su fibbia in ottone, periodo inizio<strong> &#8216;800<\/strong> . Fondazione del corpo CC.RR. da <strong>Vittorio<\/strong> <strong>Emanuele I<\/strong>.\u00a0 La placca \u00e8 stata probabilmente realizzata in argento ma non si \u00e8 potuto verificarne la natura, comunque l&#8217;oggetto \u00e8 importante a prescindere dal materiale usato per la sua fabbricazione. Misure mm.75 x 56<\/p>\n<p style=\"text-align: center;\">La placca anche descritta ed illustrata nel <strong>volume<\/strong> <strong>Primo<\/strong> dell&#8217;opera <strong>ROSSO ARGENTO &amp; TURCHINO<\/strong> , di <strong>Vincenzo Pezzolet<\/strong>, a pagina 15<\/p>\n<p style=\"text-align: center;\"><strong><em>(Scorri la pagina in basso per ulteriori dettagli e informazioni)<\/em><\/strong><\/p>\n","protected":false},"featured_media":3615,"comment_status":"open","ping_status":"closed","template":"","meta":[],"product_cat":[586],"product_tag":[312,425,351],"yoast_head":"<!-- This site is optimized with the Yoast SEO plugin v21.9.1 - https:\/\/yoast.com\/wordpress\/plugins\/seo\/ -->\n<title>\u274c\ud83d\ude41Carabinieri Reali uniforme &#039;800 - RR.CC. Vittorio Emanuele I - Thefinitive<\/title>\n<meta name=\"description\" content=\"Carabinieri Reali Placca Fibbia BUFFETTERIA inizio &#039;800 Vittorio Emanuele I - Uniforme di Gala - Ufficiale - Napoleonic period\" \/>\n<meta name=\"robots\" content=\"index, follow, max-snippet:-1, max-image-preview:large, max-video-preview:-1\" \/>\n<link rel=\"canonical\" href=\"https:\/\/thefinitive.com\/en\/prodotto\/carabinieri-reali-uniforme-800-rr-cc-vittorio-emanuele-i\/\" \/>\n<meta property=\"og:locale\" content=\"en_US\" \/>\n<meta property=\"og:type\" content=\"article\" \/>\n<meta property=\"og:title\" content=\"\u274c\ud83d\ude41Carabinieri Reali uniforme &#039;800 - RR.CC. Vittorio Emanuele I - Thefinitive\" \/>\n<meta property=\"og:description\" content=\"Carabinieri Reali Placca Fibbia BUFFETTERIA inizio &#039;800 Vittorio Emanuele I - Uniforme di Gala - Ufficiale - Napoleonic period\" \/>\n<meta property=\"og:url\" content=\"https:\/\/thefinitive.com\/en\/prodotto\/carabinieri-reali-uniforme-800-rr-cc-vittorio-emanuele-i\/\" \/>\n<meta property=\"og:site_name\" content=\"Thefinitive\" \/>\n<meta property=\"article:publisher\" content=\"https:\/\/business.facebook.com\/Thefinitive-111771813534320\/\" \/>\n<meta property=\"article:modified_time\" content=\"2023-03-20T14:59:44+00:00\" \/>\n<meta property=\"og:image\" content=\"https:\/\/thefinitive.com\/wp-content\/uploads\/2019\/09\/20190902_125759.jpg\" \/>\n\t<meta property=\"og:image:width\" content=\"2160\" \/>\n\t<meta property=\"og:image:height\" content=\"2160\" \/>\n\t<meta property=\"og:image:type\" content=\"image\/jpeg\" \/>\n<meta name=\"twitter:card\" content=\"summary_large_image\" \/>\n<meta name=\"twitter:label1\" content=\"Est. reading time\" \/>\n\t<meta name=\"twitter:data1\" content=\"2 minutes\" \/>\n<script type=\"application\/ld+json\" class=\"yoast-schema-graph\">{\"@context\":\"https:\/\/schema.org\",\"@graph\":[{\"@type\":\"WebPage\",\"@id\":\"https:\/\/thefinitive.com\/en\/prodotto\/carabinieri-reali-uniforme-800-rr-cc-vittorio-emanuele-i\/\",\"url\":\"https:\/\/thefinitive.com\/en\/prodotto\/carabinieri-reali-uniforme-800-rr-cc-vittorio-emanuele-i\/\",\"name\":\"\u274c\ud83d\ude41Carabinieri Reali uniforme '800 - RR.CC. Vittorio Emanuele I - Thefinitive\",\"isPartOf\":{\"@id\":\"https:\/\/thefinitive.com\/en\/#website\"},\"datePublished\":\"2019-09-02T13:25:55+00:00\",\"dateModified\":\"2023-03-20T14:59:44+00:00\",\"description\":\"Carabinieri Reali Placca Fibbia BUFFETTERIA inizio '800 Vittorio Emanuele I - Uniforme di Gala - Ufficiale - Napoleonic period\",\"breadcrumb\":{\"@id\":\"https:\/\/thefinitive.com\/en\/prodotto\/carabinieri-reali-uniforme-800-rr-cc-vittorio-emanuele-i\/#breadcrumb\"},\"inLanguage\":\"en-US\",\"potentialAction\":[{\"@type\":\"ReadAction\",\"target\":[\"https:\/\/thefinitive.com\/en\/prodotto\/carabinieri-reali-uniforme-800-rr-cc-vittorio-emanuele-i\/\"]}]},{\"@type\":\"BreadcrumbList\",\"@id\":\"https:\/\/thefinitive.com\/en\/prodotto\/carabinieri-reali-uniforme-800-rr-cc-vittorio-emanuele-i\/#breadcrumb\",\"itemListElement\":[{\"@type\":\"ListItem\",\"position\":1,\"name\":\"Home\",\"item\":\"https:\/\/thefinitive.com\/en\/\"},{\"@type\":\"ListItem\",\"position\":2,\"name\":\"Shop\",\"item\":\"https:\/\/thefinitive.com\/en\/shop-2\/\"},{\"@type\":\"ListItem\",\"position\":3,\"name\":\"\u274c\ud83d\ude41Carabinieri Reali uniforme &#8216;800 &#8211; RR.CC. Vittorio Emanuele I\"}]},{\"@type\":\"WebSite\",\"@id\":\"https:\/\/thefinitive.com\/en\/#website\",\"url\":\"https:\/\/thefinitive.com\/en\/\",\"name\":\"Thefinitive\",\"description\":\"Antiquariato Online\",\"publisher\":{\"@id\":\"https:\/\/thefinitive.com\/en\/#organization\"},\"potentialAction\":[{\"@type\":\"SearchAction\",\"target\":{\"@type\":\"EntryPoint\",\"urlTemplate\":\"https:\/\/thefinitive.com\/en\/?s={search_term_string}\"},\"query-input\":\"required name=search_term_string\"}],\"inLanguage\":\"en-US\"},{\"@type\":\"Organization\",\"@id\":\"https:\/\/thefinitive.com\/en\/#organization\",\"name\":\"Thefinitive\",\"url\":\"https:\/\/thefinitive.com\/en\/\",\"logo\":{\"@type\":\"ImageObject\",\"inLanguage\":\"en-US\",\"@id\":\"https:\/\/thefinitive.com\/en\/#\/schema\/logo\/image\/\",\"url\":\"https:\/\/thefinitive.com\/wp-content\/uploads\/2019\/07\/logo4vett.svg\",\"contentUrl\":\"https:\/\/thefinitive.com\/wp-content\/uploads\/2019\/07\/logo4vett.svg\",\"width\":500,\"height\":100,\"caption\":\"Thefinitive\"},\"image\":{\"@id\":\"https:\/\/thefinitive.com\/en\/#\/schema\/logo\/image\/\"},\"sameAs\":[\"https:\/\/business.facebook.com\/Thefinitive-111771813534320\/\",\"https:\/\/www.instagram.com\/_thefinitive_\/\"]}]}<\/script>\n<!-- \/ Yoast SEO plugin. -->","yoast_head_json":{"title":"\u274c\ud83d\ude41Carabinieri Reali uniforme '800 - RR.CC. Vittorio Emanuele I - Thefinitive","description":"Carabinieri Reali Placca Fibbia BUFFETTERIA inizio '800 Vittorio Emanuele I - Uniforme di Gala - Ufficiale - Napoleonic period","robots":{"index":"index","follow":"follow","max-snippet":"max-snippet:-1","max-image-preview":"max-image-preview:large","max-video-preview":"max-video-preview:-1"},"canonical":"https:\/\/thefinitive.com\/en\/prodotto\/carabinieri-reali-uniforme-800-rr-cc-vittorio-emanuele-i\/","og_locale":"en_US","og_type":"article","og_title":"\u274c\ud83d\ude41Carabinieri Reali uniforme '800 - RR.CC. Vittorio Emanuele I - Thefinitive","og_description":"Carabinieri Reali Placca Fibbia BUFFETTERIA inizio '800 Vittorio Emanuele I - Uniforme di Gala - Ufficiale - Napoleonic period","og_url":"https:\/\/thefinitive.com\/en\/prodotto\/carabinieri-reali-uniforme-800-rr-cc-vittorio-emanuele-i\/","og_site_name":"Thefinitive","article_publisher":"https:\/\/business.facebook.com\/Thefinitive-111771813534320\/","article_modified_time":"2023-03-20T14:59:44+00:00","og_image":[{"width":2160,"height":2160,"url":"https:\/\/thefinitive.com\/wp-content\/uploads\/2019\/09\/20190902_125759.jpg","type":"image\/jpeg"}],"twitter_card":"summary_large_image","twitter_misc":{"Est. reading time":"2 minutes"},"schema":{"@context":"https:\/\/schema.org","@graph":[{"@type":"WebPage","@id":"https:\/\/thefinitive.com\/en\/prodotto\/carabinieri-reali-uniforme-800-rr-cc-vittorio-emanuele-i\/","url":"https:\/\/thefinitive.com\/en\/prodotto\/carabinieri-reali-uniforme-800-rr-cc-vittorio-emanuele-i\/","name":"\u274c\ud83d\ude41Carabinieri Reali uniforme '800 - RR.CC. Vittorio Emanuele I - Thefinitive","isPartOf":{"@id":"https:\/\/thefinitive.com\/en\/#website"},"datePublished":"2019-09-02T13:25:55+00:00","dateModified":"2023-03-20T14:59:44+00:00","description":"Carabinieri Reali Placca Fibbia BUFFETTERIA inizio '800 Vittorio Emanuele I - Uniforme di Gala - Ufficiale - Napoleonic period","breadcrumb":{"@id":"https:\/\/thefinitive.com\/en\/prodotto\/carabinieri-reali-uniforme-800-rr-cc-vittorio-emanuele-i\/#breadcrumb"},"inLanguage":"en-US","potentialAction":[{"@type":"ReadAction","target":["https:\/\/thefinitive.com\/en\/prodotto\/carabinieri-reali-uniforme-800-rr-cc-vittorio-emanuele-i\/"]}]},{"@type":"BreadcrumbList","@id":"https:\/\/thefinitive.com\/en\/prodotto\/carabinieri-reali-uniforme-800-rr-cc-vittorio-emanuele-i\/#breadcrumb","itemListElement":[{"@type":"ListItem","position":1,"name":"Home","item":"https:\/\/thefinitive.com\/en\/"},{"@type":"ListItem","position":2,"name":"Shop","item":"https:\/\/thefinitive.com\/en\/shop-2\/"},{"@type":"ListItem","position":3,"name":"\u274c\ud83d\ude41Carabinieri Reali uniforme &#8216;800 &#8211; RR.CC. Vittorio Emanuele I"}]},{"@type":"WebSite","@id":"https:\/\/thefinitive.com\/en\/#website","url":"https:\/\/thefinitive.com\/en\/","name":"Thefinitive","description":"Antiquariato Online","publisher":{"@id":"https:\/\/thefinitive.com\/en\/#organization"},"potentialAction":[{"@type":"SearchAction","target":{"@type":"EntryPoint","urlTemplate":"https:\/\/thefinitive.com\/en\/?s={search_term_string}"},"query-input":"required name=search_term_string"}],"inLanguage":"en-US"},{"@type":"Organization","@id":"https:\/\/thefinitive.com\/en\/#organization","name":"Thefinitive","url":"https:\/\/thefinitive.com\/en\/","logo":{"@type":"ImageObject","inLanguage":"en-US","@id":"https:\/\/thefinitive.com\/en\/#\/schema\/logo\/image\/","url":"https:\/\/thefinitive.com\/wp-content\/uploads\/2019\/07\/logo4vett.svg","contentUrl":"https:\/\/thefinitive.com\/wp-content\/uploads\/2019\/07\/logo4vett.svg","width":500,"height":100,"caption":"Thefinitive"},"image":{"@id":"https:\/\/thefinitive.com\/en\/#\/schema\/logo\/image\/"},"sameAs":["https:\/\/business.facebook.com\/Thefinitive-111771813534320\/","https:\/\/www.instagram.com\/_thefinitive_\/"]}]}},"_links":{"self":[{"href":"https:\/\/thefinitive.com\/en\/wp-json\/wp\/v3\/product\/3608"}],"collection":[{"href":"https:\/\/thefinitive.com\/en\/wp-json\/wp\/v3\/product"}],"about":[{"href":"https:\/\/thefinitive.com\/en\/wp-json\/wp\/v2\/types\/product"}],"replies":[{"embeddable":true,"href":"https:\/\/thefinitive.com\/en\/wp-json\/wp\/v2\/comments?post=3608"}],"version-history":[{"count":1,"href":"https:\/\/thefinitive.com\/en\/wp-json\/wp\/v3\/product\/3608\/revisions"}],"predecessor-version":[{"id":14872,"href":"https:\/\/thefinitive.com\/en\/wp-json\/wp\/v3\/product\/3608\/revisions\/14872"}],"wp:featuredmedia":[{"embeddable":true,"href":"https:\/\/thefinitive.com\/en\/wp-json\/wp\/v2\/media\/3615"}],"wp:attachment":[{"href":"https:\/\/thefinitive.com\/en\/wp-json\/wp\/v2\/media?parent=3608"}],"wp:term":[{"taxonomy":"product_cat","embeddable":true,"href":"https:\/\/thefinitive.com\/en\/wp-json\/wp\/v2\/product_cat?post=3608"},{"taxonomy":"product_tag","embeddable":true,"href":"https:\/\/thefinitive.com\/en\/wp-json\/wp\/v2\/product_tag?post=3608"}],"curies":[{"name":"wp","href":"https:\/\/api.w.org\/{rel}","templated":true}]}}