{"id":2368,"date":"2019-08-11T16:30:00","date_gmt":"2019-08-11T16:30:00","guid":{"rendered":"https:\/\/www.thefinitive.com\/?post_type=product&#038;p=2368"},"modified":"2023-03-20T16:00:01","modified_gmt":"2023-03-20T15:00:01","slug":"edmondo-de-amicis-autografo-cartolina-1901-libro-cuore","status":"publish","type":"product","link":"https:\/\/thefinitive.com\/en\/prodotto\/edmondo-de-amicis-autografo-cartolina-1901-libro-cuore\/","title":{"rendered":"\u274c\ud83d\ude41edmondo de amicis autografo &#8211; Cartolina 1901 &#8211; Libro Cuore"},"content":{"rendered":"<p><b>Edmondo de Amicis <\/b>, autografo e dedica originali su cartolina viaggiata. Testo scritto di proprio pugno dall&#8217;autore del famoso romanzo <strong>CUORE<\/strong>. Cartolina indirizzata a nobildonna di Avellino, &#8220;<strong><em>Edmondo de Amicis &#8211; Torino &#8211; 21 Febbraio 1901<\/em> <\/strong>&#8220;.\u00a0 Ottime condizioni. Misure della cartolina circa cm.15 x 10<\/p>\n<p style=\"text-align: center;\">(Note : il nome della destinataria della missiva \u00e8 cancellato con del rosso <strong>solo<\/strong> nella forma digitale)<\/p>\n<h2>Notizie<\/h2>\n<p><b>Edmondo De Amicis<\/b> , Oneglia,\u00a021 ottobre\u00a01846 \u2013\u00a0Bordighera,\u00a011 marzo\u00a01908, \u00e8 stato uno scrittore\u00a0e\u00a0giornalista\u00a0italiano, maggiormente conosciuto per essere l&#8217;autore del romanzo\u00a0<strong><i>Cuore<\/i><\/strong>, uno dei testi pi\u00f9 popolari della letteratura mondiale per ragazzi.<\/p>\n<p><b><img loading=\"lazy\" decoding=\"async\" class=\"alignnone size-medium wp-image-2370\" src=\"https:\/\/www.thefinitive.com\/wp-content\/uploads\/2019\/08\/Portrait_of_Edmondo_De_Amicis-243x300.jpg\" alt=\"Edmondo de Amicis autografo\" width=\"243\" height=\"300\" srcset=\"https:\/\/thefinitive.com\/wp-content\/uploads\/2019\/08\/Portrait_of_Edmondo_De_Amicis-243x300.jpg 243w, https:\/\/thefinitive.com\/wp-content\/uploads\/2019\/08\/Portrait_of_Edmondo_De_Amicis-64x79.jpg 64w, https:\/\/thefinitive.com\/wp-content\/uploads\/2019\/08\/Portrait_of_Edmondo_De_Amicis-768x947.jpg 768w, https:\/\/thefinitive.com\/wp-content\/uploads\/2019\/08\/Portrait_of_Edmondo_De_Amicis-830x1024.jpg 830w, https:\/\/thefinitive.com\/wp-content\/uploads\/2019\/08\/Portrait_of_Edmondo_De_Amicis.jpg 1029w\" sizes=\"(max-width: 243px) 100vw, 243px\" \/><\/b><\/p>\n<p>Di famiglia benestante, il padre Francesco (1791-1863), d&#8217;origine genovese, copriva mansioni di regio banchiere di sali e tabacchi. La madre, Teresa Busseti, faceva parte dell&#8217;alta borghesia. Sia la sua casa ligure (poi diventata sede della\u00a0Guardia di Finanza) che quella di\u00a0Cuneo\u00a0(poi diventata caserma militare &#8220;Carlo Emanuele&#8221; dei bastioni di Stura, con vista\u00a0Monviso) furono ampie ed eleganti.<\/p>\n<h3><span id=\"Da_soldato_a_giornalista\" class=\"mw-headline\">Da soldato a giornalista<\/span><\/h3>\n<p>La sua famiglia si trasfer\u00ec presto in Piemonte, dapprima a Cuneo, dove il piccolo Edmondo studi\u00f2 alle scuole primarie, quindi a Torino, dove frequent\u00f2 il citato Collegio Militare <i>Candellero<\/i>\u00a0di\u00a0Torino, per preparare gli esami di ammissione all&#8217;Accademia militare di Modena, che frequent\u00f2 fino all&#8217;estate del\u00a01865, licenziandosi con il grado di\u00a0sottotenente. Nel\u00a01866\u00a0poi, partecip\u00f2 alla\u00a0<em><strong>battaglia di Custoza<\/strong><\/em>, assistendo alla sconfitta italiana.<\/p>\n<p>Divenne quindi giornalista militare, trasferendosi a\u00a0Firenze\u00a0per assumere la direzione de\u00a0<i>L&#8217;Italia militare<\/i>, organo ufficiale del ministero della guerra, Edmondo de Amicis scrive articoli dal testo autografo. Su questo giornale avvi\u00f2 la pubblicazione dei bozzetti militari, poi editi anche in altri giornali e infine raccolti in volume sotto il titolo <i>La vita militare<\/i> (1868). In un&#8217;edizione successiva, dell&#8217;anno seguente, vi aggiunse il bozzetto-reportage &#8220;L&#8217;esercito italiano durante il colera del 1867&#8221;, che molti interpretarono come un documento autobiografico, frutto di un&#8217;esperienza direttamente vissuta durante l&#8217;epidemia, che colp\u00ec soprattutto la Sicilia. Alcuni dizionari biografici e testi di letteratura riportano erroneamente la permanenza di De Amicis in Sicilia nel 1867, mentre invece vi si rec\u00f2 due anni prima, nel 1865, quando fece la sua prima guarnigione militare a Messina, ripartendo con il suo reggimento nell&#8217;aprile del 1866 per partecipare alla guerra contro l&#8217;Austria. Sull&#8217;isola torner\u00e0 soltanto nel 1906, su invito del poeta Mario Rapisardi. Il viaggio del De Amicis in Sicilia durante il colera del 1867 fu definitivamente smentito in maniera chiara e incontrovertibile da Piero Meli nel suo articolo autografo <i>Edmondo De Amicis e i fantasmi letterari del colera in Sicilia<\/i>.<\/p>\n<p>Sempre come giornalista militare, Edmondo De Amicis collabor\u00f2 poi con il quotidiano <i>La Nazione<\/i> di Firenze, per il quale scrisse articoli in autografo soprattutto sulla storica <strong>presa di Roma\u00a0del\u00a01870<\/strong>.<\/p>\n<p>Abbandonato l&#8217;esercito, viaggi\u00f2 e scrisse vari diari di viaggio:\u00a0<i>Spagna<\/i>\u00a0(1872),\u00a0<i>Ricordi di Londra<\/i>\u00a0(1873),\u00a0<i>Olanda<\/i>\u00a0(1874),\u00a0<i>Marocco<\/i>\u00a0(1876),\u00a0<i>Costantinopoli<\/i>\u00a0(1878\/1879),\u00a0<i>Ricordi di Parigi<\/i>\u00a0(1879). Significativo fu il viaggio in\u00a0Argentina, raccontato nel romanzo\u00a0<i>Sull&#8217;Oceano<\/i>\u00a0e in una serie di bozzetti dedicati agli emigranti italiani, poi raccolti nel volume\u00a0<i>In America<\/i>.<\/p>\n<h3><span id=\"Cuore\" class=\"mw-headline\">Cuore<\/span><\/h3>\n<div class=\"thumb tright\">\n<div class=\"thumbinner\">\n<p><a class=\"image\" href=\"https:\/\/it.wikipedia.org\/wiki\/File:Cuore_-_front_matter.jpg\"><img loading=\"lazy\" decoding=\"async\" class=\"thumbimage\" src=\"https:\/\/upload.wikimedia.org\/wikipedia\/commons\/thumb\/1\/17\/Cuore_-_front_matter.jpg\/220px-Cuore_-_front_matter.jpg\" srcset=\"\/\/upload.wikimedia.org\/wikipedia\/commons\/thumb\/1\/17\/Cuore_-_front_matter.jpg\/330px-Cuore_-_front_matter.jpg 1.5x, \/\/upload.wikimedia.org\/wikipedia\/commons\/thumb\/1\/17\/Cuore_-_front_matter.jpg\/440px-Cuore_-_front_matter.jpg 2x\" alt=\"\" width=\"220\" height=\"354\" data-file-width=\"637\" data-file-height=\"1024\" \/><\/a><\/p>\n<div class=\"thumbcaption\">\n<div class=\"magnify\"><i>Cuore<\/i>, copertina di un&#8217;edizione Garzanti<\/div>\n<div><\/div>\n<\/div>\n<\/div>\n<\/div>\n<p>Dal\u00a01884\u00a0circa lo scrittore visse stabilmente nel suo alloggio-studio di Torino, presso il palazzo Perini di piazza San Martino 1 &#8211; ora\u00a0piazza XVIII Dicembre\u00a0&#8211; davanti alla storica stazione ferroviaria di\u00a0Porta Susa, dove ancor oggi una targa lo ricorda. Qui De Amicis scrisse (ispirato dalla vita scolastica dei suoi figli Ugo e Furio) quella che fu considerata la sua pi\u00f9 grande opera.<\/p>\n<p>Pubblicato infatti per la prima volta il 17 ottobre\u00a01886\u00a0(il primo giorno di scuola di quell&#8217;anno) come libro per ragazzi, la casa editrice milanese\u00a0<strong>Treves\u00a0<\/strong>fece uscire\u00a0<strong><i>Cuore<\/i><\/strong>, una raccolta di episodi ambientati tra dei compagni di una classe elementare di Torino, provenienti da regioni diverse, e costruito come finzione letteraria di un diario di un ipotetico ragazzo, l&#8217;io narrante Enrico Bottini. Il romanzo ebbe subito grande successo, tanto che in pochi mesi si superarono quaranta diversi tipi di edizioni e decine di traduzioni in lingue straniere.<\/p>\n<p>Il libro fu di forte carattere educativo-pedagogico (insieme al successo italiano di soli tre anni prima,\u00a0<strong><i>Le avventure di Pinocchio<\/i><\/strong>\u00a0di\u00a0<strong>Carlo Collodi<\/strong>), molto apprezzato perch\u00e9 ricco di spunti morali attorno ai miti affettivi (da cui il titolo) e patriottici del\u00a0Risorgimento. Tuttavia, fu ampiamente criticato dai\u00a0cattolici\u00a0per l&#8217;assenza totale di tradizioni religiose (i bambini di\u00a0<i>Cuore<\/i>\u00a0non festeggiano nemmeno il\u00a0Natale), specchio politico delle aspre controversie tra il\u00a0<strong>Regno d&#8217;Italia<\/strong>\u00a0e\u00a0<strong>Papa Pio IX<\/strong>\u00a0dopo la\u00a0presa di <strong>Roma\u00a0del\u00a01870<\/strong>.<\/p>\n<p>Nel\u00a01889, poi, De Amicis si avvicin\u00f2 al\u00a0socialismo, fino ad aderirvi totalmente nel\u00a01896. Questo mutamento d&#8217;indirizzo \u00e8 visibile nelle sue opere successive, in cui presta molta attenzione alle difficili condizioni delle fasce sociali pi\u00f9 povere, superando le idee\u00a0nazionalistiche\u00a0che avevano animato\u00a0<i>Cuore<\/i>. Amico di\u00a0Turati, collabor\u00f2 a giornali legati al\u00a0partito socialista, come la\u00a0<i>Critica Sociale<\/i>\u00a0e\u00a0<i>La lotta di classe<\/i>.<\/p>\n<p>La sua iniziazione alla\u00a0<strong>massoneria<\/strong>\u00a0non viene considerata certa da alcuni storici, mentre altri lo ritengono iniziato alla\u00a0Loggia\u00a0<i>Concordia<\/i>di\u00a0Montevideo, presieduta da D. Triani, presumibilmente all&#8217;Obbedienza della Gran Loggia dell&#8217;Uruguay. Nel\u00a01895, infatti, fu proprio De Amicis a pronunciare il <strong>saluto massone<\/strong> al torinese\u00a0Giovanni Bovio, in occasione della rappresentazione teatrale del dramma\u00a0<i>San Paolo<\/i>, a sua volta interpretato da un altro massone, l&#8217;attore\u00a0Giovanni Emanuel. A tal proposito, alcuni critici sostengono che\u00a0Cuore\u00a0sia stato un libro di forte ispirazione massonica, dove si sostituiscono il cattolicesimo degli italiani con la\u00a0religione laica\u00a0della Patria, la Chiesa con lo Stato, il fedele con il cittadino, i\u00a0Comandamenti\u00a0con i Codici, il\u00a0Vangelo\u00a0con lo\u00a0Statuto, i martiri con gli eroi. Dopo il successo di\u00a0<i>Cuore<\/i>, seguirono altri libri come il gi\u00e0 citato\u00a0<i>Sull&#8217;oceano<\/i>\u00a0(1889), che racconta le condizioni dei poverissimi emigranti italiani verso l&#8217;America, seguito da\u00a0<i>Il romanzo di un maestro<\/i>\u00a0(1890, da cui \u00e8 stato tratto nel\u00a01959\u00a0lo\u00a0sceneggiato televisivo omonimo),\u00a0<i>Amore e ginnastica<\/i>\u00a0(1892), da cui \u00e8 stato tratto il\u00a0film omonimo,\u00a0<i>La maestrina degli operai<\/i>\u00a0(1895) e\u00a0<i>La carrozza di tutti<\/i>\u00a0(1899), ritratto della citt\u00e0 di Torino vista da un\u00a0tram. A seguire, scrisse ancora, per\u00a0<i>Il grido del popolo<\/i>\u00a0di\u00a0Torino, numerosi articoli d&#8217;ispirazione socialista, raccolti successivamente nel libro\u00a0<i>Questione sociale<\/i>\u00a0(1894).<\/p>\n<h3><span id=\"Ultimi_anni\" class=\"mw-headline\">Ultimi anni<\/span><\/h3>\n<p>Gli ultimi anni furono rattristati sia dalla morte della madre Teresa, alla quale era molto legato, sia dai continui screzi con la moglie Teresa Boassi, che aveva sposato nel\u00a01875. Si scatenavano spesso tra i due delle accese liti, che contribuirono probabilmente al\u00a0suicidio\u00a0del figlio maggiore Furio. Questi si spar\u00f2 nel\u00a01898\u00a0un colpo di pistola presso una panchina del\u00a0parco del Valentino. L&#8217;altro figlio, Ugo, si ritir\u00f2 nella solitudine delle passeggiate in montagna. Non solo questi eventi funesti portarono lo scrittore a cambiar casa, trasferendosi da piazza San Martino in un piccolo studiolo dell&#8217;appena terminata via Pietro Micca (al numero 10) ma, qualche anno dopo, ad allontanarsi definitivamente da\u00a0Torino.<\/p>\n<p>Nel\u00a01903, in occasione della sua elezione a socio dell&#8217;Accademia della Crusca, soggiorn\u00f2 brevemente nella citt\u00e0 della sua giovinezza,\u00a0Firenze. Il Ministro Vittorio Emanuele Orlando\u00a0lo chiam\u00f2,insieme a\u00a0Fogazzaro, a far parte del Consiglio Superiore dell&#8217;Istruzione. Le ultime sue opere furono\u00a0<i>L&#8217;idioma gentile<\/i>\u00a0(1905), quindi\u00a0<i>Ricordi d&#8217;un viaggio in\u00a0Sicilia<\/i>\u00a0e\u00a0<i>Nuovi ritratti letterari e artistici<\/i>\u00a0(questi ultimi due poco prima di morire).<\/p>\n<p>Nel\u00a0<strong>1908<\/strong>, durante un soggiorno a\u00a0Bordighera, fu colpito da un&#8217;<strong>emorragia cerebrale<\/strong>\u00a0e mor\u00ec in una camera dell&#8217;allora hotel Regina, albergo scelto dallo scrittore perch\u00e9 vi aveva abitato pochi anni prima il poeta\u00a0George MacDonald, che proprio l\u00ec aveva fondato il centro culturale letterario\u00a0<i>Casa Coraggio<\/i>; l&#8217;edificio si trova in via Vittorio Veneto 34, dove due targhe commemorative li ricordano entrambi. Secondo le sue ultime volont\u00e0, il suo corpo fu immediatamente traslato e tumulato presso la tomba di famiglia, nel\u00a0Cimitero monumentale di Torino.<\/p>\n<p>&nbsp;<\/p>\n<p><em>Fonti di approfondimento usate\u00a0 <a href=\"https:\/\/it.wikipedia.org\/wiki\/Edmondo_De_Amicis\">Wikipedia<\/a>. <strong>Considerata la vastit\u00e0 dell&#8217;argomento si rimanda alle notizie consultabili sullo stesso Wikipedia.<\/strong><\/em><\/p>\n<p>&nbsp;<\/p>\n<p>9.19<\/p>\n","protected":false},"excerpt":{"rendered":"<p><b>Edmondo de Amicis <\/b>, autografo e dedica su cartolina viaggiata Avellino, con autografo originale, ,&#8221;<strong><em>Edmondo de Amicis &#8211; Torino &#8211; 21 Febbraio 1901<\/em> <\/strong>&#8220;.\u00a0 Ottime condizioni. Misure della cartolina circa cm.15 x 10<\/p>\n<p>(Note : il nome della destinataria della missiva \u00e8 cancellato con del rosso <strong>solo<\/strong> nella forma digitale)<\/p>\n<p><strong><em>(Scorri la pagina in basso per ulteriori dettagli e informazioni)<\/em><\/strong><\/p>\n","protected":false},"featured_media":2363,"comment_status":"open","ping_status":"closed","template":"","meta":[],"product_cat":[586],"product_tag":[274,276,277,280,279,192,240,227,275],"yoast_head":"<!-- This site is optimized with the Yoast SEO plugin v21.9.1 - https:\/\/yoast.com\/wordpress\/plugins\/seo\/ -->\n<title>\u274c\ud83d\ude41edmondo de amicis autografo - Cartolina 1901 - Libro Cuore Thefinitive<\/title>\n<meta name=\"description\" content=\"Edmondo de Amicis, scrittore, libro CUORE, cartolina autografata, con autografo originale, viaggiata Torino 1901 (immagine Capri)\" \/>\n<meta name=\"robots\" content=\"index, follow, max-snippet:-1, max-image-preview:large, max-video-preview:-1\" \/>\n<link rel=\"canonical\" href=\"https:\/\/thefinitive.com\/en\/prodotto\/edmondo-de-amicis-autografo-cartolina-1901-libro-cuore\/\" \/>\n<meta property=\"og:locale\" content=\"en_US\" \/>\n<meta property=\"og:type\" content=\"article\" \/>\n<meta property=\"og:title\" content=\"\u274c\ud83d\ude41edmondo de amicis autografo - Cartolina 1901 - Libro Cuore Thefinitive\" \/>\n<meta property=\"og:description\" content=\"Edmondo de Amicis, scrittore, libro CUORE, cartolina autografata, con autografo originale, viaggiata Torino 1901 (immagine Capri)\" \/>\n<meta property=\"og:url\" content=\"https:\/\/thefinitive.com\/en\/prodotto\/edmondo-de-amicis-autografo-cartolina-1901-libro-cuore\/\" \/>\n<meta property=\"og:site_name\" content=\"Thefinitive\" \/>\n<meta property=\"article:publisher\" content=\"https:\/\/business.facebook.com\/Thefinitive-111771813534320\/\" \/>\n<meta property=\"article:modified_time\" content=\"2023-03-20T15:00:01+00:00\" \/>\n<meta property=\"og:image\" content=\"https:\/\/thefinitive.com\/wp-content\/uploads\/2019\/08\/deamicis1.jpg\" \/>\n\t<meta property=\"og:image:width\" content=\"1766\" \/>\n\t<meta property=\"og:image:height\" content=\"1161\" \/>\n\t<meta property=\"og:image:type\" content=\"image\/jpeg\" \/>\n<meta name=\"twitter:card\" content=\"summary_large_image\" \/>\n<meta name=\"twitter:label1\" content=\"Est. reading time\" \/>\n\t<meta name=\"twitter:data1\" content=\"6 minutes\" \/>\n<script type=\"application\/ld+json\" class=\"yoast-schema-graph\">{\"@context\":\"https:\/\/schema.org\",\"@graph\":[{\"@type\":\"WebPage\",\"@id\":\"https:\/\/thefinitive.com\/en\/prodotto\/edmondo-de-amicis-autografo-cartolina-1901-libro-cuore\/\",\"url\":\"https:\/\/thefinitive.com\/en\/prodotto\/edmondo-de-amicis-autografo-cartolina-1901-libro-cuore\/\",\"name\":\"\u274c\ud83d\ude41edmondo de amicis autografo - Cartolina 1901 - Libro Cuore Thefinitive\",\"isPartOf\":{\"@id\":\"https:\/\/thefinitive.com\/en\/#website\"},\"datePublished\":\"2019-08-11T16:30:00+00:00\",\"dateModified\":\"2023-03-20T15:00:01+00:00\",\"description\":\"Edmondo de Amicis, scrittore, libro CUORE, cartolina autografata, con autografo originale, viaggiata Torino 1901 (immagine Capri)\",\"breadcrumb\":{\"@id\":\"https:\/\/thefinitive.com\/en\/prodotto\/edmondo-de-amicis-autografo-cartolina-1901-libro-cuore\/#breadcrumb\"},\"inLanguage\":\"en-US\",\"potentialAction\":[{\"@type\":\"ReadAction\",\"target\":[\"https:\/\/thefinitive.com\/en\/prodotto\/edmondo-de-amicis-autografo-cartolina-1901-libro-cuore\/\"]}]},{\"@type\":\"BreadcrumbList\",\"@id\":\"https:\/\/thefinitive.com\/en\/prodotto\/edmondo-de-amicis-autografo-cartolina-1901-libro-cuore\/#breadcrumb\",\"itemListElement\":[{\"@type\":\"ListItem\",\"position\":1,\"name\":\"Home\",\"item\":\"https:\/\/thefinitive.com\/en\/\"},{\"@type\":\"ListItem\",\"position\":2,\"name\":\"Shop\",\"item\":\"https:\/\/thefinitive.com\/en\/shop-2\/\"},{\"@type\":\"ListItem\",\"position\":3,\"name\":\"\u274c\ud83d\ude41edmondo de amicis autografo &#8211; Cartolina 1901 &#8211; Libro Cuore\"}]},{\"@type\":\"WebSite\",\"@id\":\"https:\/\/thefinitive.com\/en\/#website\",\"url\":\"https:\/\/thefinitive.com\/en\/\",\"name\":\"Thefinitive\",\"description\":\"Antiquariato Online\",\"publisher\":{\"@id\":\"https:\/\/thefinitive.com\/en\/#organization\"},\"potentialAction\":[{\"@type\":\"SearchAction\",\"target\":{\"@type\":\"EntryPoint\",\"urlTemplate\":\"https:\/\/thefinitive.com\/en\/?s={search_term_string}\"},\"query-input\":\"required name=search_term_string\"}],\"inLanguage\":\"en-US\"},{\"@type\":\"Organization\",\"@id\":\"https:\/\/thefinitive.com\/en\/#organization\",\"name\":\"Thefinitive\",\"url\":\"https:\/\/thefinitive.com\/en\/\",\"logo\":{\"@type\":\"ImageObject\",\"inLanguage\":\"en-US\",\"@id\":\"https:\/\/thefinitive.com\/en\/#\/schema\/logo\/image\/\",\"url\":\"https:\/\/thefinitive.com\/wp-content\/uploads\/2019\/07\/logo4vett.svg\",\"contentUrl\":\"https:\/\/thefinitive.com\/wp-content\/uploads\/2019\/07\/logo4vett.svg\",\"width\":500,\"height\":100,\"caption\":\"Thefinitive\"},\"image\":{\"@id\":\"https:\/\/thefinitive.com\/en\/#\/schema\/logo\/image\/\"},\"sameAs\":[\"https:\/\/business.facebook.com\/Thefinitive-111771813534320\/\",\"https:\/\/www.instagram.com\/_thefinitive_\/\"]}]}<\/script>\n<!-- \/ Yoast SEO plugin. -->","yoast_head_json":{"title":"\u274c\ud83d\ude41edmondo de amicis autografo - Cartolina 1901 - Libro Cuore Thefinitive","description":"Edmondo de Amicis, scrittore, libro CUORE, cartolina autografata, con autografo originale, viaggiata Torino 1901 (immagine Capri)","robots":{"index":"index","follow":"follow","max-snippet":"max-snippet:-1","max-image-preview":"max-image-preview:large","max-video-preview":"max-video-preview:-1"},"canonical":"https:\/\/thefinitive.com\/en\/prodotto\/edmondo-de-amicis-autografo-cartolina-1901-libro-cuore\/","og_locale":"en_US","og_type":"article","og_title":"\u274c\ud83d\ude41edmondo de amicis autografo - Cartolina 1901 - Libro Cuore Thefinitive","og_description":"Edmondo de Amicis, scrittore, libro CUORE, cartolina autografata, con autografo originale, viaggiata Torino 1901 (immagine Capri)","og_url":"https:\/\/thefinitive.com\/en\/prodotto\/edmondo-de-amicis-autografo-cartolina-1901-libro-cuore\/","og_site_name":"Thefinitive","article_publisher":"https:\/\/business.facebook.com\/Thefinitive-111771813534320\/","article_modified_time":"2023-03-20T15:00:01+00:00","og_image":[{"width":1766,"height":1161,"url":"https:\/\/thefinitive.com\/wp-content\/uploads\/2019\/08\/deamicis1.jpg","type":"image\/jpeg"}],"twitter_card":"summary_large_image","twitter_misc":{"Est. reading time":"6 minutes"},"schema":{"@context":"https:\/\/schema.org","@graph":[{"@type":"WebPage","@id":"https:\/\/thefinitive.com\/en\/prodotto\/edmondo-de-amicis-autografo-cartolina-1901-libro-cuore\/","url":"https:\/\/thefinitive.com\/en\/prodotto\/edmondo-de-amicis-autografo-cartolina-1901-libro-cuore\/","name":"\u274c\ud83d\ude41edmondo de amicis autografo - Cartolina 1901 - Libro Cuore Thefinitive","isPartOf":{"@id":"https:\/\/thefinitive.com\/en\/#website"},"datePublished":"2019-08-11T16:30:00+00:00","dateModified":"2023-03-20T15:00:01+00:00","description":"Edmondo de Amicis, scrittore, libro CUORE, cartolina autografata, con autografo originale, viaggiata Torino 1901 (immagine Capri)","breadcrumb":{"@id":"https:\/\/thefinitive.com\/en\/prodotto\/edmondo-de-amicis-autografo-cartolina-1901-libro-cuore\/#breadcrumb"},"inLanguage":"en-US","potentialAction":[{"@type":"ReadAction","target":["https:\/\/thefinitive.com\/en\/prodotto\/edmondo-de-amicis-autografo-cartolina-1901-libro-cuore\/"]}]},{"@type":"BreadcrumbList","@id":"https:\/\/thefinitive.com\/en\/prodotto\/edmondo-de-amicis-autografo-cartolina-1901-libro-cuore\/#breadcrumb","itemListElement":[{"@type":"ListItem","position":1,"name":"Home","item":"https:\/\/thefinitive.com\/en\/"},{"@type":"ListItem","position":2,"name":"Shop","item":"https:\/\/thefinitive.com\/en\/shop-2\/"},{"@type":"ListItem","position":3,"name":"\u274c\ud83d\ude41edmondo de amicis autografo &#8211; Cartolina 1901 &#8211; Libro Cuore"}]},{"@type":"WebSite","@id":"https:\/\/thefinitive.com\/en\/#website","url":"https:\/\/thefinitive.com\/en\/","name":"Thefinitive","description":"Antiquariato Online","publisher":{"@id":"https:\/\/thefinitive.com\/en\/#organization"},"potentialAction":[{"@type":"SearchAction","target":{"@type":"EntryPoint","urlTemplate":"https:\/\/thefinitive.com\/en\/?s={search_term_string}"},"query-input":"required name=search_term_string"}],"inLanguage":"en-US"},{"@type":"Organization","@id":"https:\/\/thefinitive.com\/en\/#organization","name":"Thefinitive","url":"https:\/\/thefinitive.com\/en\/","logo":{"@type":"ImageObject","inLanguage":"en-US","@id":"https:\/\/thefinitive.com\/en\/#\/schema\/logo\/image\/","url":"https:\/\/thefinitive.com\/wp-content\/uploads\/2019\/07\/logo4vett.svg","contentUrl":"https:\/\/thefinitive.com\/wp-content\/uploads\/2019\/07\/logo4vett.svg","width":500,"height":100,"caption":"Thefinitive"},"image":{"@id":"https:\/\/thefinitive.com\/en\/#\/schema\/logo\/image\/"},"sameAs":["https:\/\/business.facebook.com\/Thefinitive-111771813534320\/","https:\/\/www.instagram.com\/_thefinitive_\/"]}]}},"_links":{"self":[{"href":"https:\/\/thefinitive.com\/en\/wp-json\/wp\/v3\/product\/2368"}],"collection":[{"href":"https:\/\/thefinitive.com\/en\/wp-json\/wp\/v3\/product"}],"about":[{"href":"https:\/\/thefinitive.com\/en\/wp-json\/wp\/v2\/types\/product"}],"replies":[{"embeddable":true,"href":"https:\/\/thefinitive.com\/en\/wp-json\/wp\/v2\/comments?post=2368"}],"version-history":[{"count":2,"href":"https:\/\/thefinitive.com\/en\/wp-json\/wp\/v3\/product\/2368\/revisions"}],"predecessor-version":[{"id":14879,"href":"https:\/\/thefinitive.com\/en\/wp-json\/wp\/v3\/product\/2368\/revisions\/14879"}],"wp:featuredmedia":[{"embeddable":true,"href":"https:\/\/thefinitive.com\/en\/wp-json\/wp\/v2\/media\/2363"}],"wp:attachment":[{"href":"https:\/\/thefinitive.com\/en\/wp-json\/wp\/v2\/media?parent=2368"}],"wp:term":[{"taxonomy":"product_cat","embeddable":true,"href":"https:\/\/thefinitive.com\/en\/wp-json\/wp\/v2\/product_cat?post=2368"},{"taxonomy":"product_tag","embeddable":true,"href":"https:\/\/thefinitive.com\/en\/wp-json\/wp\/v2\/product_tag?post=2368"}],"curies":[{"name":"wp","href":"https:\/\/api.w.org\/{rel}","templated":true}]}}