{"id":2267,"date":"2019-08-08T17:39:29","date_gmt":"2019-08-08T15:39:29","guid":{"rendered":"https:\/\/www.thefinitive.com\/?post_type=product&#038;p=2267"},"modified":"2023-07-08T17:30:19","modified_gmt":"2023-07-08T15:30:19","slug":"red-cross-croce-rossa-savoia-duchessa-crocerossina-helene-dorleans","status":"publish","type":"product","link":"https:\/\/thefinitive.com\/en\/prodotto\/red-cross-croce-rossa-savoia-duchessa-crocerossina-helene-dorleans\/","title":{"rendered":"Red Cross Croce Rossa Savoia duchessa H\u00e9l\u00e8ne d\u2019Orl\u00e9ans"},"content":{"rendered":"<p>Foto con dedica di <strong>H\u00e9l\u00e8ne d\u2019Orl\u00e9ans<\/strong> , la <strong>Duchessa Crocerossina<\/strong> , moglie di <strong>Emanuele FIliberto Savoia Aosta<\/strong> cugino del Re Vittorio Emanuele III. Entr\u00f2 nel 1909 a far parte delle infermiere volontarie della <strong>Croce Rossa<\/strong> (<em>Red Cross<\/em>) , organizzazione che tanto avrebbe fatto per aiutare gli eserciti durante la terribile Prima Guerra Mondiale. La Duchessa \u00e8 ritratta in uno splendido abito di corte da Gran Cerimonia ed in testa calza la corona ducale. Oltre alla foto con dedica, in questo lotto viene proposta anche una foto della Duchessa in uniforme da<strong> Ispettrice<\/strong> <em><strong>Generale<\/strong> della Croce Rossa<\/em>, con al petto la <em><strong>medaglia al merito della Croce Rossa<\/strong><\/em> con barrette. Si notano i dettagli del completo militare, le spalline con due stelle ed il colletto della camicia-mantella profilato di due galloni, ad indicarne il grado corrispondente di <strong>Generale di Divisione<\/strong>.<\/p>\n<p>La foto con dedica \u00e8 <strong>originale<\/strong> dell&#8217;epoca, la dedica e l&#8217;autografo sono <em><strong>originali<\/strong> <\/em>ed <em><strong>olografi\u00a0<\/strong><\/em>della duchessa , scritti di pugno con penna stilografica. In <em>ottime condizioni<\/em>, misura circa cm. 21 x 17\u00a0 la parte con l&#8217;immagine, e circa cm. 40 x 30 comprendendo tutto il passepartout con la dedica. La foto in uniforme da crocerossina \u00e8 originale dell&#8217;epoca, firmata <em>BESTETTI E TUMMINELLI &#8211; MILANO ROMA<\/em> e misura circa cm. 23 x 17 all&#8217;immagine interna e circa cm. 48 x 36 compreso il passepartout esterno.<\/p>\n<p>(Note : il nome del destinatario della dedica \u00e8 cancellato con del rosso <strong>solo<\/strong> nella forma digitale)<\/p>\n<h2>Notizie<\/h2>\n<p><b>Elena d&#8217;Orl\u00e9ans<\/b>\u00a0(Twickenham,\u00a013 giugno\u00a01871\u00a0\u2013\u00a0Castellammare di Stabia,\u00a021 gennaio\u00a01951), fu un membro della\u00a0famiglia reale degli Orl\u00e9ans\u00a0e per matrimonio divenne\u00a0duchessa d&#8217;Aosta.<\/p>\n<p>Suo padre era il\u00a0principe Filippo, conte di Parigi, figlio di\u00a0Ferdinando Filippo d&#8217;Orl\u00e9ans\u00a0e di\u00a0Elena di Meclemburgo-Schwerin; sua madre era\u00a0Maria Isabella d&#8217;Orl\u00e9ans,\u00a0infanta\u00a0di\u00a0Spagna, figlia di\u00a0Antonio d&#8217;Orl\u00e9ans\u00a0e di\u00a0Luisa Ferdinanda di Borbone-Spagna. La principessa Elena trascorse la propria infanzia in\u00a0Inghilterra, paese nel quale nacque e dove tutta la sua famiglia viveva in esilio in seguito alla rivoluzione del febbraio\u00a01848. Soltanto dopo il\u00a01871\u00a0gli Orl\u00e9ans poterono ritornare in\u00a0Francia. Tra i suoi fratelli si ricordano\u00a0Amelia, regina di\u00a0Portogallo,\u00a0Isabella, duchessa di Guisa e Ferdinando, duca di\u00a0Montpensier.<\/p>\n<p>Suo padre era nipote di\u00a0Luigi Filippo di Francia\u00a0ed era stato erede al trono dal\u00a01842\u00a0al\u00a01848.<\/p>\n<h3><span id=\"Pretendenti\" class=\"mw-headline\">Pretendenti<\/span><\/h3>\n<div class=\"thumb tright\">\n<div class=\"thumbinner\" data-wp-editing=\"1\"><a class=\"image\" href=\"https:\/\/it.wikipedia.org\/wiki\/File:H%C3%A9l%C3%A8ne_d%E2%80%99Orl%C3%A9ans.jpg\"><img loading=\"lazy\" decoding=\"async\" class=\"thumbimage\" src=\"https:\/\/upload.wikimedia.org\/wikipedia\/commons\/thumb\/c\/ce\/H%C3%A9l%C3%A8ne_d%E2%80%99Orl%C3%A9ans.jpg\/220px-H%C3%A9l%C3%A8ne_d%E2%80%99Orl%C3%A9ans.jpg\" srcset=\"\/\/upload.wikimedia.org\/wikipedia\/commons\/thumb\/c\/ce\/H%C3%A9l%C3%A8ne_d%E2%80%99Orl%C3%A9ans.jpg\/330px-H%C3%A9l%C3%A8ne_d%E2%80%99Orl%C3%A9ans.jpg 1.5x, \/\/upload.wikimedia.org\/wikipedia\/commons\/thumb\/c\/ce\/H%C3%A9l%C3%A8ne_d%E2%80%99Orl%C3%A9ans.jpg\/440px-H%C3%A9l%C3%A8ne_d%E2%80%99Orl%C3%A9ans.jpg 2x\" alt=\"\" width=\"220\" height=\"324\" data-file-width=\"695\" data-file-height=\"1024\" \/> <\/a><\/div>\n<div class=\"thumbinner\" data-wp-editing=\"1\">Elena d&#8217;Orl\u00e9ans nel 1890 circa<\/div>\n<\/div>\n<p>I genitori di Elena speravano che ella sposasse un erede al trono, come alcuni dei suoi fratelli. I suoi pretendenti furono senza dubbio incoraggiati dal fatto che Elena era considerata dai contemporanei una ragazza di grande bellezza.<\/p>\n<p>Elena si innamor\u00f2 del principe\u00a0Alberto Vittorio, duca di Clarence e Avondale, figlio maggiore del futuro\u00a0Edoardo VII del Regno Unito, e nipote dell&#8217;allora regnante regina\u00a0Vittoria, ma furono costretti a porre fine alla loro relazione a causa della disapprovazione di varie parti coinvolte.<br \/>\nIn un primo momento la regina Vittoria si oppose al\u00a0fidanzamento, perch\u00e9 Elena era\u00a0cattolica, scrisse anche al nipote suggerendogli, come valida alternativa, un&#8217;altra delle sue nipoti:\u00a0Margherita di Prussia, ma Alberto Vittorio non si lasci\u00f2 convincere. Infine, dopo che la coppia le ebbe confessato il proprio amore, la Regina cedette e appoggi\u00f2 il matrimonio.<br \/>\nElena offr\u00ec di convertirsi alla\u00a0chiesa anglicana\u00a0e Alberto Vittorio offr\u00ec di rinunciare ai suoi diritti di successione per sposarla. La madre del principe,\u00a0Alessandra, simpatizzava per la loro difficile situazione e approv\u00f2 il loro rapporto.<br \/>\nIl padre di Elena per\u00f2 rifiut\u00f2 di dare il suo consenso. Egli fu irremovibile sul fatto che la figlia non potesse abbandonare la religione cattolica. Elena si rec\u00f2 personalmente per intercedere presso il\u00a0papa Leone XIII, ma questi dichiar\u00f2 che in caso di conversione all&#8217;anglicanesimo da parte di Elena ci sarebbe stata una\u00a0scomunica.<br \/>\nAlberto Vittorio in seguito si fidanz\u00f2 con la principessa\u00a0Mary di Teck, ma mor\u00ec prima che il matrimonio potesse aver luogo.<\/p>\n<div class=\"thumb tright\">\n<div class=\"thumbinner\"><img loading=\"lazy\" decoding=\"async\" class=\"thumbimage\" src=\"https:\/\/upload.wikimedia.org\/wikipedia\/commons\/thumb\/4\/48\/%D0%95%D0%BB%D0%B5%D0%BD%D0%B0_%D0%9E%D1%80%D0%BB%D0%B5%D0%B0%D0%BD%D1%81%D0%BA%D0%B0%D1%8F_%281871-1951%29.jpg\/220px-%D0%95%D0%BB%D0%B5%D0%BD%D0%B0_%D0%9E%D1%80%D0%BB%D0%B5%D0%B0%D0%BD%D1%81%D0%BA%D0%B0%D1%8F_%281871-1951%29.jpg\" srcset=\"\/\/upload.wikimedia.org\/wikipedia\/commons\/thumb\/4\/48\/%D0%95%D0%BB%D0%B5%D0%BD%D0%B0_%D0%9E%D1%80%D0%BB%D0%B5%D0%B0%D0%BD%D1%81%D0%BA%D0%B0%D1%8F_%281871-1951%29.jpg\/330px-%D0%95%D0%BB%D0%B5%D0%BD%D0%B0_%D0%9E%D1%80%D0%BB%D0%B5%D0%B0%D0%BD%D1%81%D0%BA%D0%B0%D1%8F_%281871-1951%29.jpg 1.5x, \/\/upload.wikimedia.org\/wikipedia\/commons\/thumb\/4\/48\/%D0%95%D0%BB%D0%B5%D0%BD%D0%B0_%D0%9E%D1%80%D0%BB%D0%B5%D0%B0%D0%BD%D1%81%D0%BA%D0%B0%D1%8F_%281871-1951%29.jpg\/440px-%D0%95%D0%BB%D0%B5%D0%BD%D0%B0_%D0%9E%D1%80%D0%BB%D0%B5%D0%B0%D0%BD%D1%81%D0%BA%D0%B0%D1%8F_%281871-1951%29.jpg 2x\" alt=\"\" width=\"220\" height=\"321\" data-file-width=\"701\" data-file-height=\"1024\" \/>\u00a0 Elena di Francia era considerata una delle donne pi\u00f9 belle del suo tempo<\/div>\n<\/div>\n<p>Successivamente fu lo\u00a0zar\u00a0Alessandro III di Russia\u00a0a interessarsi a Elena come possibile moglie per suo figlio\u00a0Nicola, ma quest&#8217;ultimo era gi\u00e0 innamorato di\u00a0Alice d&#8217;Assia e del Reno e rifiut\u00f2. In seguito vi furono grandi speranze che Elena sposasse il figlio ed erede di\u00a0Umberto I\u00a0d&#8217;Italia, il principe di Napoli. Alcuni anni prima del suo matrimonio con il\u00a0duca d&#8217;Aosta, Elena si rec\u00f2 a\u00a0Napoli\u00a0nella speranza di attirare l&#8217;attenzione del re e della regina. Nessun seguito ebbe per\u00f2 questa visita, e\u00a0Vittorio Emanuele\u00a0si fidanz\u00f2 con la principessa\u00a0Elena del Montenegro\u00a0nel\u00a01896. Il lascito di Elena d&#8217;Aosta (souvenir, ricordi di viaggio, riconoscimenti, fotografie\u00a0etnologiche\u00a0africane\u00a0ecc.) si trova nella\u00a0Biblioteca nazionale\u00a0di Napoli assieme ai suoi libri. Una parte della biblioteca, trattenuta a suo tempo dal colonnello\u00a0Otto Campini, \u00e8 oggi nella\u00a0Biblioteca di storia e cultura del Piemonte &#8220;Giuseppe Grosso&#8221;\u00a0di\u00a0Torino.<\/p>\n<h3><span id=\"Matrimonio\" class=\"mw-headline\">Matrimonio<\/span><\/h3>\n<div class=\"thumb tright\">\n<div class=\"thumbinner\">\n<p><img loading=\"lazy\" decoding=\"async\" class=\"thumbimage\" src=\"https:\/\/upload.wikimedia.org\/wikipedia\/commons\/thumb\/6\/66\/H%C3%A9l%C3%A8ne_and_Emanuele_Filiberto.jpg\/220px-H%C3%A9l%C3%A8ne_and_Emanuele_Filiberto.jpg\" srcset=\"\/\/upload.wikimedia.org\/wikipedia\/commons\/thumb\/6\/66\/H%C3%A9l%C3%A8ne_and_Emanuele_Filiberto.jpg\/330px-H%C3%A9l%C3%A8ne_and_Emanuele_Filiberto.jpg 1.5x, \/\/upload.wikimedia.org\/wikipedia\/commons\/thumb\/6\/66\/H%C3%A9l%C3%A8ne_and_Emanuele_Filiberto.jpg\/440px-H%C3%A9l%C3%A8ne_and_Emanuele_Filiberto.jpg 2x\" alt=\"\" width=\"220\" height=\"149\" data-file-width=\"962\" data-file-height=\"650\" \/><\/p>\n<div class=\"thumbcaption\">\n<div class=\"magnify\"><\/div>\n<p>Elena ed\u00a0Emanuele Filiberto di Savoia-Aosta\u00a0nel\u00a0Buckinghamshire\u00a0nel\u00a01895, anno del loro matrimonio<\/p>\n<\/div>\n<\/div>\n<\/div>\n<p>Il 25 giugno\u00a01895, a\u00a0Kingston upon Thames, nei pressi di\u00a0Londra, Elena spos\u00f2 il\u00a0duca\u00a0Emanuele Filiberto di Savoia-Aosta, figlio del duca\u00a0Amedeo di Savoia-Aosta\u00a0e di\u00a0Maria Vittoria dal Pozzo della Cisterna.<\/p>\n<h3><span id=\"Prima_guerra_mondiale\" class=\"mw-headline\">Prima guerra mondiale<\/span><\/h3>\n<div class=\"thumb tright\">\n<div class=\"thumbinner\">\n<p><a class=\"image\" href=\"https:\/\/it.wikipedia.org\/wiki\/File:Elena_duchessa_aosta.jpg\"><img loading=\"lazy\" decoding=\"async\" class=\"thumbimage\" src=\"https:\/\/upload.wikimedia.org\/wikipedia\/it\/thumb\/d\/d3\/Elena_duchessa_aosta.jpg\/220px-Elena_duchessa_aosta.jpg\" srcset=\"\/\/upload.wikimedia.org\/wikipedia\/it\/d\/d3\/Elena_duchessa_aosta.jpg 1.5x\" alt=\"\" width=\"220\" height=\"292\" data-file-width=\"301\" data-file-height=\"400\" \/><\/a><\/p>\n<div class=\"thumbcaption\">\n<div class=\"magnify\"><\/div>\n<p>Elena d&#8217;Orl\u00e9ans in divisa di volontaria della Croce Rossa (Red Cross uniform)<\/p>\n<\/div>\n<\/div>\n<\/div>\n<p>Durante la\u00a0prima guerra mondiale\u00a0fu <em><strong>ispettrice generale delle infermiere volontarie della\u00a0Croce Rossa Italiana<\/strong><\/em>, (Red Cross General Inspector) , ricevette una medaglia d&#8217;argento al valor militare, tre croci al merito di guerra e il suo operato ispir\u00f2 a <a class=\"mw-redirect\" title=\"Gabriele d'Annunzio\" href=\"https:\/\/it.wikipedia.org\/wiki\/Gabriele_d%27Annunzio\">Gabriele d&#8217;Annunzio<\/a>\u00a0la sesta delle\u00a0<i>Canzoni d&#8217;Oltremare<\/i> (&#8220;La canzone di Elena di Francia&#8221;).<sup id=\"cite_ref-1\" class=\"reference\"><\/sup><\/p>\n<p>&#8230; omissis &#8230;<\/p>\n<p>Nel 1908 viene inaugurata a Roma la scuola per infermiere volontarie della Croce Rossa Italiana e l\u2019anno dopo fra le allieve in divisa bianca c\u2019\u00e8 anche una signora sottile ed elegante. La nuova aspirante crocerossina si chiama H\u00e9l\u00e8ne d\u2019Orl\u00e9ans ed oltre ad essere altissima, affascinante ed energica \u00e8 anche la moglie di Emanuele Filiberto di Savoia duca Aosta, cugino di re Vittorio Emanuele III. La prestigiosa adesione viene salutata con la massima soddisfazione dai vertici italiani della Cri, poich\u00e9 la principessa \u00e8, come si direbbe oggi, una persona molto dinamica e la cosa in giro si sa. Ispettrice Generale delle Infermiere Volontarie dal 1911, la duchessa crocerossina partecipa alla sua prima missione sulla nave ospedale Menfi che rimpatria i soldati feriti o malati dalla Libia. Nel 1915, allo scoppio della Prima Guerra Mondiale, H\u00e9l\u00e8ne inizia a visitare ospedali grandi e piccoli lungo tutta la linea del fronte, quello che vede spesso non le piace, ma lei non \u00e8 certo il tipo da stare zitta e far finta di nulla. \u201cGrazie al suo spirito organizzativo \u2013 racconta il nipote, il principe Amedeo attuale duca di Aosta \u2013 e insieme a validissime collaboratrici, riusc\u00ec ad organizzare il Corpo delle Infermiere Volontarie e a gestire una logistica non facile, con le crocerossine sempre a fianco dell\u2019esercito, che svolgevano la\u00a0 loro missione fin nei luoghi pi\u00f9 avanzati del fronte. Grazie al suo forte carattere riusc\u00ec ad imporre le sue infermiere in seno ad un ambiente sanitario e militare che fino ad allora tendeva a considerare le donne solo alla stregua di buone samaritane e non certo professioniste preparate e motivate quali erano; bast\u00f2 poco comunque perch\u00e9 le Sorelle si facessero conoscere ed apprezzare per il loro prezioso lavoro\u201d. La duchessa di Aosta durante tutti gli anni della guerra si impegna in prima persona e, come testimoniano i suoi superiori, d\u00e0 prova di coraggio, resistenza alla fatica ed ai disagi, e grande efficienza. Ma \u00e8 anche pronta a protestare quando si trova di fronte a situazioni insostenibili dal punto di vista medico e sanitario. Energica, piena di iniziativa e di una severit\u00e0 che la fa giudicare intransigente (ma ci voleva specie nei primi tempi della guerra) H\u00e9l\u00e8ne non si lascia intimidire dalle greche del generali a cui rivolge le sue richieste di provvedimenti (lei era Ispettrice Generale delle volontarie della Croce Rossa, Red Cross General Inspector). La duchessa crocerossina non ha paura, n\u00e9 dei bombardamenti, spesso resta in prima linea accanto ai soldati, n\u00e9 dei vertici dell\u2019esercito e per tutti gli anni del conflitto combatte una sua personale lotta contro l\u2019inefficienza e le disposizioni assurde. Il diario che tiene in quel periodo \u00e8 ricco di annotazioni sui feriti trasportati in carri bestiame nei quali le condizioni igieniche sono disastrose, sugli ospedali disorganizzati e sporchi, ma anche sulle strutture dove l\u2019assistenza funziona come si deve. Donna di gran cuore la duchessa crocerossina \u00e8 spesso vicina ai malati e ai feriti in un modo non certo convenzionale per una signora dell\u2019alta societ\u00e0 per di pi\u00f9 reale; a Venezia ad esempio non esita ad assistere fino all\u2019ultimo minuto, tenendolo stretto fra le sue braccia, un giovane fante moribondo che nel delirio l\u2019ha scambiata per la madre. \u201cDai numerosi diari, lettere ed altri scritti di infermiere volontarie \u2013 osserva il nipote \u2013 si evincono soprattutto le doti\u00a0 di profonda umanit\u00e0, compassione e bont\u00e0 (non disgiunta mai da fermezza) della loro ispettrice generale. Sempre preoccupata anche del benessere fisico e psicologico delle sue \u2018figliole\u2019 come spesso chiama le sue infermiere\u00a0 o col termine stesso di \u201csorelle di carit\u00e0\u201d da lei usato in una commemorazione e che sostituir\u00e0 definitivamente quello di \u2018dame\u2019 utilizzato fino ad allora\u201d.<\/p>\n<p>&#8230; omissis &#8230;<\/p>\n<p>&nbsp;<\/p>\n<p><em>Fonti di approfondimento\u00a0 Wikipedia\u00a0 e <a href=\"https:\/\/www.altezzareale.com\/2010\/09\/21\/tutti-gli-articoli\/regine-e-principesse\/la-duchessa-crocerossina\/\">www.altezzareale.com<\/a> a cui si rimanda la consultazione data la vastit\u00e0 dell&#8217;argomento.<\/em><\/p>\n<p>&nbsp;<\/p>\n<p>9.19<\/p>\n","protected":false},"excerpt":{"rendered":"<p>Foto con dedica di <strong>H\u00e9l\u00e8ne d\u2019Orl\u00e9ans<\/strong> , la <strong>Duchessa Crocerossina<\/strong> , moglie di <strong>Emanuele FIliberto Savoia Aosta.\u00a0 <\/strong>Oltre alla foto con dedica, in questo lotto viene proposta anche una foto della Duchessa in uniforme da<strong> Ispettrice<\/strong> <em><strong>Generale<\/strong> della Croce Rossa<\/em>, con al petto la <em><strong>medaglia al merito della Croce Rossa<\/strong><\/em> con barrette.<\/p>\n<p>Dedica ed autografo <em><strong>originali<\/strong> <\/em>ed <em><strong>olografi\u00a0<\/strong><\/em>della duchessa , scritti di pugno con penna stilografica. In <em>ottime condizioni<\/em>, la foto con dedica misura circa cm. 40 x 30 , e la foto in uniforme da crocerossina misura circa cm. 48 x 36<\/p>\n<p style=\"text-align: center;\">(Note : il nome del destinatario della dedica \u00e8 cancellato con del rosso <strong>solo<\/strong> nella forma digitale)<\/p>\n<p><strong><em>(Scorri la pagina in basso per ulteriori dettagli e informazioni)<\/em><\/strong><\/p>\n","protected":false},"featured_media":2254,"comment_status":"open","ping_status":"closed","template":"","meta":[],"product_cat":[586],"product_tag":[191,263,182,203,161,228,264,192,262,238],"yoast_head":"<!-- This site is optimized with the Yoast SEO plugin v21.9.1 - https:\/\/yoast.com\/wordpress\/plugins\/seo\/ -->\n<title>Red Cross Croce Rossa Savoia duchessa H\u00e9l\u00e8ne d\u2019Orl\u00e9ans - Thefinitive<\/title>\n<meta name=\"description\" content=\"red cross Duchessa crocerossina Croce Rossa Helena d&#039;Horleans moglie di Emanuele FIliberto di Savoia Aosta cugino di Re Vittorio Emanuele III\" \/>\n<meta name=\"robots\" content=\"index, follow, max-snippet:-1, max-image-preview:large, max-video-preview:-1\" \/>\n<link rel=\"canonical\" href=\"https:\/\/thefinitive.com\/en\/prodotto\/red-cross-croce-rossa-savoia-duchessa-crocerossina-helene-dorleans\/\" \/>\n<meta property=\"og:locale\" content=\"en_US\" \/>\n<meta property=\"og:type\" content=\"article\" \/>\n<meta property=\"og:title\" content=\"Red Cross Croce Rossa Savoia duchessa H\u00e9l\u00e8ne d\u2019Orl\u00e9ans - Thefinitive\" \/>\n<meta property=\"og:description\" content=\"red cross Duchessa crocerossina Croce Rossa Helena d&#039;Horleans moglie di Emanuele FIliberto di Savoia Aosta cugino di Re Vittorio Emanuele III\" \/>\n<meta property=\"og:url\" content=\"https:\/\/thefinitive.com\/en\/prodotto\/red-cross-croce-rossa-savoia-duchessa-crocerossina-helene-dorleans\/\" \/>\n<meta property=\"og:site_name\" content=\"Thefinitive\" \/>\n<meta property=\"article:publisher\" content=\"https:\/\/business.facebook.com\/Thefinitive-111771813534320\/\" \/>\n<meta property=\"article:modified_time\" content=\"2023-07-08T15:30:19+00:00\" \/>\n<meta property=\"og:image\" content=\"https:\/\/thefinitive.com\/wp-content\/uploads\/2019\/08\/helena1.jpg\" \/>\n\t<meta property=\"og:image:width\" content=\"2004\" \/>\n\t<meta property=\"og:image:height\" content=\"1720\" \/>\n\t<meta property=\"og:image:type\" content=\"image\/jpeg\" \/>\n<meta name=\"twitter:card\" content=\"summary_large_image\" \/>\n<meta name=\"twitter:label1\" content=\"Est. reading time\" \/>\n\t<meta name=\"twitter:data1\" content=\"8 minutes\" \/>\n<script type=\"application\/ld+json\" class=\"yoast-schema-graph\">{\"@context\":\"https:\/\/schema.org\",\"@graph\":[{\"@type\":\"WebPage\",\"@id\":\"https:\/\/thefinitive.com\/en\/prodotto\/red-cross-croce-rossa-savoia-duchessa-crocerossina-helene-dorleans\/\",\"url\":\"https:\/\/thefinitive.com\/en\/prodotto\/red-cross-croce-rossa-savoia-duchessa-crocerossina-helene-dorleans\/\",\"name\":\"Red Cross Croce Rossa Savoia duchessa H\u00e9l\u00e8ne d\u2019Orl\u00e9ans - Thefinitive\",\"isPartOf\":{\"@id\":\"https:\/\/thefinitive.com\/en\/#website\"},\"datePublished\":\"2019-08-08T15:39:29+00:00\",\"dateModified\":\"2023-07-08T15:30:19+00:00\",\"description\":\"red cross Duchessa crocerossina Croce Rossa Helena d'Horleans moglie di Emanuele FIliberto di Savoia Aosta cugino di Re Vittorio Emanuele III\",\"breadcrumb\":{\"@id\":\"https:\/\/thefinitive.com\/en\/prodotto\/red-cross-croce-rossa-savoia-duchessa-crocerossina-helene-dorleans\/#breadcrumb\"},\"inLanguage\":\"en-US\",\"potentialAction\":[{\"@type\":\"ReadAction\",\"target\":[\"https:\/\/thefinitive.com\/en\/prodotto\/red-cross-croce-rossa-savoia-duchessa-crocerossina-helene-dorleans\/\"]}]},{\"@type\":\"BreadcrumbList\",\"@id\":\"https:\/\/thefinitive.com\/en\/prodotto\/red-cross-croce-rossa-savoia-duchessa-crocerossina-helene-dorleans\/#breadcrumb\",\"itemListElement\":[{\"@type\":\"ListItem\",\"position\":1,\"name\":\"Home\",\"item\":\"https:\/\/thefinitive.com\/en\/\"},{\"@type\":\"ListItem\",\"position\":2,\"name\":\"Shop\",\"item\":\"https:\/\/thefinitive.com\/en\/shop-2\/\"},{\"@type\":\"ListItem\",\"position\":3,\"name\":\"Red Cross Croce Rossa Savoia duchessa H\u00e9l\u00e8ne d\u2019Orl\u00e9ans\"}]},{\"@type\":\"WebSite\",\"@id\":\"https:\/\/thefinitive.com\/en\/#website\",\"url\":\"https:\/\/thefinitive.com\/en\/\",\"name\":\"Thefinitive\",\"description\":\"Antiquariato Online\",\"publisher\":{\"@id\":\"https:\/\/thefinitive.com\/en\/#organization\"},\"potentialAction\":[{\"@type\":\"SearchAction\",\"target\":{\"@type\":\"EntryPoint\",\"urlTemplate\":\"https:\/\/thefinitive.com\/en\/?s={search_term_string}\"},\"query-input\":\"required name=search_term_string\"}],\"inLanguage\":\"en-US\"},{\"@type\":\"Organization\",\"@id\":\"https:\/\/thefinitive.com\/en\/#organization\",\"name\":\"Thefinitive\",\"url\":\"https:\/\/thefinitive.com\/en\/\",\"logo\":{\"@type\":\"ImageObject\",\"inLanguage\":\"en-US\",\"@id\":\"https:\/\/thefinitive.com\/en\/#\/schema\/logo\/image\/\",\"url\":\"https:\/\/thefinitive.com\/wp-content\/uploads\/2019\/07\/logo4vett.svg\",\"contentUrl\":\"https:\/\/thefinitive.com\/wp-content\/uploads\/2019\/07\/logo4vett.svg\",\"width\":500,\"height\":100,\"caption\":\"Thefinitive\"},\"image\":{\"@id\":\"https:\/\/thefinitive.com\/en\/#\/schema\/logo\/image\/\"},\"sameAs\":[\"https:\/\/business.facebook.com\/Thefinitive-111771813534320\/\",\"https:\/\/www.instagram.com\/_thefinitive_\/\"]}]}<\/script>\n<!-- \/ Yoast SEO plugin. -->","yoast_head_json":{"title":"Red Cross Croce Rossa Savoia duchessa H\u00e9l\u00e8ne d\u2019Orl\u00e9ans - Thefinitive","description":"red cross Duchessa crocerossina Croce Rossa Helena d'Horleans moglie di Emanuele FIliberto di Savoia Aosta cugino di Re Vittorio Emanuele III","robots":{"index":"index","follow":"follow","max-snippet":"max-snippet:-1","max-image-preview":"max-image-preview:large","max-video-preview":"max-video-preview:-1"},"canonical":"https:\/\/thefinitive.com\/en\/prodotto\/red-cross-croce-rossa-savoia-duchessa-crocerossina-helene-dorleans\/","og_locale":"en_US","og_type":"article","og_title":"Red Cross Croce Rossa Savoia duchessa H\u00e9l\u00e8ne d\u2019Orl\u00e9ans - Thefinitive","og_description":"red cross Duchessa crocerossina Croce Rossa Helena d'Horleans moglie di Emanuele FIliberto di Savoia Aosta cugino di Re Vittorio Emanuele III","og_url":"https:\/\/thefinitive.com\/en\/prodotto\/red-cross-croce-rossa-savoia-duchessa-crocerossina-helene-dorleans\/","og_site_name":"Thefinitive","article_publisher":"https:\/\/business.facebook.com\/Thefinitive-111771813534320\/","article_modified_time":"2023-07-08T15:30:19+00:00","og_image":[{"width":2004,"height":1720,"url":"https:\/\/thefinitive.com\/wp-content\/uploads\/2019\/08\/helena1.jpg","type":"image\/jpeg"}],"twitter_card":"summary_large_image","twitter_misc":{"Est. reading time":"8 minutes"},"schema":{"@context":"https:\/\/schema.org","@graph":[{"@type":"WebPage","@id":"https:\/\/thefinitive.com\/en\/prodotto\/red-cross-croce-rossa-savoia-duchessa-crocerossina-helene-dorleans\/","url":"https:\/\/thefinitive.com\/en\/prodotto\/red-cross-croce-rossa-savoia-duchessa-crocerossina-helene-dorleans\/","name":"Red Cross Croce Rossa Savoia duchessa H\u00e9l\u00e8ne d\u2019Orl\u00e9ans - Thefinitive","isPartOf":{"@id":"https:\/\/thefinitive.com\/en\/#website"},"datePublished":"2019-08-08T15:39:29+00:00","dateModified":"2023-07-08T15:30:19+00:00","description":"red cross Duchessa crocerossina Croce Rossa Helena d'Horleans moglie di Emanuele FIliberto di Savoia Aosta cugino di Re Vittorio Emanuele III","breadcrumb":{"@id":"https:\/\/thefinitive.com\/en\/prodotto\/red-cross-croce-rossa-savoia-duchessa-crocerossina-helene-dorleans\/#breadcrumb"},"inLanguage":"en-US","potentialAction":[{"@type":"ReadAction","target":["https:\/\/thefinitive.com\/en\/prodotto\/red-cross-croce-rossa-savoia-duchessa-crocerossina-helene-dorleans\/"]}]},{"@type":"BreadcrumbList","@id":"https:\/\/thefinitive.com\/en\/prodotto\/red-cross-croce-rossa-savoia-duchessa-crocerossina-helene-dorleans\/#breadcrumb","itemListElement":[{"@type":"ListItem","position":1,"name":"Home","item":"https:\/\/thefinitive.com\/en\/"},{"@type":"ListItem","position":2,"name":"Shop","item":"https:\/\/thefinitive.com\/en\/shop-2\/"},{"@type":"ListItem","position":3,"name":"Red Cross Croce Rossa Savoia duchessa H\u00e9l\u00e8ne d\u2019Orl\u00e9ans"}]},{"@type":"WebSite","@id":"https:\/\/thefinitive.com\/en\/#website","url":"https:\/\/thefinitive.com\/en\/","name":"Thefinitive","description":"Antiquariato Online","publisher":{"@id":"https:\/\/thefinitive.com\/en\/#organization"},"potentialAction":[{"@type":"SearchAction","target":{"@type":"EntryPoint","urlTemplate":"https:\/\/thefinitive.com\/en\/?s={search_term_string}"},"query-input":"required name=search_term_string"}],"inLanguage":"en-US"},{"@type":"Organization","@id":"https:\/\/thefinitive.com\/en\/#organization","name":"Thefinitive","url":"https:\/\/thefinitive.com\/en\/","logo":{"@type":"ImageObject","inLanguage":"en-US","@id":"https:\/\/thefinitive.com\/en\/#\/schema\/logo\/image\/","url":"https:\/\/thefinitive.com\/wp-content\/uploads\/2019\/07\/logo4vett.svg","contentUrl":"https:\/\/thefinitive.com\/wp-content\/uploads\/2019\/07\/logo4vett.svg","width":500,"height":100,"caption":"Thefinitive"},"image":{"@id":"https:\/\/thefinitive.com\/en\/#\/schema\/logo\/image\/"},"sameAs":["https:\/\/business.facebook.com\/Thefinitive-111771813534320\/","https:\/\/www.instagram.com\/_thefinitive_\/"]}]}},"_links":{"self":[{"href":"https:\/\/thefinitive.com\/en\/wp-json\/wp\/v3\/product\/2267"}],"collection":[{"href":"https:\/\/thefinitive.com\/en\/wp-json\/wp\/v3\/product"}],"about":[{"href":"https:\/\/thefinitive.com\/en\/wp-json\/wp\/v2\/types\/product"}],"replies":[{"embeddable":true,"href":"https:\/\/thefinitive.com\/en\/wp-json\/wp\/v2\/comments?post=2267"}],"version-history":[{"count":2,"href":"https:\/\/thefinitive.com\/en\/wp-json\/wp\/v3\/product\/2267\/revisions"}],"predecessor-version":[{"id":15169,"href":"https:\/\/thefinitive.com\/en\/wp-json\/wp\/v3\/product\/2267\/revisions\/15169"}],"wp:featuredmedia":[{"embeddable":true,"href":"https:\/\/thefinitive.com\/en\/wp-json\/wp\/v2\/media\/2254"}],"wp:attachment":[{"href":"https:\/\/thefinitive.com\/en\/wp-json\/wp\/v2\/media?parent=2267"}],"wp:term":[{"taxonomy":"product_cat","embeddable":true,"href":"https:\/\/thefinitive.com\/en\/wp-json\/wp\/v2\/product_cat?post=2267"},{"taxonomy":"product_tag","embeddable":true,"href":"https:\/\/thefinitive.com\/en\/wp-json\/wp\/v2\/product_tag?post=2267"}],"curies":[{"name":"wp","href":"https:\/\/api.w.org\/{rel}","templated":true}]}}