{"id":2167,"date":"2019-08-05T22:57:53","date_gmt":"2019-08-05T22:57:53","guid":{"rendered":"https:\/\/www.thefinitive.com\/?post_type=product&#038;p=2167"},"modified":"2023-03-20T16:00:14","modified_gmt":"2023-03-20T15:00:14","slug":"giuseppe-verdi-autografo-autograph-foto-cabinet","status":"publish","type":"product","link":"https:\/\/thefinitive.com\/en\/prodotto\/giuseppe-verdi-autografo-autograph-foto-cabinet\/","title":{"rendered":"\u274c\ud83d\ude41Giuseppe Verdi autografo &#8211; autograph &#8211; foto CABINET"},"content":{"rendered":"<p>Foto cartonata di <strong>Giuseppe Verdi<\/strong> con autografo originale del maestro, autografo scritto di pugno ad inchiostro &#8211; hand signed, autograph &#8211; in basso a destra. La foto \u00e8 stata scattata a Napoli, dal fotografo <em><strong>Luigi Guida<\/strong><\/em> con sede in Via Toledo 306, presumibilmente nel periodo 1865 &#8211; 1870 ( stimabile dalla morfologia del viso e dalla barba del compositore). Foto formato cabinet, carta fotografica incollata su cartoncino. Presenti degli aloni di macchie sparse. Dimensioni circa cm.17 x 10 . L&#8217;autografo \u00e8 originale, non \u00e8 stampato tipograficamente, come si pu\u00f2 verificare dai dettagli evidenziati.<\/p>\n<figure id=\"attachment_2181\" aria-describedby=\"caption-attachment-2181\" style=\"width: 300px\" class=\"wp-caption alignnone\"><img loading=\"lazy\" decoding=\"async\" class=\"size-medium wp-image-2181\" src=\"https:\/\/www.thefinitive.com\/wp-content\/uploads\/2019\/08\/verdiautografe-300x300.jpg\" alt=\"Foto di Giuseppe Verdi autografo - autograph on photo - donata a Francesco Paolo Frontini\u00a0 - Wikipedia\" width=\"300\" height=\"300\" srcset=\"https:\/\/thefinitive.com\/wp-content\/uploads\/2019\/08\/verdiautografe-300x300.jpg 300w, https:\/\/thefinitive.com\/wp-content\/uploads\/2019\/08\/verdiautografe-600x600.jpg 600w, https:\/\/thefinitive.com\/wp-content\/uploads\/2019\/08\/verdiautografe-100x100.jpg 100w, https:\/\/thefinitive.com\/wp-content\/uploads\/2019\/08\/verdiautografe-1200x1200.jpg 1200w, https:\/\/thefinitive.com\/wp-content\/uploads\/2019\/08\/verdiautografe-64x64.jpg 64w, https:\/\/thefinitive.com\/wp-content\/uploads\/2019\/08\/verdiautografe-150x150.jpg 150w, https:\/\/thefinitive.com\/wp-content\/uploads\/2019\/08\/verdiautografe-768x768.jpg 768w, https:\/\/thefinitive.com\/wp-content\/uploads\/2019\/08\/verdiautografe-1024x1024.jpg 1024w, https:\/\/thefinitive.com\/wp-content\/uploads\/2019\/08\/verdiautografe-45x45.jpg 45w\" sizes=\"(max-width: 300px) 100vw, 300px\" \/><figcaption id=\"caption-attachment-2181\" class=\"wp-caption-text\">a sx. donata a Francesco Paolo Frontini\u00a0 &#8211; Giuseppe Verdi autografo &#8211; autograph<\/figcaption><\/figure>\n<p><img loading=\"lazy\" decoding=\"async\" class=\"alignnone size-medium wp-image-2179\" src=\"https:\/\/www.thefinitive.com\/wp-content\/uploads\/2019\/08\/330px-GiuseppeVerdi-229x300.jpg\" alt=\"\" width=\"229\" height=\"300\" srcset=\"https:\/\/thefinitive.com\/wp-content\/uploads\/2019\/08\/330px-GiuseppeVerdi-229x300.jpg 229w, https:\/\/thefinitive.com\/wp-content\/uploads\/2019\/08\/330px-GiuseppeVerdi-64x84.jpg 64w, https:\/\/thefinitive.com\/wp-content\/uploads\/2019\/08\/330px-GiuseppeVerdi.jpg 330w\" sizes=\"(max-width: 229px) 100vw, 229px\" \/><\/p>\n<p><span class=\"mw-mmv-title\">Giuseppe Verdi fotografato nel\u00a01876\u00a0da\u00a0<a title=\"\u00c9tienne Carjat\" href=\"https:\/\/it.wikipedia.org\/wiki\/%C3%89tienne_Carjat\">\u00c9tienne Carjat<\/a><\/span> ; notare come in questa immagine dimostri qualche anno in pi\u00f9 di quanti sembrerebbe averne nella foto attualmente in vendita. Da qui si desume che la foto possa essere del periodo 1865 &#8211; 1870<\/p>\n<p>&nbsp;<\/p>\n<h2>Notizie<\/h2>\n<p><b>Giuseppe Fortunino Francesco Verdi<\/b>\u00a0(Le Roncole,\u00a010 ottobre\u00a01813\u00a0\u2013\u00a0Milano,\u00a027 gennaio\u00a01901) \u00e8 stato un\u00a0compositore\u00a0e\u00a0senatore\u00a0italiano.<\/p>\n<p>Giuseppe Verdi \u00e8 universalmente riconosciuto come uno dei pi\u00f9 importanti compositori di\u00a0opere liriche, ma anche come uno dei maggiori compositori in assoluto. Subentr\u00f2 ai protagonisti italiani del teatro musicale del primo\u00a0Ottocento:\u00a0Gioachino Rossini,\u00a0Vincenzo Bellini\u00a0e\u00a0Gaetano Donizetti; come\u00a0Richard Wagner, interpret\u00f2 in modo originale, seppur differente, gli\u00a0elementi romantici\u00a0presenti nelle sue opere.<\/p>\n<p>Verdi simpatizz\u00f2 con il movimento risorgimentale che perseguiva l&#8217;<a title=\"Risorgimento\" href=\"https:\/\/it.wikipedia.org\/wiki\/Risorgimento\">Unit\u00e0 d&#8217;Italia<\/a>\u00a0e partecip\u00f2 attivamente per breve tempo anche alla vita politica; nel corso della sua lunga esistenza stabil\u00ec una posizione unica tra i suoi connazionali, divenendo un simbolo artistico profondo dell&#8217;unit\u00e0 del Paese. Fu perci\u00f2 che, un mese dopo la sua morte, una solenne e sterminata processione attravers\u00f2 Milano, accompagnando le sue spoglie con le note del\u00a0<strong><i>Va, pensiero<\/i><\/strong>, il coro degli schiavi ebrei del\u00a0<strong><i>Nabucco<\/i><\/strong>. Il\u00a0<i>Va pensiero<\/i>, da lui scritto circa 50 anni prima, esprimendo di fatto i sentimenti degli italiani verso il loro eroe scomparso, dimostr\u00f2 fino a che punto la musica di Verdi fosse stata assimilata nella coscienza nazionale.<\/p>\n<p>Nonostante l&#8217;influenza musicale del compositore nei confronti dei suoi successori sia stata limitata, le sue opere rimangono ancora oggi tra le pi\u00f9 conosciute ed eseguite nei teatri di tutto il mondo, in particolare la cosiddetta &#8220;trilogia popolare&#8221;:\u00a0<i>Rigoletto<\/i>\u00a0(1851),\u00a0<i>Il trovatore<\/i>\u00a0(1853) e\u00a0<i>La traviata<\/i>\u00a0(1853).<\/p>\n<figure id=\"attachment_2177\" aria-describedby=\"caption-attachment-2177\" style=\"width: 219px\" class=\"wp-caption alignnone\"><img loading=\"lazy\" decoding=\"async\" class=\"wp-image-2177 size-medium\" title=\"https:\/\/commons.wikimedia.org\/wiki\/File:Giuseppe_Verdi_by_Giovanni_Boldini.jpg\" src=\"https:\/\/www.thefinitive.com\/wp-content\/uploads\/2019\/08\/525px-Giuseppe_Verdi_by_Giovanni_Boldini-219x300.jpg\" alt=\"verdi autografo signed\" width=\"219\" height=\"300\" srcset=\"https:\/\/thefinitive.com\/wp-content\/uploads\/2019\/08\/525px-Giuseppe_Verdi_by_Giovanni_Boldini-219x300.jpg 219w, https:\/\/thefinitive.com\/wp-content\/uploads\/2019\/08\/525px-Giuseppe_Verdi_by_Giovanni_Boldini-64x88.jpg 64w, https:\/\/thefinitive.com\/wp-content\/uploads\/2019\/08\/525px-Giuseppe_Verdi_by_Giovanni_Boldini.jpg 525w\" sizes=\"(max-width: 219px) 100vw, 219px\" \/><figcaption id=\"caption-attachment-2177\" class=\"wp-caption-text\">Giovanni Boldini: Ritratto di Giuseppe Verdi<\/figcaption><\/figure>\n<h2><span class=\"mw-headline\">\u00a0 \u00a0<\/span><\/h2>\n<h2>Opere liriche<\/h2>\n<ul>\n<li><i>Oberto, Conte di San Bonifacio<\/i>\u00a0(Teatro alla Scala\u00a0di\u00a0Milano, 17 novembre\u00a01839) &#8211; Dramma in due atti di\u00a0Temistocle Solera<\/li>\n<li><i>Un giorno di regno<\/i>\u00a0(Teatro alla Scala di Milano, 5 settembre\u00a01840) &#8211; Melodramma giocoso in due atti di\u00a0Felice Romani<\/li>\n<li><i>Nabucco<\/i>\u00a0(Teatro alla Scala di Milano, 9 marzo\u00a01842) &#8211; Dramma lirico in quattro parti di Temistocle Solera<\/li>\n<li><i>I Lombardi alla prima crociata<\/i>\u00a0(Teatro alla Scala di Milano, 11 febbraio\u00a01843) &#8211; Dramma lirico in quattro atti di Temistocle Solera<\/li>\n<li><i>Ernani<\/i>\u00a0(Teatro La Fenice\u00a0di\u00a0Venezia, 9 marzo\u00a01844) &#8211; Dramma lirico in quattro parti di\u00a0Francesco Maria Piave<\/li>\n<li><i>I due Foscari<\/i>\u00a0(Teatro Argentina\u00a0di\u00a0Roma, 3 novembre\u00a01844) &#8211; Tragedia lirica in tre atti di Francesco Maria Piave<\/li>\n<li><i>Giovanna d&#8217;Arco<\/i>\u00a0(Teatro alla Scala di Milano, 15 febbraio\u00a01845) &#8211; Dramma lirico in un prologo e tre atti di Temistocle Solera<\/li>\n<li><i>Alzira<\/i>\u00a0(Teatro San Carlo\u00a0di\u00a0Napoli, 12 agosto\u00a01845) &#8211; Tragedia lirica in un prologo e due atti di\u00a0Salvadore Cammarano<\/li>\n<li><i>Attila<\/i>\u00a0(Teatro La Fenice di Venezia, 17 marzo\u00a01846) &#8211; Dramma lirico in un prologo e tre atti di Temistocle Solera<\/li>\n<li><i>Macbeth<\/i>\u00a0(Teatro La Pergola\u00a0di\u00a0Firenze, 14 marzo\u00a01847) &#8211; Melodramma in quattro atti di Francesco Maria Piave, con interventi di\u00a0Andrea Maffei; seconda versione (Th\u00e9\u00e2tre Lyrique\u00a0di\u00a0Parigi, 21 aprile\u00a01865)<\/li>\n<li><i>I masnadieri<\/i>\u00a0(Her Majesty&#8217;s Theatre\u00a0di\u00a0Londra, 22 luglio\u00a01847) &#8211; Melodramma tragico in quattro parti di Andrea Maffei<\/li>\n<li><i>J\u00e9rusalem<\/i>\u00a0(Teatro de l&#8217;Op\u00e9ra\u00a0di Parigi, 26 novembre\u00a01847) &#8211; Grand op\u00e9ra in quattro atti di\u00a0Alphonse Royer\u00a0e\u00a0Gustave Va\u00ebz, rifacimento de\u00a0<i>I Lombardi alla prima crociata<\/i><\/li>\n<li><i>Il corsaro<\/i>\u00a0(Teatro Grande\u00a0di\u00a0Trieste, 25 ottobre\u00a01848) &#8211; Melodramma in tre atti di Francesco Maria Piave<\/li>\n<li><i>La battaglia di Legnano<\/i>\u00a0(Teatro Argentina di Roma, 27 gennaio\u00a01849) &#8211; Tragedia lirica in quattro atti di Salvadore Cammarano<\/li>\n<li><i>Luisa Miller<\/i>\u00a0(Teatro San Carlo di Napoli, 8 dicembre\u00a01849) &#8211; Melodramma tragico in tre atti di Salvadore Cammarano<\/li>\n<li><i>Stiffelio<\/i>\u00a0(Teatro Grande di Trieste, 16 novembre\u00a01850) &#8211; Melodramma in tre atti di Francesco Maria Piave<\/li>\n<li><i>Rigoletto<\/i>\u00a0(Teatro La Fenice di Venezia, 11 marzo\u00a01851) &#8211; Melodramma in tre atti di Francesco Maria Piave<\/li>\n<li><i>Il trovatore<\/i>\u00a0(Teatro Apollo\u00a0di Roma, 19 gennaio\u00a01853) &#8211; Dramma in quattro parti di Salvadore Cammarano, con aggiunte di\u00a0Leone Emanuele Bardare<\/li>\n<li><i>La traviata<\/i>\u00a0(Teatro La Fenice di Venezia, 6 marzo\u00a01853) &#8211; Melodramma in tre atti di\u00a0Francesco Maria Piave<\/li>\n<li><i>Les v\u00eapres siciliennes<\/i>\u00a0(Teatro dell&#8217;Op\u00e9ra di Parigi, 13 giugno\u00a01855) &#8211; Grand op\u00e9ra in cinque atti di\u00a0Eug\u00e8ne Scribe\u00a0e\u00a0Charles Duveyrier<\/li>\n<li><i>Simon Boccanegra<\/i>\u00a0(Teatro La Fenice di Venezia, 12 marzo\u00a01857) &#8211; Melodramma in un prologo e tre atti di Francesco Maria Piave, con interventi di\u00a0Giuseppe Montanelli; seconda versione, su libretto rivisto e ampliato da\u00a0Arrigo Boito\u00a0(Teatro alla Scala di Milano, 24 marzo\u00a01881)<\/li>\n<li><i>Aroldo<\/i>\u00a0(Teatro Nuovo\u00a0di\u00a0Rimini, 16 agosto\u00a01857) &#8211; Melodramma in quattro atti di Francesco Maria Piave, rifacimento di\u00a0<i>Stiffelio<\/i><\/li>\n<li><i>Un ballo in maschera<\/i>\u00a0(Teatro Apollo di Roma, 17 febbraio\u00a01859) &#8211; Melodramma in tre atti di\u00a0Antonio Somma<\/li>\n<li><i>La forza del destino<\/i>\u00a0(Teatro Imperiale\u00a0di\u00a0San Pietroburgo, 10 novembre\u00a01862) &#8211; Opera in quattro atti di Francesco Maria Piave; seconda versione, su libretto rivisto e ampliato da\u00a0Antonio Ghislanzoni\u00a0(Teatro alla Scala di Milano, 27 febbraio\u00a01869)<\/li>\n<li><i>Don Carlos<\/i>\u00a0(Teatro de l&#8217;Op\u00e9ra di Parigi, 11 marzo\u00a01867) &#8211; Grand op\u00e9ra in cinque atti di\u00a0Joseph M\u00e9ry\u00a0e\u00a0Camille du Locle; versione italiana in 4 atti (Teatro alla Scala di Milano, 10 gennaio\u00a01884)<\/li>\n<li><i>Aida<\/i>\u00a0(Teatro chediviale dell&#8217;Opera\u00a0del\u00a0Cairo, 24 dicembre\u00a01871) &#8211; Opera in quattro atti di\u00a0Antonio Ghislanzoni<\/li>\n<li><i>Otello<\/i>\u00a0(Teatro alla Scala di Milano, 5 febbraio\u00a01887) &#8211; Dramma lirico in quattro atti di\u00a0Arrigo Boito<\/li>\n<li><i>Falstaff<\/i>\u00a0(Teatro alla Scala di Milano, 9 febbraio\u00a01893) &#8211; Commedia lirica in tre atti di Arrigo Boito<\/li>\n<\/ul>\n<h2><span id=\"Onorificenze\" class=\"mw-headline\">Onorificenze italiane<\/span><\/h2>\n<ul>\n<li>Cavaliere di Gran Croce decorato di Gran Cordone dell&#8217;Ordine dei Santi Maurizio e Lazzaro,\u00a0 1887<\/li>\n<li>Cavaliere dell&#8217;Ordine Civile di Savoia,\u00a0 1869<\/li>\n<li>Cavaliere di Gran Croce decorato di Gran Cordone dell&#8217;Ordine della Corona d&#8217;Italia,\u00a0 1887<\/li>\n<\/ul>\n<h2><span id=\"Onorificenze\" class=\"mw-headline\">Onorificenze straniere<\/span><\/h2>\n<ul>\n<li>Cavaliere di III Classe dell&#8217;Ordine di Medjidjie, 1869<\/li>\n<li>Commendatore dell&#8217;Ordine Imperiale di Francesco Giuseppe, 1869<\/li>\n<li>Cavaliere di Gran Croce della Legion d&#8217;Onore,\u00a0 1894<\/li>\n<li>Cavaliere della Legion d&#8217;Onore,\u00a0 1852<\/li>\n<li>Cavaliere dell&#8217;Ordine di San Stanislao,\u00a0 1862<\/li>\n<li>Cavaliere dell&#8217;Ordine Pour Le Merite , classe di pace ,\u00a0 1887<\/li>\n<\/ul>\n<h2><span id=\"Altro\" class=\"mw-headline\" style=\"color: #1b1919; font-family: Karla, Arial, Helvetica, sans-serif; font-size: 22px;\">Altro<\/span><\/h2>\n<ul>\n<li>Cittadinanza onoraria di Parma con medaglia d&#8217;oro (5 aprile 1872), per mano del sindaco\u00a0Alfonso Cavagnari<\/li>\n<\/ul>\n<p>&nbsp;<\/p>\n<p><em>Fonti di approfondimento\u00a0 <a href=\"https:\/\/it.wikipedia.org\/wiki\/Giuseppe_Verdi\">Wikipedia<\/a> a cui si rimanda la consultazione data la vastit\u00e0 dell&#8217;argomento verdiano.<\/em><\/p>\n<p>&nbsp;<\/p>\n<p>9.19<\/p>\n","protected":false},"excerpt":{"rendered":"<p style=\"text-align: center;\">Foto cartonata di Giuseppe Verdi con autografo originale. La foto \u00e8 stata scattata a Napoli, dal fotografo Luigi Guida con sede in Via Toledo 306, formato cabinet. Presenti degli aloni di macchie sparse. Dimensioni circa cm.17 x 10 .<\/p>\n<p style=\"text-align: center;\"><strong><em>(Scorri la pagina in basso per ulteriori dettagli e informazioni)<\/em><\/strong><\/p>\n","protected":false},"featured_media":2170,"comment_status":"open","ping_status":"closed","template":"","meta":[],"product_cat":[586],"product_tag":[230,229,231,228,227,232,226],"yoast_head":"<!-- This site is optimized with the Yoast SEO plugin v21.9.1 - https:\/\/yoast.com\/wordpress\/plugins\/seo\/ -->\n<title>\u274c\ud83d\ude41Giuseppe Verdi autografo - autograph - foto CABINET - Thefinitive<\/title>\n<meta name=\"description\" content=\"Giuseppe Verdi foto autografo - autograph - Hand signed FOTO CARTONATA originale fine &#039;800 Napoli - (Parma) - Compositore musicale\" \/>\n<meta name=\"robots\" content=\"index, follow, max-snippet:-1, max-image-preview:large, max-video-preview:-1\" \/>\n<link rel=\"canonical\" href=\"https:\/\/thefinitive.com\/en\/prodotto\/giuseppe-verdi-autografo-autograph-foto-cabinet\/\" \/>\n<meta property=\"og:locale\" content=\"en_US\" \/>\n<meta property=\"og:type\" content=\"article\" \/>\n<meta property=\"og:title\" content=\"\u274c\ud83d\ude41Giuseppe Verdi autografo - autograph - foto CABINET - Thefinitive\" \/>\n<meta property=\"og:description\" content=\"Giuseppe Verdi foto autografo - autograph - Hand signed FOTO CARTONATA originale fine &#039;800 Napoli - (Parma) - Compositore musicale\" \/>\n<meta property=\"og:url\" content=\"https:\/\/thefinitive.com\/en\/prodotto\/giuseppe-verdi-autografo-autograph-foto-cabinet\/\" \/>\n<meta property=\"og:site_name\" content=\"Thefinitive\" \/>\n<meta property=\"article:publisher\" content=\"https:\/\/business.facebook.com\/Thefinitive-111771813534320\/\" \/>\n<meta property=\"article:modified_time\" content=\"2023-03-20T15:00:14+00:00\" \/>\n<meta property=\"og:image\" content=\"https:\/\/thefinitive.com\/wp-content\/uploads\/2019\/08\/20190805_153014.jpg\" \/>\n\t<meta property=\"og:image:width\" content=\"1347\" \/>\n\t<meta property=\"og:image:height\" content=\"2013\" \/>\n\t<meta property=\"og:image:type\" content=\"image\/jpeg\" \/>\n<meta name=\"twitter:card\" content=\"summary_large_image\" \/>\n<meta name=\"twitter:label1\" content=\"Est. reading time\" \/>\n\t<meta name=\"twitter:data1\" content=\"5 minutes\" \/>\n<script type=\"application\/ld+json\" class=\"yoast-schema-graph\">{\"@context\":\"https:\/\/schema.org\",\"@graph\":[{\"@type\":\"WebPage\",\"@id\":\"https:\/\/thefinitive.com\/en\/prodotto\/giuseppe-verdi-autografo-autograph-foto-cabinet\/\",\"url\":\"https:\/\/thefinitive.com\/en\/prodotto\/giuseppe-verdi-autografo-autograph-foto-cabinet\/\",\"name\":\"\u274c\ud83d\ude41Giuseppe Verdi autografo - autograph - foto CABINET - Thefinitive\",\"isPartOf\":{\"@id\":\"https:\/\/thefinitive.com\/en\/#website\"},\"datePublished\":\"2019-08-05T22:57:53+00:00\",\"dateModified\":\"2023-03-20T15:00:14+00:00\",\"description\":\"Giuseppe Verdi foto autografo - autograph - Hand signed FOTO CARTONATA originale fine '800 Napoli - (Parma) - Compositore musicale\",\"breadcrumb\":{\"@id\":\"https:\/\/thefinitive.com\/en\/prodotto\/giuseppe-verdi-autografo-autograph-foto-cabinet\/#breadcrumb\"},\"inLanguage\":\"en-US\",\"potentialAction\":[{\"@type\":\"ReadAction\",\"target\":[\"https:\/\/thefinitive.com\/en\/prodotto\/giuseppe-verdi-autografo-autograph-foto-cabinet\/\"]}]},{\"@type\":\"BreadcrumbList\",\"@id\":\"https:\/\/thefinitive.com\/en\/prodotto\/giuseppe-verdi-autografo-autograph-foto-cabinet\/#breadcrumb\",\"itemListElement\":[{\"@type\":\"ListItem\",\"position\":1,\"name\":\"Home\",\"item\":\"https:\/\/thefinitive.com\/en\/\"},{\"@type\":\"ListItem\",\"position\":2,\"name\":\"Shop\",\"item\":\"https:\/\/thefinitive.com\/en\/shop-2\/\"},{\"@type\":\"ListItem\",\"position\":3,\"name\":\"\u274c\ud83d\ude41Giuseppe Verdi autografo &#8211; autograph &#8211; foto CABINET\"}]},{\"@type\":\"WebSite\",\"@id\":\"https:\/\/thefinitive.com\/en\/#website\",\"url\":\"https:\/\/thefinitive.com\/en\/\",\"name\":\"Thefinitive\",\"description\":\"Antiquariato Online\",\"publisher\":{\"@id\":\"https:\/\/thefinitive.com\/en\/#organization\"},\"potentialAction\":[{\"@type\":\"SearchAction\",\"target\":{\"@type\":\"EntryPoint\",\"urlTemplate\":\"https:\/\/thefinitive.com\/en\/?s={search_term_string}\"},\"query-input\":\"required name=search_term_string\"}],\"inLanguage\":\"en-US\"},{\"@type\":\"Organization\",\"@id\":\"https:\/\/thefinitive.com\/en\/#organization\",\"name\":\"Thefinitive\",\"url\":\"https:\/\/thefinitive.com\/en\/\",\"logo\":{\"@type\":\"ImageObject\",\"inLanguage\":\"en-US\",\"@id\":\"https:\/\/thefinitive.com\/en\/#\/schema\/logo\/image\/\",\"url\":\"https:\/\/thefinitive.com\/wp-content\/uploads\/2019\/07\/logo4vett.svg\",\"contentUrl\":\"https:\/\/thefinitive.com\/wp-content\/uploads\/2019\/07\/logo4vett.svg\",\"width\":500,\"height\":100,\"caption\":\"Thefinitive\"},\"image\":{\"@id\":\"https:\/\/thefinitive.com\/en\/#\/schema\/logo\/image\/\"},\"sameAs\":[\"https:\/\/business.facebook.com\/Thefinitive-111771813534320\/\",\"https:\/\/www.instagram.com\/_thefinitive_\/\"]}]}<\/script>\n<!-- \/ Yoast SEO plugin. -->","yoast_head_json":{"title":"\u274c\ud83d\ude41Giuseppe Verdi autografo - autograph - foto CABINET - Thefinitive","description":"Giuseppe Verdi foto autografo - autograph - Hand signed FOTO CARTONATA originale fine '800 Napoli - (Parma) - Compositore musicale","robots":{"index":"index","follow":"follow","max-snippet":"max-snippet:-1","max-image-preview":"max-image-preview:large","max-video-preview":"max-video-preview:-1"},"canonical":"https:\/\/thefinitive.com\/en\/prodotto\/giuseppe-verdi-autografo-autograph-foto-cabinet\/","og_locale":"en_US","og_type":"article","og_title":"\u274c\ud83d\ude41Giuseppe Verdi autografo - autograph - foto CABINET - Thefinitive","og_description":"Giuseppe Verdi foto autografo - autograph - Hand signed FOTO CARTONATA originale fine '800 Napoli - (Parma) - Compositore musicale","og_url":"https:\/\/thefinitive.com\/en\/prodotto\/giuseppe-verdi-autografo-autograph-foto-cabinet\/","og_site_name":"Thefinitive","article_publisher":"https:\/\/business.facebook.com\/Thefinitive-111771813534320\/","article_modified_time":"2023-03-20T15:00:14+00:00","og_image":[{"width":1347,"height":2013,"url":"https:\/\/thefinitive.com\/wp-content\/uploads\/2019\/08\/20190805_153014.jpg","type":"image\/jpeg"}],"twitter_card":"summary_large_image","twitter_misc":{"Est. reading time":"5 minutes"},"schema":{"@context":"https:\/\/schema.org","@graph":[{"@type":"WebPage","@id":"https:\/\/thefinitive.com\/en\/prodotto\/giuseppe-verdi-autografo-autograph-foto-cabinet\/","url":"https:\/\/thefinitive.com\/en\/prodotto\/giuseppe-verdi-autografo-autograph-foto-cabinet\/","name":"\u274c\ud83d\ude41Giuseppe Verdi autografo - autograph - foto CABINET - Thefinitive","isPartOf":{"@id":"https:\/\/thefinitive.com\/en\/#website"},"datePublished":"2019-08-05T22:57:53+00:00","dateModified":"2023-03-20T15:00:14+00:00","description":"Giuseppe Verdi foto autografo - autograph - Hand signed FOTO CARTONATA originale fine '800 Napoli - (Parma) - Compositore musicale","breadcrumb":{"@id":"https:\/\/thefinitive.com\/en\/prodotto\/giuseppe-verdi-autografo-autograph-foto-cabinet\/#breadcrumb"},"inLanguage":"en-US","potentialAction":[{"@type":"ReadAction","target":["https:\/\/thefinitive.com\/en\/prodotto\/giuseppe-verdi-autografo-autograph-foto-cabinet\/"]}]},{"@type":"BreadcrumbList","@id":"https:\/\/thefinitive.com\/en\/prodotto\/giuseppe-verdi-autografo-autograph-foto-cabinet\/#breadcrumb","itemListElement":[{"@type":"ListItem","position":1,"name":"Home","item":"https:\/\/thefinitive.com\/en\/"},{"@type":"ListItem","position":2,"name":"Shop","item":"https:\/\/thefinitive.com\/en\/shop-2\/"},{"@type":"ListItem","position":3,"name":"\u274c\ud83d\ude41Giuseppe Verdi autografo &#8211; autograph &#8211; foto CABINET"}]},{"@type":"WebSite","@id":"https:\/\/thefinitive.com\/en\/#website","url":"https:\/\/thefinitive.com\/en\/","name":"Thefinitive","description":"Antiquariato Online","publisher":{"@id":"https:\/\/thefinitive.com\/en\/#organization"},"potentialAction":[{"@type":"SearchAction","target":{"@type":"EntryPoint","urlTemplate":"https:\/\/thefinitive.com\/en\/?s={search_term_string}"},"query-input":"required name=search_term_string"}],"inLanguage":"en-US"},{"@type":"Organization","@id":"https:\/\/thefinitive.com\/en\/#organization","name":"Thefinitive","url":"https:\/\/thefinitive.com\/en\/","logo":{"@type":"ImageObject","inLanguage":"en-US","@id":"https:\/\/thefinitive.com\/en\/#\/schema\/logo\/image\/","url":"https:\/\/thefinitive.com\/wp-content\/uploads\/2019\/07\/logo4vett.svg","contentUrl":"https:\/\/thefinitive.com\/wp-content\/uploads\/2019\/07\/logo4vett.svg","width":500,"height":100,"caption":"Thefinitive"},"image":{"@id":"https:\/\/thefinitive.com\/en\/#\/schema\/logo\/image\/"},"sameAs":["https:\/\/business.facebook.com\/Thefinitive-111771813534320\/","https:\/\/www.instagram.com\/_thefinitive_\/"]}]}},"_links":{"self":[{"href":"https:\/\/thefinitive.com\/en\/wp-json\/wp\/v3\/product\/2167"}],"collection":[{"href":"https:\/\/thefinitive.com\/en\/wp-json\/wp\/v3\/product"}],"about":[{"href":"https:\/\/thefinitive.com\/en\/wp-json\/wp\/v2\/types\/product"}],"replies":[{"embeddable":true,"href":"https:\/\/thefinitive.com\/en\/wp-json\/wp\/v2\/comments?post=2167"}],"version-history":[{"count":2,"href":"https:\/\/thefinitive.com\/en\/wp-json\/wp\/v3\/product\/2167\/revisions"}],"predecessor-version":[{"id":14883,"href":"https:\/\/thefinitive.com\/en\/wp-json\/wp\/v3\/product\/2167\/revisions\/14883"}],"wp:featuredmedia":[{"embeddable":true,"href":"https:\/\/thefinitive.com\/en\/wp-json\/wp\/v2\/media\/2170"}],"wp:attachment":[{"href":"https:\/\/thefinitive.com\/en\/wp-json\/wp\/v2\/media?parent=2167"}],"wp:term":[{"taxonomy":"product_cat","embeddable":true,"href":"https:\/\/thefinitive.com\/en\/wp-json\/wp\/v2\/product_cat?post=2167"},{"taxonomy":"product_tag","embeddable":true,"href":"https:\/\/thefinitive.com\/en\/wp-json\/wp\/v2\/product_tag?post=2167"}],"curies":[{"name":"wp","href":"https:\/\/api.w.org\/{rel}","templated":true}]}}